{"id":9,"date":"2022-09-19T09:27:19","date_gmt":"2022-09-19T07:27:19","guid":{"rendered":"https:\/\/feuerwehr-vorau.at\/site\/?page_id=9"},"modified":"2026-01-18T09:01:05","modified_gmt":"2026-01-18T08:01:05","slug":"startseite","status":"publish","type":"page","link":"https:\/\/feuerwehr-vorau.at\/site\/","title":{"rendered":"Startseite"},"content":{"rendered":"<p>[et_pb_section fb_built=&#8220;1&#8243; fullwidth=&#8220;on&#8220; _builder_version=&#8220;4.17.0&#8243; locked=&#8220;off&#8220; global_colors_info=&#8220;{}&#8220;][et_pb_fullwidth_slider show_arrows=&#8220;off&#8220; use_bg_overlay=&#8220;off&#8220; _builder_version=&#8220;4.24.1&#8243; _module_preset=&#8220;default&#8220; header_font=&#8220;BarlowSemiCond-SemiBold||||||||&#8220; header_font_size=&#8220;40px&#8220; body_font=&#8220;BarlowSemiCond-SemiBold||||||||&#8220; body_font_size=&#8220;16px&#8220; background_color=&#8220;#000000&#8243; custom_button=&#8220;on&#8220; button_text_size=&#8220;16px&#8220; button_text_color=&#8220;#FFFFFF&#8220; button_bg_color=&#8220;#D00606&#8243; button_border_width=&#8220;0px&#8220; button_icon=&#8220;&#x24;||divi||400&#8243; min_height_tablet=&#8220;80vh&#8220; min_height_phone=&#8220;80vh&#8220; min_height_last_edited=&#8220;on|phone&#8220; custom_padding=&#8220;20vh||20vh||true|false&#8220; custom_padding_tablet=&#8220;5vh||5vh||true|false&#8220; custom_padding_phone=&#8220;5vh||5vh||true|false&#8220; custom_padding_last_edited=&#8220;on|phone&#8220; auto=&#8220;on&#8220; auto_speed=&#8220;3000&#8243; auto_ignore_hover=&#8220;on&#8220; custom_css_slide_description=&#8220;animation-name: none!important;&#8220; global_colors_info=&#8220;{}&#8220;][et_pb_slide button_text=&#8220;Mitglied werden&#8220; button_link=&#8220;@ET-DC@eyJkeW5hbWljIjp0cnVlLCJjb250ZW50IjoicG9zdF9saW5rX3VybF9wYWdlIiwic2V0dGluZ3MiOnsicG9zdF9pZCI6IjYxIn19@&#8220; use_bg_overlay=&#8220;on&#8220; bg_overlay_color=&#8220;rgba(0,0,0,0.5)&#8220; admin_title=&#8220;R\u00fcsthaus&#8220; content_tablet=&#8220;<\/p>\n<h2 style=%22color: #fff; font-size: 40px; text-transform: uppercase; font-weight: 600;%22>Unsere Freizeit<br \/>f\u00fcr ihre Sicherheit<\/h2>\n<p style=%22width: 75%;%22>Herzlich willkommen bei der <br \/>Freiwilligen Feuerwehr Vorau<\/p>\n<p>&#8220; content_phone=&#8220;<\/p>\n<h2 style=%22color: #fff; font-size: 2rem; text-transform: uppercase; font-weight: 600;%22>Unsere Freizeit<br \/>\nf\u00fcr ihre Sicherheit<\/h2>\n<p style=%22width: 100%;%22>Herzlich willkommen bei der<br \/>\nFreiwilligen Feuerwehr Vorau<\/p>\n<p>&#8220; content_last_edited=&#8220;on|phone&#8220; _builder_version=&#8220;4.18.1&#8243; _dynamic_attributes=&#8220;button_link&#8220; _module_preset=&#8220;default&#8220; background_color=&#8220;#000000&#8243; background_enable_color=&#8220;on&#8220; background_image=&#8220;https:\/\/feuerwehr-vorau.at\/site\/wp-content\/uploads\/2022\/09\/Feuerwehr-Ruesthaus.jpg&#8220; background_enable_image=&#8220;on&#8220; text_orientation=&#8220;left&#8220; global_colors_info=&#8220;{}&#8220; sticky_transition=&#8220;on&#8220;]<\/p>\n<h2 style=\"color: #fff; font-size: 60px; text-transform: uppercase; font-weight: 600;\">Unsere Freizeit<br \/>f\u00fcr ihre Sicherheit<\/h2>\n<p style=\"width: 50%;\">Herzlich willkommen bei der Freiwilligen Feuerwehr Vorau<\/p>\n<p>[\/et_pb_slide][et_pb_slide button_text=&#8220;Mitglied werden&#8220; button_link=&#8220;@ET-DC@eyJkeW5hbWljIjp0cnVlLCJjb250ZW50IjoicG9zdF9saW5rX3VybF9wYWdlIiwic2V0dGluZ3MiOnsicG9zdF9pZCI6IjYxIn19@&#8220; use_bg_overlay=&#8220;on&#8220; bg_overlay_color=&#8220;rgba(0,0,0,0.5)&#8220; admin_title=&#8220;Jugend&#8220; content_tablet=&#8220;<\/p>\n<h2 style=%22color: #fff; font-size: 40px; text-transform: uppercase; font-weight: 600;%22>Unsere Freizeit<br \/>f\u00fcr ihre Sicherheit<\/h2>\n<p style=%22width: 75%;%22>Herzlich willkommen bei der <br \/>Freiwilligen Feuerwehr Vorau<\/p>\n<p>&#8220; content_phone=&#8220;<\/p>\n<h2 style=%22color: #fff; font-size: 2rem; text-transform: uppercase; font-weight: 600;%22>Unsere Freizeit<br \/>f\u00fcr ihre Sicherheit<\/h2>\n<p style=%22width: 100%;%22>Herzlich willkommen bei der <br \/>Freiwilligen Feuerwehr Vorau<\/p>\n<p>&#8220; content_last_edited=&#8220;on|phone&#8220; _builder_version=&#8220;4.18.1&#8243; _dynamic_attributes=&#8220;button_link&#8220; _module_preset=&#8220;default&#8220; header_font_size=&#8220;40px&#8220; background_color=&#8220;#000000&#8243; background_enable_color=&#8220;on&#8220; background_image=&#8220;https:\/\/feuerwehr-vorau.at\/site\/wp-content\/uploads\/2022\/09\/Feuerwehrjugend-Vorau.jpg&#8220; background_enable_image=&#8220;on&#8220; text_orientation=&#8220;left&#8220; global_colors_info=&#8220;{}&#8220; sticky_transition=&#8220;on&#8220;]<\/p>\n<h2 style=\"color: #fff; font-size: 60px; text-transform: uppercase; font-weight: 600;\">Unsere Freizeit<br \/>f\u00fcr ihre Sicherheit<\/h2>\n<p style=\"width: 50%;\">Herzlich willkommen bei der Freiwilligen Feuerwehr Vorau<\/p>\n<p>[\/et_pb_slide][et_pb_slide button_text=&#8220;Mitglied werden&#8220; button_link=&#8220;@ET-DC@eyJkeW5hbWljIjp0cnVlLCJjb250ZW50IjoicG9zdF9saW5rX3VybF9wYWdlIiwic2V0dGluZ3MiOnsicG9zdF9pZCI6IjYxIn19@&#8220; use_bg_overlay=&#8220;on&#8220; bg_overlay_color=&#8220;rgba(0,0,0,0.5)&#8220; admin_title=&#8220;Mannschaft 2022&#8243; content_tablet=&#8220;<\/p>\n<h2 style=%22color: #fff; font-size: 40px; text-transform: uppercase; font-weight: 600;%22>Unsere Freizeit<br \/>f\u00fcr ihre Sicherheit<\/h2>\n<p style=%22width: 75%;%22>Herzlich willkommen bei der <br \/>Freiwilligen Feuerwehr Vorau<\/p>\n<p>&#8220; content_phone=&#8220;<\/p>\n<h2 style=%22color: #fff; font-size: 2rem; text-transform: uppercase; font-weight: 600;%22>Unsere Freizeit<br \/>f\u00fcr ihre Sicherheit<\/h2>\n<p style=%22width: 100%;%22>Herzlich willkommen bei der <br \/>Freiwilligen Feuerwehr Vorau<\/p>\n<p>&#8220; content_last_edited=&#8220;on|phone&#8220; _builder_version=&#8220;4.18.1&#8243; _dynamic_attributes=&#8220;button_link&#8220; _module_preset=&#8220;default&#8220; header_font_size=&#8220;40px&#8220; background_color=&#8220;#000000&#8243; background_enable_color=&#8220;on&#8220; background_image=&#8220;https:\/\/feuerwehr-vorau.at\/site\/wp-content\/uploads\/2022\/10\/Mannschaft2022Slider.jpg&#8220; background_enable_image=&#8220;on&#8220; background_position=&#8220;top_center&#8220; text_orientation=&#8220;left&#8220; global_colors_info=&#8220;{}&#8220; sticky_transition=&#8220;on&#8220;]<\/p>\n<h2 style=\"color: #fff; font-size: 60px; text-transform: uppercase; font-weight: 600;\">Unsere Freizeit<br \/>f\u00fcr ihre Sicherheit<\/h2>\n<p style=\"width: 50%;\">Herzlich willkommen bei der Freiwilligen Feuerwehr Vorau<\/p>\n<p>[\/et_pb_slide][et_pb_slide button_text=&#8220;Mitglied werden&#8220; button_link=&#8220;@ET-DC@eyJkeW5hbWljIjp0cnVlLCJjb250ZW50IjoicG9zdF9saW5rX3VybF9wYWdlIiwic2V0dGluZ3MiOnsicG9zdF9pZCI6IjYxIn19@&#8220; use_bg_overlay=&#8220;on&#8220; bg_overlay_color=&#8220;rgba(0,0,0,0.5)&#8220; admin_title=&#8220;Fahrzeuge&#8220; content_tablet=&#8220;<\/p>\n<h2 style=%22color: #fff; font-size: 40px; text-transform: uppercase; font-weight: 600;%22>Unsere Freizeit<br \/>f\u00fcr ihre Sicherheit<\/h2>\n<p style=%22width: 75%;%22>Herzlich willkommen bei der <br \/>Freiwilligen Feuerwehr Vorau<\/p>\n<p>&#8220; content_phone=&#8220;<\/p>\n<h2 style=%22color: #fff; font-size: 2rem; text-transform: uppercase; font-weight: 600;%22>Unsere Freizeit<br \/>f\u00fcr ihre Sicherheit<\/h2>\n<p style=%22width: 100%;%22>Herzlich willkommen bei der<br \/>Freiwilligen Feuerwehr Vorau<\/p>\n<p>&#8220; content_last_edited=&#8220;on|phone&#8220; _builder_version=&#8220;4.18.1&#8243; _dynamic_attributes=&#8220;button_link&#8220; _module_preset=&#8220;default&#8220; header_font_size=&#8220;40px&#8220; background_color=&#8220;#000000&#8243; background_enable_color=&#8220;on&#8220; background_image=&#8220;https:\/\/feuerwehr-vorau.at\/site\/wp-content\/uploads\/2022\/09\/Fahrzeuge-Feuerwehr-Vorau.jpg&#8220; background_enable_image=&#8220;on&#8220; text_orientation=&#8220;left&#8220; global_colors_info=&#8220;{}&#8220; sticky_transition=&#8220;on&#8220;]<\/p>\n<h2 style=\"color: #fff; font-size: 60px; text-transform: uppercase; font-weight: 600;\">Unsere Freizeit<br \/>f\u00fcr ihre Sicherheit<\/h2>\n<p style=\"width: 50%;\">Herzlich willkommen bei der Freiwilligen Feuerwehr Vorau<\/p>\n<p>[\/et_pb_slide][et_pb_slide button_text=&#8220;Mitglied werden&#8220; button_link=&#8220;@ET-DC@eyJkeW5hbWljIjp0cnVlLCJjb250ZW50IjoicG9zdF9saW5rX3VybF9wYWdlIiwic2V0dGluZ3MiOnsicG9zdF9pZCI6IjYxIn19@&#8220; use_bg_overlay=&#8220;on&#8220; bg_overlay_color=&#8220;rgba(0,0,0,0.5)&#8220; admin_title=&#8220;Mitglied werden&#8220; content_tablet=&#8220;<\/p>\n<h2 style=%22color: #fff; font-size: 40px; text-transform: uppercase; font-weight: 600;%22>Unsere Freizeit<br \/>f\u00fcr ihre Sicherheit<\/h2>\n<p style=%22width: 75%;%22>Herzlich willkommen bei der <br \/>Freiwilligen Feuerwehr Vorau<\/p>\n<p>&#8220; content_phone=&#8220;<\/p>\n<h2 style=%22color: #fff; font-size: 2rem; text-transform: uppercase; font-weight: 600;%22>Unsere Freizeit<br \/>f\u00fcr ihre Sicherheit<\/h2>\n<p style=%22width: 100%;%22>Herzlich willkommen bei der<br \/>Freiwilligen Feuerwehr Vorau<\/p>\n<p>&#8220; content_last_edited=&#8220;on|phone&#8220; _builder_version=&#8220;4.18.1&#8243; _dynamic_attributes=&#8220;button_link&#8220; _module_preset=&#8220;default&#8220; header_font_size=&#8220;40px&#8220; background_color=&#8220;#000000&#8243; background_enable_color=&#8220;on&#8220; background_image=&#8220;https:\/\/feuerwehr-vorau.at\/site\/wp-content\/uploads\/2022\/09\/Feuerwehr-Vorau-Jetzt-Mitglied-Werden.jpg&#8220; background_enable_image=&#8220;on&#8220; text_orientation=&#8220;left&#8220; background_last_edited=&#8220;on|phone&#8220; background_position_phone=&#8220;center_right&#8220; background_horizontal_offset_phone=&#8220;0%&#8220; global_colors_info=&#8220;{}&#8220; sticky_transition=&#8220;on&#8220;]<\/p>\n<h2 style=\"color: #fff; font-size: 60px; text-transform: uppercase; font-weight: 600;\">Unsere Freizeit<br \/>f\u00fcr ihre Sicherheit<\/h2>\n<p style=\"width: 50%;\">Herzlich willkommen bei der Freiwilligen Feuerwehr Vorau<\/p>\n<p>[\/et_pb_slide][et_pb_slide button_text=&#8220;Mitglied werden&#8220; button_link=&#8220;@ET-DC@eyJkeW5hbWljIjp0cnVlLCJjb250ZW50IjoicG9zdF9saW5rX3VybF9wYWdlIiwic2V0dGluZ3MiOnsicG9zdF9pZCI6IjYxIn19@&#8220; use_bg_overlay=&#8220;on&#8220; bg_overlay_color=&#8220;rgba(0,0,0,0.5)&#8220; admin_title=&#8220;Aufstellung&#8220; content_tablet=&#8220;<\/p>\n<h2 style=%22color: #fff; font-size: 40px; text-transform: uppercase; font-weight: 600;%22>Unsere Freizeit<br \/>f\u00fcr ihre Sicherheit<\/h2>\n<p style=%22width: 75%;%22>Herzlich willkommen bei der <br \/>Freiwilligen Feuerwehr Vorau<\/p>\n<p>&#8220; content_phone=&#8220;<\/p>\n<h2 style=%22color: #fff; font-size: 2rem; text-transform: uppercase; font-weight: 600;%22>Unsere Freizeit<br \/>f\u00fcr ihre Sicherheit<\/h2>\n<p style=%22width: 100%;%22>Herzlich willkommen bei der <br \/>Freiwilligen Feuerwehr Vorau<\/p>\n<p>&#8220; content_last_edited=&#8220;on|phone&#8220; _builder_version=&#8220;4.18.1&#8243; _dynamic_attributes=&#8220;button_link&#8220; _module_preset=&#8220;default&#8220; header_font_size=&#8220;40px&#8220; background_color=&#8220;#000000&#8243; background_enable_color=&#8220;on&#8220; background_image=&#8220;https:\/\/feuerwehr-vorau.at\/site\/wp-content\/uploads\/2022\/09\/Feuerwehr-Umzug-Uniform.jpg&#8220; background_enable_image=&#8220;on&#8220; text_orientation=&#8220;left&#8220; global_colors_info=&#8220;{}&#8220; sticky_transition=&#8220;on&#8220;]<\/p>\n<h2 style=\"color: #fff; font-size: 60px; text-transform: uppercase; font-weight: 600;\">Unsere Freizeit<br \/>f\u00fcr ihre Sicherheit<\/h2>\n<p style=\"width: 50%;\">Herzlich willkommen bei der Freiwilligen Feuerwehr Vorau<\/p>\n<p>[\/et_pb_slide][\/et_pb_fullwidth_slider][\/et_pb_section][et_pb_section fb_built=&#8220;1&#8243; _builder_version=&#8220;4.18.0&#8243; _module_preset=&#8220;default&#8220; background_color=&#8220;#f4f5f8&#8243; custom_padding=&#8220;5px||0px||false|false&#8220; global_colors_info=&#8220;{}&#8220;][et_pb_row use_custom_gutter=&#8220;on&#8220; _builder_version=&#8220;4.18.0&#8243; _module_preset=&#8220;default&#8220; global_colors_info=&#8220;{}&#8220;][et_pb_column type=&#8220;4_4&#8243; _builder_version=&#8220;4.17.4&#8243; _module_preset=&#8220;default&#8220; global_colors_info=&#8220;{}&#8220;][et_pb_image src=&#8220;https:\/\/feuerwehr-vorau.at\/site\/wp-content\/uploads\/2022\/09\/ff-abzeichen-105&#215;84-1.jpg&#8220; title_text=&#8220;ff-abzeichen-105&#215;84&#8243; align=&#8220;center&#8220; _builder_version=&#8220;4.18.0&#8243; _module_preset=&#8220;default&#8220; custom_padding=&#8220;||15px||false|false&#8220; global_colors_info=&#8220;{}&#8220;][\/et_pb_image][et_pb_text _builder_version=&#8220;4.24.1&#8243; _module_preset=&#8220;default&#8220; header_2_font=&#8220;BarlowSemiCond-SemiBold||||||||&#8220; header_2_text_align=&#8220;center&#8220; header_2_font_size=&#8220;35px&#8220; custom_padding=&#8220;||5px||false|false&#8220; global_colors_info=&#8220;{}&#8220;]<\/p>\n<h2>Aktuelles bei der Feuerwehr Vorau<\/h2>\n<p>[\/et_pb_text][et_pb_text _builder_version=&#8220;4.18.0&#8243; _module_preset=&#8220;default&#8220; header_2_font=&#8220;Montserrat|||on|||||&#8220; header_2_text_align=&#8220;center&#8220; header_2_text_color=&#8220;gcid-483c764e-6191-4fe0-975f-40f04e068945&#8243; header_2_font_size=&#8220;16px&#8220; header_2_letter_spacing=&#8220;2px&#8220; custom_padding=&#8220;||7px||false|false&#8220; locked=&#8220;off&#8220; global_colors_info=&#8220;{%22gcid-483c764e-6191-4fe0-975f-40f04e068945%22:%91%22header_2_text_color%22%93}&#8220;]<\/p>\n<h2>Neuigkeiten<\/h2>\n<p>[\/et_pb_text][et_pb_text _builder_version=&#8220;4.27.5&#8243; _module_preset=&#8220;default&#8220; text_font=&#8220;&#8211;et_global_body_font||||||||&#8220; text_font_size=&#8220;16px&#8220; text_orientation=&#8220;center&#8220; width=&#8220;80%&#8220; max_width=&#8220;424px&#8220; module_alignment=&#8220;center&#8220; custom_padding=&#8220;||15px||false|false&#8220; global_colors_info=&#8220;{}&#8220;]<\/p>\n<p>Wir halten Sie \u00fcber unsere Eins\u00e4tze, \u00dcbungen und weitere Neuigkeiten am Laufenden.<\/p>\n<p>[\/et_pb_text][et_pb_button button_url=&#8220;@ET-DC@eyJkeW5hbWljIjp0cnVlLCJjb250ZW50IjoicG9zdF9saW5rX3VybF9wYWdlIiwic2V0dGluZ3MiOnsicG9zdF9pZCI6Ijc1In19@&#8220; button_text=&#8220;Alle Beitr\u00e4ge&#8220; button_alignment=&#8220;center&#8220; _builder_version=&#8220;4.18.0&#8243; _dynamic_attributes=&#8220;button_url&#8220; _module_preset=&#8220;default&#8220; custom_button=&#8220;on&#8220; button_text_size=&#8220;16px&#8220; button_text_color=&#8220;#FFFFFF&#8220; button_bg_color=&#8220;gcid-483c764e-6191-4fe0-975f-40f04e068945&#8243; button_border_width=&#8220;0px&#8220; button_icon=&#8220;&#x24;||divi||400&#8243; box_shadow_style=&#8220;preset3&#8243; box_shadow_color=&#8220;rgba(0,0,0,0.2)&#8220; global_colors_info=&#8220;{%22gcid-483c764e-6191-4fe0-975f-40f04e068945%22:%91%22button_bg_color%22%93}&#8220;][\/et_pb_button][\/et_pb_column][\/et_pb_row][et_pb_row use_custom_gutter=&#8220;on&#8220; gutter_width=&#8220;2&#8243; _builder_version=&#8220;4.23&#8243; _module_preset=&#8220;default&#8220; background_color=&#8220;RGBA(255,255,255,0)&#8220; global_colors_info=&#8220;{}&#8220;][et_pb_column type=&#8220;4_4&#8243; _builder_version=&#8220;4.23&#8243; _module_preset=&#8220;default&#8220; global_colors_info=&#8220;{}&#8220;][et_pb_blog fullwidth=&#8220;off&#8220; posts_number=&#8220;3&#8243; include_categories=&#8220;24,25,26&#8243; meta_date=&#8220;j. F Y&#8220; excerpt_length=&#8220;120&#8243; show_more=&#8220;on&#8220; show_author=&#8220;off&#8220; show_pagination=&#8220;off&#8220; use_overlay=&#8220;on&#8220; overlay_icon_color=&#8220;RGBA(255,255,255,0)&#8220; hover_overlay_color=&#8220;rgba(208,6,6,0.58)&#8220; masonry_tile_background_color=&#8220;RGBA(255,255,255,0)&#8220; module_class=&#8220;pa-blog-equal-height pa-blog-image-16-9&#8243; _builder_version=&#8220;4.23&#8243; _module_preset=&#8220;default&#8220; locked=&#8220;off&#8220; global_colors_info=&#8220;{}&#8220;][\/et_pb_blog][\/et_pb_column][\/et_pb_row][et_pb_row column_structure=&#8220;1_3,1_3,1_3&#8243; use_custom_gutter=&#8220;on&#8220; gutter_width=&#8220;2&#8243; make_equal=&#8220;on&#8220; disabled_on=&#8220;on|on|on&#8220; _builder_version=&#8220;4.18.0&#8243; _module_preset=&#8220;default&#8220; disabled=&#8220;on&#8220; global_colors_info=&#8220;{}&#8220;][et_pb_column type=&#8220;1_3&#8243; _builder_version=&#8220;4.17.4&#8243; _module_preset=&#8220;default&#8220; global_colors_info=&#8220;{}&#8220;][et_pb_blog post_type=&#8220;project&#8220; posts_number=&#8220;1&#8243; excerpt_length=&#8220;100&#8243; show_more=&#8220;on&#8220; show_author=&#8220;off&#8220; show_pagination=&#8220;off&#8220; module_class=&#8220;sg-blog-image-16-9&#8243; _builder_version=&#8220;4.18.0&#8243; _module_preset=&#8220;default&#8220; header_font=&#8220;|600|||||||&#8220; header_font_size=&#8220;24px&#8220; meta_font=&#8220;|||on|||||&#8220; meta_text_color=&#8220;gcid-483c764e-6191-4fe0-975f-40f04e068945&#8243; meta_font_size=&#8220;15px&#8220; meta_letter_spacing=&#8220;1px&#8220; read_more_font=&#8220;|600|||||||&#8220; custom_css_read_more=&#8220;color: white;||margin-top: 20px;||padding: 10px 20px;||background-color: #d00606;||display: inline-block;||text-transform: capitalize;||border-radius: 5px;||box-shadow: box-shadow: 1px 5px 5px 0px rgba(0,0,0,0.15);||-webkit-box-shadow: 1px 5px 5px 0px rgba(0,0,0,0.15);||-moz-box-shadow: 1px 5px 5px 0px rgba(0,0,0,0.15);&#8220; global_colors_info=&#8220;{%22gcid-483c764e-6191-4fe0-975f-40f04e068945%22:%91%22meta_text_color%22%93}&#8220;][\/et_pb_blog][\/et_pb_column][et_pb_column type=&#8220;1_3&#8243; _builder_version=&#8220;4.17.4&#8243; _module_preset=&#8220;default&#8220; global_colors_info=&#8220;{}&#8220;][et_pb_blog post_type=&#8220;project&#8220; posts_number=&#8220;1&#8243; excerpt_length=&#8220;100&#8243; show_more=&#8220;on&#8220; show_author=&#8220;off&#8220; show_pagination=&#8220;off&#8220; offset_number=&#8220;1&#8243; module_class=&#8220;sg-blog-image-16-9&#8243; _builder_version=&#8220;4.18.0&#8243; _module_preset=&#8220;default&#8220; header_font=&#8220;|600|||||||&#8220; header_font_size=&#8220;24px&#8220; meta_font=&#8220;|||on|||||&#8220; meta_text_color=&#8220;gcid-483c764e-6191-4fe0-975f-40f04e068945&#8243; meta_font_size=&#8220;15px&#8220; meta_letter_spacing=&#8220;1px&#8220; read_more_font=&#8220;|600|||||||&#8220; custom_css_read_more=&#8220;color: white;||margin-top: 20px;||padding: 10px 20px;||background-color: #d00606;||display: inline-block;||text-transform: capitalize;||border-radius: 5px;||box-shadow: box-shadow: 1px 5px 5px 0px rgba(0,0,0,0.15);||-webkit-box-shadow: 1px 5px 5px 0px rgba(0,0,0,0.15);||-moz-box-shadow: 1px 5px 5px 0px rgba(0,0,0,0.15);&#8220; locked=&#8220;off&#8220; global_colors_info=&#8220;{%22gcid-483c764e-6191-4fe0-975f-40f04e068945%22:%91%22meta_text_color%22%93}&#8220;][\/et_pb_blog][\/et_pb_column][et_pb_column type=&#8220;1_3&#8243; _builder_version=&#8220;4.17.4&#8243; _module_preset=&#8220;default&#8220; global_colors_info=&#8220;{}&#8220;][et_pb_blog post_type=&#8220;project&#8220; posts_number=&#8220;1&#8243; excerpt_length=&#8220;100&#8243; show_more=&#8220;on&#8220; show_author=&#8220;off&#8220; show_pagination=&#8220;off&#8220; offset_number=&#8220;2&#8243; module_class=&#8220;sg-blog-image-16-9&#8243; _builder_version=&#8220;4.18.0&#8243; _module_preset=&#8220;default&#8220; header_font=&#8220;|600|||||||&#8220; header_font_size=&#8220;24px&#8220; meta_font=&#8220;|||on|||||&#8220; meta_text_color=&#8220;gcid-483c764e-6191-4fe0-975f-40f04e068945&#8243; meta_font_size=&#8220;15px&#8220; meta_letter_spacing=&#8220;1px&#8220; read_more_font=&#8220;|600|||||||&#8220; custom_css_read_more=&#8220;color: white;||margin-top: 20px;||padding: 10px 20px;||background-color: #d00606;||display: inline-block;||text-transform: capitalize;||border-radius: 5px;||box-shadow: box-shadow: 1px 5px 5px 0px rgba(0,0,0,0.15);||-webkit-box-shadow: 1px 5px 5px 0px rgba(0,0,0,0.15);||-moz-box-shadow: 1px 5px 5px 0px rgba(0,0,0,0.15);&#8220; locked=&#8220;off&#8220; global_colors_info=&#8220;{%22gcid-483c764e-6191-4fe0-975f-40f04e068945%22:%91%22meta_text_color%22%93}&#8220;][\/et_pb_blog][\/et_pb_column][\/et_pb_row][\/et_pb_section][et_pb_section fb_built=&#8220;1&#8243; disabled_on=&#8220;off|off|off&#8220; _builder_version=&#8220;4.27.5&#8243; _module_preset=&#8220;default&#8220; global_colors_info=&#8220;{}&#8220;][et_pb_row use_custom_gutter=&#8220;on&#8220; make_equal=&#8220;on&#8220; _builder_version=&#8220;4.27.5&#8243; _module_preset=&#8220;default&#8220; global_colors_info=&#8220;{}&#8220;][et_pb_column type=&#8220;4_4&#8243; _builder_version=&#8220;4.27.5&#8243; _module_preset=&#8220;default&#8220; global_colors_info=&#8220;{}&#8220;][et_pb_image src=&#8220;https:\/\/feuerwehr-vorau.at\/site\/wp-content\/uploads\/2026\/01\/150-jahre-freiwillige-feuerwehr-vorau-\u00a9-Nina-Gruber.jpg&#8220; alt=&#8220;Verlauf Bild Feuerwehr Vorau &#8211; Links Vorstand vor 1876 &#8211; Rechts Vorstand 2026&#8243; title_text=&#8220;150-jahre-freiwillige-feuerwehr-vorau-\u00a9-Nina-Gruber&#8220; _builder_version=&#8220;4.27.5&#8243; _module_preset=&#8220;default&#8220; custom_padding=&#8220;||30px||false|false&#8220; global_colors_info=&#8220;{}&#8220;][\/et_pb_image][et_pb_text _builder_version=&#8220;4.27.5&#8243; _module_preset=&#8220;default&#8220; header_2_font=&#8220;BarlowSemiCond-SemiBold||||||||&#8220; header_2_text_align=&#8220;center&#8220; header_2_font_size=&#8220;35px&#8220; custom_padding=&#8220;||5px||false|false&#8220; locked=&#8220;off&#8220; global_colors_info=&#8220;{}&#8220;]<\/p>\n<h2>150 Jahre Freiwillige Feuerwehr Vorau<\/h2>\n<p>[\/et_pb_text][et_pb_text _builder_version=&#8220;4.27.5&#8243; _module_preset=&#8220;default&#8220; header_2_font=&#8220;Montserrat|||on|||||&#8220; header_2_text_align=&#8220;center&#8220; header_2_text_color=&#8220;gcid-483c764e-6191-4fe0-975f-40f04e068945&#8243; header_2_font_size=&#8220;16px&#8220; header_2_letter_spacing=&#8220;2px&#8220; custom_padding=&#8220;||7px||false|false&#8220; hover_enabled=&#8220;0&#8243; locked=&#8220;off&#8220; global_colors_info=&#8220;{%22gcid-483c764e-6191-4fe0-975f-40f04e068945%22:%91%22header_2_text_color%22%93}&#8220; sticky_enabled=&#8220;0&#8243;]<\/p>\n<h2>2026 &#8211; Unser Jubil\u00e4umsjahr<\/h2>\n<p>[\/et_pb_text][et_pb_text _builder_version=&#8220;4.27.5&#8243; _module_preset=&#8220;default&#8220; text_font_size=&#8220;16px&#8220; text_orientation=&#8220;center&#8220; width=&#8220;80%&#8220; max_width=&#8220;424px&#8220; module_alignment=&#8220;center&#8220; custom_padding=&#8220;||15px||false|false&#8220; hover_enabled=&#8220;0&#8243; locked=&#8220;off&#8220; global_colors_info=&#8220;{}&#8220; sticky_enabled=&#8220;0&#8243;]<\/p>\n<p>Wir feiern heuer im Jahr 2026 das 150-j\u00e4hrige Bestehen der Freiwilligen Feuerwehr Vorau!<br \/>Feiern Sie mit uns dieses besondere Ereignis!<\/p>\n<p>[\/et_pb_text][et_pb_button button_url=&#8220;@ET-DC@eyJkeW5hbWljIjp0cnVlLCJjb250ZW50IjoicG9zdF9saW5rX3VybF9wYWdlIiwic2V0dGluZ3MiOnsicG9zdF9pZCI6IjU3MzMifX0=@&#8220; button_text=&#8220;Mehr zum Jubil\u00e4um&#8220; button_alignment=&#8220;center&#8220; _builder_version=&#8220;4.27.5&#8243; _dynamic_attributes=&#8220;button_url&#8220; _module_preset=&#8220;default&#8220; custom_button=&#8220;on&#8220; button_text_size=&#8220;16px&#8220; button_text_color=&#8220;#FFFFFF&#8220; button_bg_color=&#8220;gcid-483c764e-6191-4fe0-975f-40f04e068945&#8243; button_border_width=&#8220;0px&#8220; button_icon=&#8220;&#x24;||divi||400&#8243; box_shadow_style=&#8220;preset3&#8243; box_shadow_color=&#8220;rgba(0,0,0,0.2)&#8220; locked=&#8220;off&#8220; global_colors_info=&#8220;{%22gcid-483c764e-6191-4fe0-975f-40f04e068945%22:%91%22button_bg_color%22%93}&#8220;][\/et_pb_button][\/et_pb_column][\/et_pb_row][\/et_pb_section][et_pb_section fb_built=&#8220;1&#8243; _builder_version=&#8220;4.18.0&#8243; _module_preset=&#8220;default&#8220; global_colors_info=&#8220;{}&#8220;][et_pb_row column_structure=&#8220;1_3,1_3,1_3&#8243; use_custom_gutter=&#8220;on&#8220; gutter_width=&#8220;2&#8243; disabled_on=&#8220;on|on|on&#8220; _builder_version=&#8220;4.18.0&#8243; _module_preset=&#8220;default&#8220; custom_padding=&#8220;0px||0px||true|false&#8220; disabled=&#8220;on&#8220; global_colors_info=&#8220;{}&#8220;][et_pb_column type=&#8220;1_3&#8243; _builder_version=&#8220;4.18.0&#8243; _module_preset=&#8220;default&#8220; custom_padding=&#8220;||20px||false|true&#8220; link_option_url=&#8220;https:\/\/www.instagram.com\/ffvorau\/&#8220; link_option_url_new_window=&#8220;on&#8220; border_radii=&#8220;on|10px|10px|10px|10px&#8220; box_shadow_style=&#8220;preset1&#8243; box_shadow_color=&#8220;rgba(0,0,0,0.2)&#8220; global_colors_info=&#8220;{}&#8220; custom_css_main_element_last_edited=&#8220;on|tablet&#8220; custom_css_main_element_tablet=&#8220;margin-bottom: 20px!important;&#8220; custom_css_main_element_phone=&#8220;margin-bottom: 20px!important;&#8220;][et_pb_blurb title=&#8220;@ffvorau&#8220; use_icon=&#8220;on&#8220; font_icon=&#8220;&#xf16d;||fa||400&#8243; icon_color=&#8220;rgba(135,141,145,0.39)&#8220; icon_placement=&#8220;left&#8220; _builder_version=&#8220;4.18.0&#8243; _module_preset=&#8220;default&#8220; header_text_align=&#8220;right&#8220; header_text_color=&#8220;RGBA(135,141,145,0.39)&#8220; header_line_height=&#8220;1.6em&#8220; custom_margin=&#8220;||0px||false|false&#8220; custom_padding=&#8220;20px|20px|10px|20px|false|false&#8220; custom_css_blurb_image=&#8220;||&#8220; global_colors_info=&#8220;{}&#8220;][\/et_pb_blurb][et_pb_blurb title=&#8220;FF Vorau auf Instagram&#8220; use_icon=&#8220;on&#8220; font_icon=&#8220;&#xf16d;||fa||400&#8243; icon_color=&#8220;RGBA(255,255,255,0)&#8220; _builder_version=&#8220;4.18.0&#8243; _module_preset=&#8220;default&#8220; header_text_align=&#8220;center&#8220; header_text_color=&#8220;RGBA(255,255,255,0)&#8220; header_font_size=&#8220;24px&#8220; background_color=&#8220;rgba(255,255,255,0.17)&#8220; background_image=&#8220;https:\/\/feuerwehr-vorau.at\/site\/wp-content\/uploads\/2022\/09\/Instagram1.jpg&#8220; background_blend=&#8220;overlay&#8220; width=&#8220;100%&#8220; height=&#8220;400px&#8220; custom_css_main_element=&#8220;display: flex;||justify-content: center;||align-items: center&#8220; global_colors_info=&#8220;{%22gcid-483c764e-6191-4fe0-975f-40f04e068945%22:%91%22icon_color__hover%22%93}&#8220; background__hover_enabled=&#8220;on|desktop&#8220; background_color__hover=&#8220;rgba(255,255,255,0.78)&#8220; background_enable_color__hover=&#8220;on&#8220; icon_color__hover_enabled=&#8220;on|hover&#8220; icon_color__hover=&#8220;#d00606&#8243; header_text_color__hover_enabled=&#8220;on|desktop&#8220; header_text_color__hover=&#8220;#000000&#8243;][\/et_pb_blurb][et_pb_text _builder_version=&#8220;4.18.0&#8243; _module_preset=&#8220;default&#8220; custom_padding=&#8220;|20px||20px|false|true&#8220; custom_padding_tablet=&#8220;10px|20px|10px|20px|true|true&#8220; custom_padding_phone=&#8220;10px|20px|10px|20px|true|true&#8220; custom_padding_last_edited=&#8220;on|tablet&#8220; global_colors_info=&#8220;{}&#8220;]<\/p>\n<p>L\u00f6schen eines Fahrzeugbrandes<\/p>\n<p>[\/et_pb_text][\/et_pb_column][et_pb_column type=&#8220;1_3&#8243; _builder_version=&#8220;4.18.0&#8243; _module_preset=&#8220;default&#8220; custom_padding=&#8220;||20px||false|true&#8220; link_option_url=&#8220;https:\/\/www.instagram.com\/ffvorau\/&#8220; link_option_url_new_window=&#8220;on&#8220; border_radii=&#8220;on|10px|10px|10px|10px&#8220; box_shadow_style=&#8220;preset1&#8243; box_shadow_color=&#8220;rgba(0,0,0,0.2)&#8220; global_colors_info=&#8220;{}&#8220; custom_css_main_element_last_edited=&#8220;on|tablet&#8220; custom_css_main_element_tablet=&#8220;margin-bottom: 20px!important;&#8220; custom_css_main_element_phone=&#8220;margin-bottom: 20px!important;&#8220;][et_pb_blurb title=&#8220;@ffvorau&#8220; use_icon=&#8220;on&#8220; font_icon=&#8220;&#xf16d;||fa||400&#8243; icon_color=&#8220;rgba(135,141,145,0.39)&#8220; icon_placement=&#8220;left&#8220; _builder_version=&#8220;4.18.0&#8243; _module_preset=&#8220;default&#8220; header_text_align=&#8220;right&#8220; header_text_color=&#8220;RGBA(135,141,145,0.39)&#8220; header_line_height=&#8220;1.6em&#8220; custom_margin=&#8220;||0px||false|false&#8220; custom_padding=&#8220;20px|20px|10px|20px|false|false&#8220; custom_css_blurb_image=&#8220;||&#8220; locked=&#8220;off&#8220; global_colors_info=&#8220;{}&#8220;][\/et_pb_blurb][et_pb_blurb title=&#8220;FF Vorau auf Instagram&#8220; use_icon=&#8220;on&#8220; font_icon=&#8220;&#xf16d;||fa||400&#8243; icon_color=&#8220;RGBA(255,255,255,0)&#8220; _builder_version=&#8220;4.18.0&#8243; _module_preset=&#8220;default&#8220; header_text_align=&#8220;center&#8220; header_text_color=&#8220;RGBA(255,255,255,0)&#8220; header_font_size=&#8220;24px&#8220; background_color=&#8220;rgba(255,255,255,0.17)&#8220; background_image=&#8220;https:\/\/feuerwehr-vorau.at\/site\/wp-content\/uploads\/2022\/09\/Instagram2.jpg&#8220; background_blend=&#8220;overlay&#8220; width=&#8220;100%&#8220; height=&#8220;400px&#8220; custom_css_main_element=&#8220;display: flex;||justify-content: center;||align-items: center&#8220; locked=&#8220;off&#8220; global_colors_info=&#8220;{%22gcid-483c764e-6191-4fe0-975f-40f04e068945%22:%91%22icon_color__hover%22,%22icon_color__hover%22%93}&#8220; background_color__hover=&#8220;rgba(255,255,255,0.78)&#8220; background_enable_color__hover=&#8220;on&#8220; icon_color__hover_enabled=&#8220;on|hover&#8220; icon_color__hover=&#8220;#d00606&#8243; header_text_color__hover_enabled=&#8220;on|desktop&#8220; header_text_color__hover=&#8220;#000000&#8243; background__hover_enabled=&#8220;on|desktop&#8220;][\/et_pb_blurb][et_pb_text _builder_version=&#8220;4.18.0&#8243; _module_preset=&#8220;default&#8220; custom_padding=&#8220;|20px||20px|false|true&#8220; custom_padding_tablet=&#8220;10px|20px|10px|20px|true|true&#8220; custom_padding_phone=&#8220;10px|20px|10px|20px|true|true&#8220; custom_padding_last_edited=&#8220;on|tablet&#8220; locked=&#8220;off&#8220; global_colors_info=&#8220;{}&#8220;]<\/p>\n<p>\u00dcbung mit Schutzausr\u00fcstung<\/p>\n<p>[\/et_pb_text][\/et_pb_column][et_pb_column type=&#8220;1_3&#8243; _builder_version=&#8220;4.18.0&#8243; _module_preset=&#8220;default&#8220; custom_padding=&#8220;||20px||false|true&#8220; link_option_url=&#8220;https:\/\/www.instagram.com\/ffvorau\/&#8220; link_option_url_new_window=&#8220;on&#8220; border_radii=&#8220;on|10px|10px|10px|10px&#8220; box_shadow_style=&#8220;preset1&#8243; box_shadow_color=&#8220;rgba(0,0,0,0.2)&#8220; global_colors_info=&#8220;{}&#8220; custom_css_main_element_last_edited=&#8220;on|tablet&#8220; custom_css_main_element_tablet=&#8220;margin-bottom: 20px!important;&#8220; custom_css_main_element_phone=&#8220;margin-bottom: 20px!important;&#8220;][et_pb_blurb title=&#8220;@ffvorau&#8220; use_icon=&#8220;on&#8220; font_icon=&#8220;&#xf16d;||fa||400&#8243; icon_color=&#8220;rgba(135,141,145,0.39)&#8220; icon_placement=&#8220;left&#8220; _builder_version=&#8220;4.18.0&#8243; _module_preset=&#8220;default&#8220; header_text_align=&#8220;right&#8220; header_text_color=&#8220;RGBA(135,141,145,0.39)&#8220; header_line_height=&#8220;1.6em&#8220; custom_margin=&#8220;||0px||false|false&#8220; custom_padding=&#8220;20px|20px|10px|20px|false|false&#8220; custom_css_blurb_image=&#8220;||&#8220; locked=&#8220;off&#8220; global_colors_info=&#8220;{}&#8220;][\/et_pb_blurb][et_pb_blurb title=&#8220;FF Vorau auf Instagram&#8220; use_icon=&#8220;on&#8220; font_icon=&#8220;&#xf16d;||fa||400&#8243; icon_color=&#8220;RGBA(255,255,255,0)&#8220; _builder_version=&#8220;4.18.0&#8243; _module_preset=&#8220;default&#8220; header_text_align=&#8220;center&#8220; header_text_color=&#8220;RGBA(255,255,255,0)&#8220; header_font_size=&#8220;24px&#8220; background_color=&#8220;rgba(255,255,255,0.17)&#8220; background_image=&#8220;https:\/\/feuerwehr-vorau.at\/site\/wp-content\/uploads\/2022\/09\/Instagram3.jpg&#8220; background_blend=&#8220;overlay&#8220; width=&#8220;100%&#8220; height=&#8220;400px&#8220; custom_css_main_element=&#8220;display: flex;||justify-content: center;||align-items: center&#8220; locked=&#8220;off&#8220; global_colors_info=&#8220;{%22gcid-483c764e-6191-4fe0-975f-40f04e068945%22:%91%22icon_color__hover%22,%22icon_color__hover%22%93}&#8220; background_color__hover=&#8220;rgba(255,255,255,0.78)&#8220; background_enable_color__hover=&#8220;on&#8220; icon_color__hover_enabled=&#8220;on|hover&#8220; icon_color__hover=&#8220;#d00606&#8243; header_text_color__hover_enabled=&#8220;on|desktop&#8220; header_text_color__hover=&#8220;#000000&#8243; background__hover_enabled=&#8220;on|desktop&#8220;][\/et_pb_blurb][et_pb_text _builder_version=&#8220;4.18.0&#8243; _module_preset=&#8220;default&#8220; custom_padding=&#8220;|20px||20px|false|true&#8220; custom_padding_tablet=&#8220;10px|20px|10px|20px|true|true&#8220; custom_padding_phone=&#8220;10px|20px|10px|20px|true|true&#8220; custom_padding_last_edited=&#8220;on|tablet&#8220; locked=&#8220;off&#8220; global_colors_info=&#8220;{}&#8220;]<\/p>\n<p>\u00dcbung L\u00f6schen<\/p>\n<p>[\/et_pb_text][\/et_pb_column][\/et_pb_row][et_pb_row column_structure=&#8220;1_3,1_3,1_3&#8243; make_equal=&#8220;on&#8220; _builder_version=&#8220;4.23.4&#8243; _module_preset=&#8220;default&#8220; global_colors_info=&#8220;{}&#8220;][et_pb_column type=&#8220;1_3&#8243; _builder_version=&#8220;4.18.0&#8243; _module_preset=&#8220;default&#8220; background_color=&#8220;#f4f5f8&#8243; transform_translate_linked=&#8220;off&#8220; link_option_url=&#8220;https:\/\/www.facebook.com\/FeuerwehrVorau&#8220; link_option_url_new_window=&#8220;on&#8220; border_radii=&#8220;on|15px|15px|15px|15px&#8220; box_shadow_style=&#8220;preset3&#8243; box_shadow_color=&#8220;rgba(0,0,0,0.2)&#8220; global_colors_info=&#8220;{}&#8220; transform_styles__hover_enabled=&#8220;on|desktop&#8220; transform_scale__hover_enabled=&#8220;on|desktop&#8220; transform_translate__hover_enabled=&#8220;on|desktop&#8220; transform_rotate__hover_enabled=&#8220;on|desktop&#8220; transform_skew__hover_enabled=&#8220;on|desktop&#8220; transform_origin__hover_enabled=&#8220;on|desktop&#8220; transform_translate__hover=&#8220;0px|-10px&#8220;][et_pb_image src=&#8220;https:\/\/feuerwehr-vorau.at\/site\/wp-content\/uploads\/2022\/09\/Instagram1.jpg&#8220; title_text=&#8220;Instagram1&#8243; force_fullwidth=&#8220;on&#8220; _builder_version=&#8220;4.18.0&#8243; _module_preset=&#8220;default&#8220; global_colors_info=&#8220;{}&#8220;][\/et_pb_image][et_pb_blurb title=&#8220;FF Vorau auf Facebook&#8220; use_icon=&#8220;on&#8220; font_icon=&#8220;&#xf09a;||fa||400&#8243; icon_color=&#8220;gcid-483c764e-6191-4fe0-975f-40f04e068945&#8243; image_icon_width=&#8220;50px&#8220; _builder_version=&#8220;4.18.0&#8243; _module_preset=&#8220;default&#8220; header_font=&#8220;|600|||||||&#8220; header_text_align=&#8220;center&#8220; header_font_size=&#8220;24px&#8220; header_line_height=&#8220;1.7em&#8220; background_enable_color=&#8220;off&#8220; custom_padding=&#8220;0px||25px||false|false&#8220; link_option_url_new_window=&#8220;on&#8220; custom_css_blurb_image=&#8220;margin-bottom: 10px;&#8220; global_colors_info=&#8220;{%22gcid-483c764e-6191-4fe0-975f-40f04e068945%22:%91%22icon_color%22,%22icon_color%22%93}&#8220; transform_translate__hover_enabled=&#8220;on|hover&#8220; transform_rotate__hover_enabled=&#8220;on|desktop&#8220; transform_skew__hover_enabled=&#8220;on|desktop&#8220; transform_origin__hover_enabled=&#8220;on|desktop&#8220; transform_styles__hover_enabled=&#8220;on|hover&#8220; transform_scale__hover_enabled=&#8220;on|desktop&#8220;][\/et_pb_blurb][\/et_pb_column][et_pb_column type=&#8220;1_3&#8243; _builder_version=&#8220;4.23.4&#8243; _module_preset=&#8220;default&#8220; custom_css_main_element=&#8220;display: flex;||flex-direction: column;||justify-content: center;&#8220; global_colors_info=&#8220;{}&#8220;][et_pb_text _builder_version=&#8220;4.24.1&#8243; _module_preset=&#8220;default&#8220; header_2_font=&#8220;BarlowSemiCond-SemiBold||||||||&#8220; header_2_text_align=&#8220;center&#8220; header_2_font_size=&#8220;30px&#8220; custom_margin=&#8220;25px||0px||false|false&#8220; custom_padding=&#8220;||5px||false|false&#8220; locked=&#8220;off&#8220; global_colors_info=&#8220;{}&#8220;]<\/p>\n<h2>Folge uns auf Social Media!<\/h2>\n<p>[\/et_pb_text][et_pb_text _builder_version=&#8220;4.18.0&#8243; _module_preset=&#8220;default&#8220; header_2_font=&#8220;Montserrat|||on|||||&#8220; header_2_text_align=&#8220;center&#8220; header_2_text_color=&#8220;gcid-483c764e-6191-4fe0-975f-40f04e068945&#8243; header_2_font_size=&#8220;16px&#8220; header_2_letter_spacing=&#8220;2px&#8220; custom_margin=&#8220;||4px|||&#8220; custom_padding=&#8220;||7px||false|false&#8220; locked=&#8220;off&#8220; global_colors_info=&#8220;{%22gcid-483c764e-6191-4fe0-975f-40f04e068945%22:%91%22header_2_text_color%22%93}&#8220;]<\/p>\n<h2>Facebook &amp; Instagram<\/h2>\n<p>[\/et_pb_text][et_pb_text _builder_version=&#8220;4.18.0&#8243; _module_preset=&#8220;default&#8220; text_font_size=&#8220;16px&#8220; text_orientation=&#8220;center&#8220; width=&#8220;80%&#8220; max_width=&#8220;424px&#8220; module_alignment=&#8220;center&#8220; custom_padding=&#8220;||15px||false|false&#8220; locked=&#8220;off&#8220; global_colors_info=&#8220;{}&#8220;]<\/p>\n<p>Die FF-Vorau versucht auf den verschiedensten Kan\u00e4len pr\u00e4sent zu sein und die Bev\u00f6lkerung am neuesten Stand zu halten.<\/p>\n<p>[\/et_pb_text][\/et_pb_column][et_pb_column type=&#8220;1_3&#8243; _builder_version=&#8220;4.23.4&#8243; _module_preset=&#8220;default&#8220; background_color=&#8220;#f4f5f8&#8243; transform_translate_linked=&#8220;off&#8220; link_option_url=&#8220;https:\/\/www.instagram.com\/ffvorau\/&#8220; link_option_url_new_window=&#8220;on&#8220; border_radii=&#8220;on|15px|15px|15px|15px&#8220; box_shadow_style=&#8220;preset3&#8243; box_shadow_color=&#8220;rgba(0,0,0,0.2)&#8220; global_colors_info=&#8220;{}&#8220; transform_styles__hover_enabled=&#8220;on|desktop&#8220; transform_scale__hover_enabled=&#8220;on|desktop&#8220; transform_translate__hover=&#8220;0px|-10px&#8220; transform_translate__hover_enabled=&#8220;on|desktop&#8220; transform_rotate__hover_enabled=&#8220;on|desktop&#8220; transform_skew__hover_enabled=&#8220;on|desktop&#8220; transform_origin__hover_enabled=&#8220;on|desktop&#8220;][et_pb_image src=&#8220;https:\/\/feuerwehr-vorau.at\/site\/wp-content\/uploads\/2022\/09\/Instagram3.jpg&#8220; title_text=&#8220;Instagram3&#8243; force_fullwidth=&#8220;on&#8220; _builder_version=&#8220;4.18.0&#8243; _module_preset=&#8220;default&#8220; locked=&#8220;off&#8220; global_colors_info=&#8220;{}&#8220;][\/et_pb_image][et_pb_blurb title=&#8220;FF Vorau auf Instagram&#8220; use_icon=&#8220;on&#8220; font_icon=&#8220;&#xe09a;||divi||400&#8243; icon_color=&#8220;gcid-483c764e-6191-4fe0-975f-40f04e068945&#8243; image_icon_width=&#8220;50px&#8220; _builder_version=&#8220;4.23.4&#8243; _module_preset=&#8220;default&#8220; header_font=&#8220;|600|||||||&#8220; header_text_align=&#8220;center&#8220; header_font_size=&#8220;24px&#8220; header_line_height=&#8220;1.7em&#8220; background_enable_color=&#8220;off&#8220; custom_padding=&#8220;0px||25px||false|false&#8220; link_option_url_new_window=&#8220;on&#8220; custom_css_blurb_image=&#8220;margin-bottom: 10px;&#8220; locked=&#8220;off&#8220; global_colors_info=&#8220;{%22gcid-483c764e-6191-4fe0-975f-40f04e068945%22:%91%22icon_color%22,%22icon_color%22,%22icon_color%22,%22icon_color%22,%22icon_color%22,%22icon_color%22,%22icon_color%22,%22icon_color%22,%22icon_color%22%93}&#8220; transform_styles__hover_enabled=&#8220;on|hover&#8220; transform_translate__hover_enabled=&#8220;on|hover&#8220; transform_rotate__hover_enabled=&#8220;on|desktop&#8220; transform_skew__hover_enabled=&#8220;on|desktop&#8220; transform_origin__hover_enabled=&#8220;on|desktop&#8220; transform_scale__hover_enabled=&#8220;on|desktop&#8220;][\/et_pb_blurb][\/et_pb_column][\/et_pb_row][\/et_pb_section][et_pb_section fb_built=&#8220;1&#8243; _builder_version=&#8220;4.18.0&#8243; _module_preset=&#8220;default&#8220; background_image=&#8220;https:\/\/feuerwehr-vorau.at\/site\/wp-content\/uploads\/2022\/09\/Abzeichen-Hintergrund-weiss.jpg&#8220; background_size=&#8220;initial&#8220; background_position=&#8220;center_left&#8220; background_horizontal_offset=&#8220;10%&#8220; global_colors_info=&#8220;{}&#8220;][et_pb_row column_structure=&#8220;2_5,3_5&#8243; use_custom_gutter=&#8220;on&#8220; make_equal=&#8220;on&#8220; custom_padding_last_edited=&#8220;on|phone&#8220; _builder_version=&#8220;4.27.4&#8243; _module_preset=&#8220;default&#8220; width_tablet=&#8220;&#8220; width_phone=&#8220;100%&#8220; width_last_edited=&#8220;on|phone&#8220; max_width=&#8220;100%&#8220; custom_padding_tablet=&#8220;&#8220; custom_padding_phone=&#8220;|30px||30px|false|true&#8220; global_colors_info=&#8220;{}&#8220;][et_pb_column type=&#8220;2_5&#8243; _builder_version=&#8220;4.18.0&#8243; _module_preset=&#8220;default&#8220; custom_css_main_element=&#8220;display: flex;||flex-direction: column;||justify-content: center;&#8220; global_colors_info=&#8220;{}&#8220;][et_pb_text _builder_version=&#8220;4.24.1&#8243; _module_preset=&#8220;default&#8220; header_2_font=&#8220;BarlowSemiCond-SemiBold||||||||&#8220; header_2_text_align=&#8220;left&#8220; header_2_font_size=&#8220;35px&#8220; custom_padding=&#8220;||5px||false|false&#8220; header_2_text_align_tablet=&#8220;center&#8220; header_2_text_align_phone=&#8220;center&#8220; header_2_text_align_last_edited=&#8220;on|tablet&#8220; locked=&#8220;off&#8220; global_colors_info=&#8220;{}&#8220;]<\/p>\n<h2>Warum bist du zur Feuerwehr gegangen?<\/h2>\n<p>[\/et_pb_text][et_pb_text _builder_version=&#8220;4.18.0&#8243; _module_preset=&#8220;default&#8220; header_2_font=&#8220;Montserrat|||on|||||&#8220; header_2_text_align=&#8220;left&#8220; header_2_text_color=&#8220;gcid-483c764e-6191-4fe0-975f-40f04e068945&#8243; header_2_font_size=&#8220;16px&#8220; header_2_letter_spacing=&#8220;2px&#8220; custom_padding=&#8220;||7px||false|false&#8220; header_2_text_align_tablet=&#8220;center&#8220; header_2_text_align_phone=&#8220;center&#8220; header_2_text_align_last_edited=&#8220;on|tablet&#8220; locked=&#8220;off&#8220; global_colors_info=&#8220;{%22gcid-483c764e-6191-4fe0-975f-40f04e068945%22:%91%22header_2_text_color%22%93}&#8220;]<\/p>\n<h2>F\u00fcr Unsere Gemeinde<\/h2>\n<p>[\/et_pb_text][et_pb_text _builder_version=&#8220;4.18.0&#8243; _module_preset=&#8220;default&#8220; text_font_size=&#8220;16px&#8220; width=&#8220;80%&#8220; max_width_tablet=&#8220;400px&#8220; max_width_phone=&#8220;400px&#8220; max_width_last_edited=&#8220;on|tablet&#8220; module_alignment=&#8220;left&#8220; custom_padding=&#8220;||15px||false|false&#8220; text_orientation_tablet=&#8220;center&#8220; text_orientation_phone=&#8220;center&#8220; text_orientation_last_edited=&#8220;on|tablet&#8220; module_alignment_tablet=&#8220;center&#8220; module_alignment_phone=&#8220;center&#8220; module_alignment_last_edited=&#8220;on|tablet&#8220; locked=&#8220;off&#8220; global_colors_info=&#8220;{}&#8220;]<\/p>\n<p>Werde jetzt Mitglied bei der freiwilligen Feuerwehr Vorau! Trag deinen Teil zur Gemeinschaft bei! Wir bieten Abwechslung, Ausbildung und mehr!<\/p>\n<p>[\/et_pb_text][et_pb_button button_url=&#8220;@ET-DC@eyJkeW5hbWljIjp0cnVlLCJjb250ZW50IjoicG9zdF9saW5rX3VybF9wYWdlIiwic2V0dGluZ3MiOnsicG9zdF9pZCI6IjYxIn19@&#8220; button_text=&#8220;Mitglied werden&#8220; button_alignment=&#8220;left&#8220; button_alignment_tablet=&#8220;center&#8220; button_alignment_phone=&#8220;center&#8220; button_alignment_last_edited=&#8220;on|tablet&#8220; _builder_version=&#8220;4.18.0&#8243; _dynamic_attributes=&#8220;button_url&#8220; _module_preset=&#8220;default&#8220; custom_button=&#8220;on&#8220; button_text_size=&#8220;16px&#8220; button_text_color=&#8220;#FFFFFF&#8220; button_bg_color=&#8220;gcid-483c764e-6191-4fe0-975f-40f04e068945&#8243; button_border_width=&#8220;0px&#8220; button_icon=&#8220;&#x24;||divi||400&#8243; custom_margin=&#8220;||20px||false|false&#8220; custom_margin_tablet=&#8220;||50px||false|false&#8220; custom_margin_phone=&#8220;||50px||false|false&#8220; custom_margin_last_edited=&#8220;on|tablet&#8220; custom_padding=&#8220;8px||8px||true|true&#8220; box_shadow_style=&#8220;preset3&#8243; box_shadow_color=&#8220;rgba(0,0,0,0.2)&#8220; locked=&#8220;off&#8220; global_colors_info=&#8220;{%22gcid-483c764e-6191-4fe0-975f-40f04e068945%22:%91%22button_bg_color%22%93}&#8220;][\/et_pb_button][\/et_pb_column][et_pb_column type=&#8220;3_5&#8243; _builder_version=&#8220;4.17.4&#8243; _module_preset=&#8220;default&#8220; global_colors_info=&#8220;{}&#8220;][et_pb_slider arrows_custom_color=&#8220;#000000&#8243; dot_nav_custom_color=&#8220;RGBA(255,255,255,0)&#8220; _builder_version=&#8220;4.27.4&#8243; _module_preset=&#8220;default&#8220; header_font_size=&#8220;26px&#8220; background_color=&#8220;#F4F5F8&#8243; custom_padding=&#8220;30px||30px||true|false&#8220; animation_style=&#8220;fade&#8220; auto=&#8220;on&#8220; header_font_size_tablet=&#8220;20px&#8220; header_font_size_phone=&#8220;20px&#8220; header_font_size_last_edited=&#8220;on|tablet&#8220; header_line_height_tablet=&#8220;1.3em&#8220; header_line_height_phone=&#8220;1.3em&#8220; header_line_height_last_edited=&#8220;on|tablet&#8220; custom_css_main_element=&#8220;border-radius: 10px;&#8220; custom_css_slide_description=&#8220;animation-name: none;||border-radius: 10px;&#8220; box_shadow_style=&#8220;preset3&#8243; global_colors_info=&#8220;{}&#8220;][et_pb_slide heading=&#8220;%22Mein Mann sowie meine Kinder sind stolze Mitglieder in der Freiwilligen Feuerwehr Vorau. Ihre Leidenschaft anderen Menschen zu helfen hat mich ebenso inspiriert.%22&#8243; admin_title=&#8220;Sabine Putz&#8220; _builder_version=&#8220;4.18.0&#8243; _module_preset=&#8220;default&#8220; header_level=&#8220;h2&#8243; header_text_color=&#8220;#000000&#8243; body_text_color=&#8220;#000000&#8243; background_color=&#8220;#f4f5f8&#8243; background_enable_color=&#8220;on&#8220; custom_css_main_element=&#8220;border-radius: 10px!important;&#8220; custom_css_slide_title=&#8220;text-shadow: none!important;&#8220; custom_css_slide_description=&#8220;text-shadow: none!important;&#8220; global_colors_info=&#8220;{}&#8220; sticky_transition=&#8220;on&#8220;]<img decoding=\"async\" src=\"https:\/\/feuerwehr-vorau.at\/site\/wp-content\/uploads\/2022\/09\/Putz-Sabine-80x80-1.jpg\" alt=\"\" class=\"wp-image-277 alignnone size-medium\" style=\"border-radius: 100%;  margin-top: 20px;\" width=\"80\" height=\"80\" \/><\/p>\n<h4 style=\"color: #000000!important; font-size: 24px;\">Sabine Putz<\/h4>\n<p><span style=\"color: #d00606; text-transform: uppercase;\">Eingetreten im Jahr 2022 mit 35 Jahren<\/span>[\/et_pb_slide][et_pb_slide heading=&#8220;%22Wenn in unserer Gemeinde sprichw\u00f6rtlich der Hut brennt, m\u00f6chte ich zur Stelle sein und tatkr\u00e4ftig mit anpacken. Der Zusammenhalt, die Gemeinschaft sowie die Tatsache, spannende Techniken und Themen zu erlernen motivieren mich zudem.%22&#8243; admin_title=&#8220;Philipp Neussl&#8220; _builder_version=&#8220;4.18.0&#8243; _module_preset=&#8220;default&#8220; header_level=&#8220;h2&#8243; header_text_color=&#8220;#000000&#8243; body_text_color=&#8220;#000000&#8243; background_color=&#8220;#f4f5f8&#8243; background_enable_color=&#8220;on&#8220; custom_css_main_element=&#8220;border-radius: 10px!important;&#8220; custom_css_slide_title=&#8220;text-shadow: none!important;&#8220; custom_css_slide_description=&#8220;text-shadow: none!important;&#8220; global_colors_info=&#8220;{}&#8220; sticky_transition=&#8220;on&#8220;]<img decoding=\"async\" src=\"https:\/\/feuerwehr-vorau.at\/site\/wp-content\/uploads\/2022\/09\/Neussl-Philipp-80x80-1.jpg\" alt=\"\" class=\"wp-image-277 alignnone size-medium\" style=\"border-radius: 100%;\" width=\"80\" height=\"80\" \/><\/p>\n<h4 style=\"color: #000000!important;font-size: 24px;\">Philipp Neussl<\/h4>\n<p><span style=\"color:#d00606; text-transform: uppercase;\">Eingetreten im Jahr 2021 mit 29 Jahren<\/span>[\/et_pb_slide][et_pb_slide heading=&#8220;%22Meine Arbeitskollegen sind bereits seit Jahren begnadete Kammeraden der Freiwilligen Feuerwehr Vorau. Deren Erz\u00e4hlungen sowie deren Eifer im Einsatz haben mich letztlich \u00fcberzeugt der Wehr beizutreten. Letzten Endes ist eine gro\u00dfe Portion Spa\u00df und eine sch\u00f6ne Gemeinschaft dazu gekommen.%22&#8243; admin_title=&#8220;Maximilian Maierhofer&#8220; _builder_version=&#8220;4.18.0&#8243; _module_preset=&#8220;default&#8220; header_level=&#8220;h2&#8243; header_text_color=&#8220;#000000&#8243; body_text_color=&#8220;#000000&#8243; background_color=&#8220;#f4f5f8&#8243; background_enable_color=&#8220;on&#8220; custom_css_main_element=&#8220;border-radius: 10px!important;&#8220; custom_css_slide_title=&#8220;text-shadow: none!important;&#8220; custom_css_slide_description=&#8220;text-shadow: none!important;&#8220; global_colors_info=&#8220;{}&#8220; sticky_transition=&#8220;on&#8220;]<img decoding=\"async\" src=\"https:\/\/feuerwehr-vorau.at\/site\/wp-content\/uploads\/2022\/09\/Maximilian-Maierhofer-80x80-1.jpg\" alt=\"\" class=\"wp-image-277 alignnone size-medium\" style=\"border-radius: 100%;\" width=\"80\" height=\"80\" \/><\/p>\n<h4 style=\"color: #000000!important;font-size: 24px;\">Maximilian Maierhofer<\/h4>\n<p><span style=\"color:#d00606; text-transform: uppercase;\">Eingetreten im Jahr 2022 mit 16 Jahren<\/span>[\/et_pb_slide][et_pb_slide heading=&#8220;%22F\u00fcr andere da zu sein wenn Hilfe ben\u00f6tigt wird, stellt bestimmt den gr\u00f6\u00dften Antrieb dar. Aber die Feuerwehr bietet neben Kameradschaft auch die ideale M\u00f6glichkeit, um das theoretisch erlernte im Einsatzalltag in der Praxis umzusetzen.%22&#8243; admin_title=&#8220;Michelle Holzer&#8220; _builder_version=&#8220;4.18.0&#8243; _module_preset=&#8220;default&#8220; header_level=&#8220;h2&#8243; header_text_color=&#8220;#000000&#8243; body_text_color=&#8220;#000000&#8243; background_color=&#8220;#f4f5f8&#8243; background_enable_color=&#8220;on&#8220; custom_css_main_element=&#8220;border-radius: 10px!important;&#8220; custom_css_slide_title=&#8220;text-shadow: none!important;&#8220; custom_css_slide_description=&#8220;text-shadow: none!important;&#8220; global_colors_info=&#8220;{}&#8220; sticky_transition=&#8220;on&#8220;]<img loading=\"lazy\" loading=\"lazy\" decoding=\"async\" src=\"https:\/\/feuerwehr-vorau.at\/site\/wp-content\/uploads\/2022\/09\/Holzer-Michelle-80x80-1.jpg\" alt=\"\" class=\"wp-image-277 alignnone size-medium\" style=\"border-radius: 100%;\" width=\"80\" height=\"80\" \/><\/p>\n<h4 style=\"color: #000000!important; font-size: 24px;\">Michelle Holzer<\/h4>\n<p><span style=\"color: #d00606; text-transform: uppercase;\">Eingetreten im Jahr 2022 mit 25 Jahren<\/span>[\/et_pb_slide][et_pb_slide heading=&#8220;%22Drei Eins\u00e4tze in n\u00e4chster N\u00e4he stellten auch drei sehr gute Gr\u00fcnde dar, den Menschen in unseren L\u00f6schverband etwas zur\u00fcckzugeben und auch f\u00fcr andere stets bereit zu sein. Inzwischen konnte ich viele neue Freundschaften gewinnen%22&#8243; admin_title=&#8220;Thomas Holzer&#8220; _builder_version=&#8220;4.18.0&#8243; _module_preset=&#8220;default&#8220; header_level=&#8220;h2&#8243; header_text_color=&#8220;#000000&#8243; body_text_color=&#8220;#000000&#8243; background_color=&#8220;#f4f5f8&#8243; background_enable_color=&#8220;on&#8220; custom_css_main_element=&#8220;border-radius: 10px!important;&#8220; custom_css_slide_title=&#8220;text-shadow: none!important;&#8220; custom_css_slide_description=&#8220;text-shadow: none!important;&#8220; global_colors_info=&#8220;{}&#8220; sticky_transition=&#8220;on&#8220;]<img loading=\"lazy\" loading=\"lazy\" decoding=\"async\" src=\"https:\/\/feuerwehr-vorau.at\/site\/wp-content\/uploads\/2022\/09\/Holzer-Thomas-80x80-1.jpg\" alt=\"\" class=\"wp-image-277 alignnone size-medium\" style=\"border-radius: 100%;\" width=\"80\" height=\"80\" \/><\/p>\n<h4 style=\"color: #000000!important; font-size: 24px;\">Thomas Holzer<\/h4>\n<p><span style=\"color: #d00606; text-transform: uppercase;\">Eingetreten im Jahr 2016 mit 28 Jahren<\/span>[\/et_pb_slide][\/et_pb_slider][\/et_pb_column][\/et_pb_row][\/et_pb_section][et_pb_section fb_built=&#8220;1&#8243; disabled_on=&#8220;on|on|on&#8220; _builder_version=&#8220;4.18.0&#8243; _module_preset=&#8220;default&#8220; background_color=&#8220;#F4F5F8&#8243; disabled=&#8220;on&#8220; global_colors_info=&#8220;{}&#8220;][et_pb_row column_structure=&#8220;1_4,1_4,1_4,1_4&#8243; use_custom_gutter=&#8220;on&#8220; gutter_width=&#8220;2&#8243; make_equal=&#8220;on&#8220; custom_padding_last_edited=&#8220;on|phone&#8220; _builder_version=&#8220;4.18.0&#8243; _module_preset=&#8220;default&#8220; width_tablet=&#8220;100%&#8220; width_phone=&#8220;100%&#8220; width_last_edited=&#8220;on|tablet&#8220; max_width_tablet=&#8220;100%&#8220; max_width_phone=&#8220;100%&#8220; max_width_last_edited=&#8220;on|tablet&#8220; custom_padding_tablet=&#8220;&#8220; custom_padding_phone=&#8220;|20px||20px|false|false&#8220; custom_css_main_element=&#8220;display: flex;&#8220; global_colors_info=&#8220;{}&#8220; custom_css_main_element_last_edited=&#8220;on|tablet&#8220; custom_css_main_element_tablet=&#8220;display: grid;||grid-template-columns: 1fr 1fr;||grid-gap: 20px;&#8220; custom_css_main_element_phone=&#8220;display: flex;||flex-direction: column;||gap: 20px;&#8220;][et_pb_column type=&#8220;1_4&#8243; _builder_version=&#8220;4.18.0&#8243; _dynamic_attributes=&#8220;link_option_url&#8220; _module_preset=&#8220;default&#8220; link_option_url=&#8220;@ET-DC@eyJkeW5hbWljIjp0cnVlLCJjb250ZW50IjoicG9zdF9saW5rX3VybF9wYWdlIiwic2V0dGluZ3MiOnsicG9zdF9pZCI6IjcxIn19@&#8220; custom_css_main_element=&#8220;flex-grow: 1;&#8220; global_colors_info=&#8220;{}&#8220; custom_css_main_element_last_edited=&#8220;on|tablet&#8220; custom_css_main_element_tablet=&#8220;width: 100%!important;&#8220; custom_css_main_element_phone=&#8220;width: 100%!important;&#8220;][et_pb_code _builder_version=&#8220;4.18.0&#8243; _module_preset=&#8220;default&#8220; background_image=&#8220;https:\/\/feuerwehr-vorau.at\/site\/wp-content\/uploads\/2022\/09\/Ausruestung-Ruesthaus.jpg&#8220; min_height=&#8220;200px&#8220; custom_margin=&#8220;||0px||false|false&#8220; filter_saturate=&#8220;75%&#8220; global_colors_info=&#8220;{}&#8220; filter_saturate__hover_enabled=&#8220;on|hover&#8220; filter_saturate__hover=&#8220;100%&#8220;][\/et_pb_code][et_pb_text _builder_version=&#8220;4.18.0&#8243; _module_preset=&#8220;default&#8220; header_2_text_align=&#8220;center&#8220; header_2_text_color=&#8220;#FFFFFF&#8220; header_2_font_size=&#8220;24px&#8220; background_color=&#8220;#343541&#8243; custom_margin=&#8220;||0px||false|false&#8220; custom_padding=&#8220;15px||5px||false|false&#8220; global_colors_info=&#8220;{}&#8220;]<\/p>\n<h2>R\u00fcsthaus<\/h2>\n<p>[\/et_pb_text][\/et_pb_column][et_pb_column type=&#8220;1_4&#8243; _builder_version=&#8220;4.18.0&#8243; _dynamic_attributes=&#8220;link_option_url&#8220; _module_preset=&#8220;default&#8220; link_option_url=&#8220;@ET-DC@eyJkeW5hbWljIjp0cnVlLCJjb250ZW50IjoicG9zdF9saW5rX3VybF9wYWdlIiwic2V0dGluZ3MiOnsicG9zdF9pZCI6IjU1In19@&#8220; custom_css_main_element=&#8220;flex-grow: 1;&#8220; global_colors_info=&#8220;{}&#8220; custom_css_main_element_last_edited=&#8220;on|tablet&#8220; custom_css_main_element_tablet=&#8220;width: 100%!important;&#8220; custom_css_main_element_phone=&#8220;width: 100%!important;&#8220;][et_pb_code _builder_version=&#8220;4.18.0&#8243; _module_preset=&#8220;default&#8220; background_image=&#8220;https:\/\/feuerwehr-vorau.at\/site\/wp-content\/uploads\/2022\/09\/Ausruestung-Fahrzeuge.jpg&#8220; min_height=&#8220;200px&#8220; custom_margin=&#8220;||0px||false|false&#8220; filter_saturate=&#8220;75%&#8220; global_colors_info=&#8220;{}&#8220; filter_saturate__hover=&#8220;100%&#8220; filter_saturate__hover_enabled=&#8220;on|hover&#8220;][\/et_pb_code][et_pb_text _builder_version=&#8220;4.18.0&#8243; _module_preset=&#8220;default&#8220; header_2_text_align=&#8220;center&#8220; header_2_text_color=&#8220;#FFFFFF&#8220; header_2_font_size=&#8220;24px&#8220; background_color=&#8220;#343541&#8243; custom_padding=&#8220;15px||5px||false|false&#8220; global_colors_info=&#8220;{}&#8220;]<\/p>\n<h2>Fahrzeuge<\/h2>\n<p>[\/et_pb_text][\/et_pb_column][et_pb_column type=&#8220;1_4&#8243; _builder_version=&#8220;4.18.0&#8243; _dynamic_attributes=&#8220;link_option_url&#8220; _module_preset=&#8220;default&#8220; link_option_url=&#8220;@ET-DC@eyJkeW5hbWljIjp0cnVlLCJjb250ZW50IjoicG9zdF9saW5rX3VybF9wYWdlIiwic2V0dGluZ3MiOnsicG9zdF9pZCI6IjczIn19@&#8220; custom_css_main_element=&#8220;flex-grow: 1;&#8220; global_colors_info=&#8220;{}&#8220; custom_css_main_element_last_edited=&#8220;on|tablet&#8220; custom_css_main_element_tablet=&#8220;width: 100%!important;&#8220; custom_css_main_element_phone=&#8220;width: 100%!important;&#8220;][et_pb_code _builder_version=&#8220;4.18.0&#8243; _module_preset=&#8220;default&#8220; background_image=&#8220;https:\/\/feuerwehr-vorau.at\/site\/wp-content\/uploads\/2022\/09\/Ausruestung-Persoenliche-Schutzausruestung.jpg&#8220; min_height=&#8220;200px&#8220; custom_margin=&#8220;||0px||false|false&#8220; filter_saturate=&#8220;75%&#8220; global_colors_info=&#8220;{}&#8220; filter_saturate__hover=&#8220;100%&#8220; filter_saturate__hover_enabled=&#8220;on|hover&#8220;][\/et_pb_code][et_pb_text _builder_version=&#8220;4.18.0&#8243; _module_preset=&#8220;default&#8220; header_2_text_align=&#8220;center&#8220; header_2_text_color=&#8220;#FFFFFF&#8220; header_2_font_size=&#8220;24px&#8220; background_color=&#8220;#343541&#8243; custom_padding=&#8220;15px||5px||false|false&#8220; global_colors_info=&#8220;{}&#8220;]<\/p>\n<h2>Schutzausr\u00fcstung<\/h2>\n<p>[\/et_pb_text][\/et_pb_column][et_pb_column type=&#8220;1_4&#8243; _builder_version=&#8220;4.18.0&#8243; _module_preset=&#8220;default&#8220; custom_css_main_element=&#8220;flex-direction: column;||display: flex;||justify-content: center;||flex-grow: 1;&#8220; global_colors_info=&#8220;{}&#8220; custom_css_main_element_last_edited=&#8220;on|phone&#8220; custom_css_main_element_tablet=&#8220;flex-direction: column;||display: flex;||justify-content: center;||align-items: center;||padding: 20px;||width: 100%!important;&#8220; custom_css_main_element_phone=&#8220;flex-direction: column;||display: flex;||justify-content: center;||align-items: center;||padding: 20px;||width: 100%!important;&#8220;][et_pb_text _builder_version=&#8220;4.18.0&#8243; _module_preset=&#8220;default&#8220; header_2_font=&#8220;|600|||||||&#8220; header_2_text_align=&#8220;right&#8220; header_2_font_size=&#8220;35px&#8220; custom_margin=&#8220;||0px||false|false&#8220; custom_padding=&#8220;||0px||false|false&#8220; global_colors_info=&#8220;{}&#8220;]<\/p>\n<h2>Unsere Ausr\u00fcstung<\/h2>\n<p>[\/et_pb_text][et_pb_text _builder_version=&#8220;4.18.0&#8243; _module_preset=&#8220;default&#8220; header_2_font=&#8220;Montserrat|||on|||||&#8220; header_2_text_align=&#8220;right&#8220; header_2_text_color=&#8220;gcid-483c764e-6191-4fe0-975f-40f04e068945&#8243; header_2_font_size=&#8220;16px&#8220; header_2_letter_spacing=&#8220;2px&#8220; custom_margin=&#8220;||0px||false|false&#8220; custom_padding=&#8220;||0px||false|false&#8220; global_colors_info=&#8220;{%22gcid-483c764e-6191-4fe0-975f-40f04e068945%22:%91%22header_2_text_color%22,%22header_2_text_color%22%93}&#8220;]<\/p>\n<h2>Ausstattung<\/h2>\n<p>[\/et_pb_text][et_pb_text _builder_version=&#8220;4.18.0&#8243; _module_preset=&#8220;default&#8220; text_orientation=&#8220;right&#8220; custom_padding_tablet=&#8220;||20px||false|false&#8220; custom_padding_phone=&#8220;||20px||false|false&#8220; custom_padding_last_edited=&#8220;on|tablet&#8220; text_orientation_tablet=&#8220;center&#8220; text_orientation_phone=&#8220;center&#8220; text_orientation_last_edited=&#8220;on|tablet&#8220; global_colors_info=&#8220;{}&#8220;]<\/p>\n<p>Alles \u00fcber unsere derzeitigen und bisherigen Fahrzeuge, das R\u00fcsthaus und unsere Schutzausr\u00fcstung<\/p>\n<p>[\/et_pb_text][et_pb_button button_url=&#8220;@ET-DC@eyJkeW5hbWljIjp0cnVlLCJjb250ZW50IjoicG9zdF9saW5rX3VybF9wYWdlIiwic2V0dGluZ3MiOnsicG9zdF9pZCI6IjY5In19@&#8220; button_text=&#8220;Mehr zur Ausr\u00fcstung&#8220; button_alignment=&#8220;right&#8220; _builder_version=&#8220;4.18.0&#8243; _dynamic_attributes=&#8220;button_url&#8220; _module_preset=&#8220;default&#8220; custom_button=&#8220;on&#8220; button_text_size=&#8220;16px&#8220; button_text_color=&#8220;#FFFFFF&#8220; button_bg_color=&#8220;gcid-483c764e-6191-4fe0-975f-40f04e068945&#8243; button_border_width=&#8220;0px&#8220; button_icon=&#8220;&#x24;||divi||400&#8243; box_shadow_style=&#8220;preset3&#8243; box_shadow_color=&#8220;rgba(0,0,0,0.2)&#8220; global_colors_info=&#8220;{%22gcid-483c764e-6191-4fe0-975f-40f04e068945%22:%91%22button_bg_color%22%93}&#8220;][\/et_pb_button][\/et_pb_column][\/et_pb_row][\/et_pb_section][et_pb_section fb_built=&#8220;1&#8243; _builder_version=&#8220;4.18.0&#8243; _module_preset=&#8220;default&#8220; background_color=&#8220;#f4f5f8&#8243; background_enable_image=&#8220;off&#8220; background_size=&#8220;initial&#8220; background_position=&#8220;top_center&#8220; custom_padding=&#8220;20px||40px||false|false&#8220; global_colors_info=&#8220;{}&#8220;][et_pb_row use_custom_gutter=&#8220;on&#8220; _builder_version=&#8220;4.18.0&#8243; _module_preset=&#8220;default&#8220; custom_padding=&#8220;||42px|||&#8220; global_colors_info=&#8220;{}&#8220;][et_pb_column type=&#8220;4_4&#8243; _builder_version=&#8220;4.18.0&#8243; _module_preset=&#8220;default&#8220; global_colors_info=&#8220;{}&#8220;][et_pb_text _builder_version=&#8220;4.24.1&#8243; _module_preset=&#8220;default&#8220; header_2_font=&#8220;BarlowSemiCond-SemiBold||||||||&#8220; header_2_text_align=&#8220;center&#8220; header_2_font_size=&#8220;35px&#8220; custom_padding=&#8220;||5px||false|false&#8220; global_colors_info=&#8220;{}&#8220;]<\/p>\n<h2>Organisation<\/h2>\n<p>[\/et_pb_text][et_pb_text _builder_version=&#8220;4.18.0&#8243; _module_preset=&#8220;default&#8220; header_2_font=&#8220;Montserrat|||on|||||&#8220; header_2_text_align=&#8220;center&#8220; header_2_text_color=&#8220;gcid-483c764e-6191-4fe0-975f-40f04e068945&#8243; header_2_font_size=&#8220;16px&#8220; header_2_letter_spacing=&#8220;2px&#8220; custom_padding=&#8220;||7px||false|false&#8220; global_colors_info=&#8220;{%22gcid-483c764e-6191-4fe0-975f-40f04e068945%22:%91%22header_2_text_color%22%93}&#8220;]<\/p>\n<h2>Unsere Struktur<\/h2>\n<p>[\/et_pb_text][et_pb_text _builder_version=&#8220;4.18.0&#8243; _module_preset=&#8220;default&#8220; text_font_size=&#8220;16px&#8220; text_orientation=&#8220;center&#8220; width=&#8220;80%&#8220; max_width=&#8220;424px&#8220; module_alignment=&#8220;center&#8220; custom_padding=&#8220;||15px||false|false&#8220; global_colors_info=&#8220;{}&#8220;]<\/p>\n<p>Wir stellen uns vor! Wer ist die Freiwillige Feuerwehr Vorau? Informationen zu Kommando, Ausschuss und Mannschaft.<\/p>\n<p>[\/et_pb_text][et_pb_button button_url=&#8220;@ET-DC@eyJkeW5hbWljIjp0cnVlLCJjb250ZW50IjoicG9zdF9saW5rX3VybF9wYWdlIiwic2V0dGluZ3MiOnsicG9zdF9pZCI6IjYzIn19@&#8220; button_text=&#8220;Mehr zur Organisation&#8220; button_alignment=&#8220;center&#8220; _builder_version=&#8220;4.18.0&#8243; _dynamic_attributes=&#8220;button_url&#8220; _module_preset=&#8220;default&#8220; custom_button=&#8220;on&#8220; button_text_size=&#8220;16px&#8220; button_text_color=&#8220;#FFFFFF&#8220; button_bg_color=&#8220;gcid-483c764e-6191-4fe0-975f-40f04e068945&#8243; button_border_width=&#8220;0px&#8220; button_icon=&#8220;&#x24;||divi||400&#8243; box_shadow_style=&#8220;preset3&#8243; box_shadow_color=&#8220;rgba(0,0,0,0.2)&#8220; global_colors_info=&#8220;{%22gcid-483c764e-6191-4fe0-975f-40f04e068945%22:%91%22button_bg_color%22%93}&#8220;][\/et_pb_button][\/et_pb_column][\/et_pb_row][et_pb_row column_structure=&#8220;1_3,1_3,1_3&#8243; use_custom_gutter=&#8220;on&#8220; gutter_width=&#8220;2&#8243; _builder_version=&#8220;4.18.0&#8243; _module_preset=&#8220;default&#8220; global_colors_info=&#8220;{}&#8220;][et_pb_column type=&#8220;1_3&#8243; _builder_version=&#8220;4.18.0&#8243; _dynamic_attributes=&#8220;link_option_url&#8220; _module_preset=&#8220;default&#8220; link_option_url=&#8220;@ET-DC@eyJkeW5hbWljIjp0cnVlLCJjb250ZW50IjoicG9zdF9saW5rX3VybF9wYWdlIiwic2V0dGluZ3MiOnsicG9zdF9pZCI6IjY3In19@&#8220; global_colors_info=&#8220;{}&#8220;][et_pb_code _builder_version=&#8220;4.18.0&#8243; _module_preset=&#8220;default&#8220; background_image=&#8220;https:\/\/feuerwehr-vorau.at\/site\/wp-content\/uploads\/2022\/09\/Organisation-Kommando-960&#215;540-1.jpg&#8220; min_height=&#8220;200px&#8220; min_height_tablet=&#8220;300px&#8220; min_height_phone=&#8220;160px&#8220; min_height_last_edited=&#8220;on|tablet&#8220; custom_margin=&#8220;||0px||false|false&#8220; filter_saturate=&#8220;75%&#8220; locked=&#8220;off&#8220; global_colors_info=&#8220;{}&#8220; filter_saturate__hover=&#8220;100%&#8220; filter_saturate__hover_enabled=&#8220;on|hover&#8220;][\/et_pb_code][et_pb_text _builder_version=&#8220;4.24.1&#8243; _module_preset=&#8220;default&#8220; header_2_font=&#8220;BarlowSemiCond-SemiBold||||||||&#8220; header_2_text_align=&#8220;center&#8220; header_2_text_color=&#8220;#FFFFFF&#8220; header_2_font_size=&#8220;24px&#8220; background_color=&#8220;#343541&#8243; custom_margin=&#8220;||0px||false|false&#8220; custom_padding=&#8220;15px||5px||false|false&#8220; locked=&#8220;off&#8220; global_colors_info=&#8220;{}&#8220;]<\/p>\n<h2>Kommando<\/h2>\n<p>[\/et_pb_text][\/et_pb_column][et_pb_column type=&#8220;1_3&#8243; _builder_version=&#8220;4.18.0&#8243; _dynamic_attributes=&#8220;link_option_url&#8220; _module_preset=&#8220;default&#8220; link_option_url=&#8220;@ET-DC@eyJkeW5hbWljIjp0cnVlLCJjb250ZW50IjoicG9zdF9saW5rX3VybF9wYWdlIiwic2V0dGluZ3MiOnsicG9zdF9pZCI6IjY1In19@&#8220; global_colors_info=&#8220;{}&#8220;][et_pb_code _builder_version=&#8220;4.18.0&#8243; _module_preset=&#8220;default&#8220; background_image=&#8220;https:\/\/feuerwehr-vorau.at\/site\/wp-content\/uploads\/2022\/09\/Organisation-Ausschuss-960&#215;540-1.jpg&#8220; min_height=&#8220;200px&#8220; min_height_tablet=&#8220;300px&#8220; min_height_phone=&#8220;160px&#8220; min_height_last_edited=&#8220;on|tablet&#8220; custom_margin=&#8220;||0px||false|false&#8220; filter_saturate=&#8220;75%&#8220; locked=&#8220;off&#8220; global_colors_info=&#8220;{}&#8220; filter_saturate__hover=&#8220;100%&#8220; filter_saturate__hover_enabled=&#8220;on|hover&#8220;][\/et_pb_code][et_pb_text _builder_version=&#8220;4.18.0&#8243; _module_preset=&#8220;default&#8220; header_2_font=&#8220;BarlowSemiCond-SemiBold||||||||&#8220; header_2_text_align=&#8220;center&#8220; header_2_text_color=&#8220;#FFFFFF&#8220; header_2_font_size=&#8220;24px&#8220; background_color=&#8220;#343541&#8243; custom_margin=&#8220;||0px||false|false&#8220; custom_padding=&#8220;15px||5px||false|false&#8220; locked=&#8220;off&#8220; global_colors_info=&#8220;{}&#8220;]<\/p>\n<h2>Ausschuss<\/h2>\n<p>[\/et_pb_text][\/et_pb_column][et_pb_column type=&#8220;1_3&#8243; _builder_version=&#8220;4.18.0&#8243; _dynamic_attributes=&#8220;link_option_url&#8220; _module_preset=&#8220;default&#8220; link_option_url=&#8220;@ET-DC@eyJkeW5hbWljIjp0cnVlLCJjb250ZW50IjoicG9zdF9saW5rX3VybF9wYWdlIiwic2V0dGluZ3MiOnsicG9zdF9pZCI6IjUzIn19@&#8220; global_colors_info=&#8220;{}&#8220;][et_pb_code _builder_version=&#8220;4.18.0&#8243; _module_preset=&#8220;default&#8220; background_image=&#8220;https:\/\/feuerwehr-vorau.at\/site\/wp-content\/uploads\/2022\/10\/Mannschaft-2022x.jpg&#8220; min_height=&#8220;200px&#8220; min_height_tablet=&#8220;300px&#8220; min_height_phone=&#8220;160px&#8220; min_height_last_edited=&#8220;on|tablet&#8220; custom_margin=&#8220;||0px||false|false&#8220; filter_saturate=&#8220;75%&#8220; locked=&#8220;off&#8220; global_colors_info=&#8220;{}&#8220; filter_saturate__hover=&#8220;100%&#8220; filter_saturate__hover_enabled=&#8220;on|hover&#8220;][\/et_pb_code][et_pb_text _builder_version=&#8220;4.18.0&#8243; _module_preset=&#8220;default&#8220; header_2_font=&#8220;BarlowSemiCond-SemiBold||||||||&#8220; header_2_text_align=&#8220;center&#8220; header_2_text_color=&#8220;#FFFFFF&#8220; header_2_font_size=&#8220;24px&#8220; background_color=&#8220;#343541&#8243; custom_margin=&#8220;||0px||false|false&#8220; custom_padding=&#8220;15px||5px||false|false&#8220; locked=&#8220;off&#8220; global_colors_info=&#8220;{}&#8220;]<\/p>\n<h2>Mannschaft<\/h2>\n<p>[\/et_pb_text][\/et_pb_column][\/et_pb_row][\/et_pb_section]<\/p>\n","protected":false},"excerpt":{"rendered":"<p>Unsere Freizeitf\u00fcr ihre Sicherheit Herzlich willkommen bei der Freiwilligen Feuerwehr VorauUnsere Freizeitf\u00fcr ihre Sicherheit Herzlich willkommen bei der Freiwilligen Feuerwehr VorauUnsere Freizeitf\u00fcr ihre Sicherheit Herzlich willkommen bei der Freiwilligen Feuerwehr VorauUnsere Freizeitf\u00fcr ihre Sicherheit Herzlich willkommen bei der Freiwilligen Feuerwehr VorauUnsere Freizeitf\u00fcr ihre Sicherheit Herzlich willkommen bei der Freiwilligen Feuerwehr VorauUnsere Freizeitf\u00fcr ihre Sicherheit Herzlich [&hellip;]<\/p>\n","protected":false},"author":1,"featured_media":0,"parent":0,"menu_order":1,"comment_status":"closed","ping_status":"closed","template":"","meta":{"_et_pb_use_builder":"on","_et_pb_old_content":"","_et_gb_content_width":"","inline_featured_image":false,"_vp_format_video_url":"","_vp_image_focal_point":[],"footnotes":""},"class_list":["post-9","page","type-page","status-publish","hentry"],"_links":{"self":[{"href":"https:\/\/feuerwehr-vorau.at\/site\/wp-json\/wp\/v2\/pages\/9","targetHints":{"allow":["GET"]}}],"collection":[{"href":"https:\/\/feuerwehr-vorau.at\/site\/wp-json\/wp\/v2\/pages"}],"about":[{"href":"https:\/\/feuerwehr-vorau.at\/site\/wp-json\/wp\/v2\/types\/page"}],"author":[{"embeddable":true,"href":"https:\/\/feuerwehr-vorau.at\/site\/wp-json\/wp\/v2\/users\/1"}],"replies":[{"embeddable":true,"href":"https:\/\/feuerwehr-vorau.at\/site\/wp-json\/wp\/v2\/comments?post=9"}],"version-history":[{"count":9,"href":"https:\/\/feuerwehr-vorau.at\/site\/wp-json\/wp\/v2\/pages\/9\/revisions"}],"predecessor-version":[{"id":5760,"href":"https:\/\/feuerwehr-vorau.at\/site\/wp-json\/wp\/v2\/pages\/9\/revisions\/5760"}],"wp:attachment":[{"href":"https:\/\/feuerwehr-vorau.at\/site\/wp-json\/wp\/v2\/media?parent=9"}],"curies":[{"name":"wp","href":"https:\/\/api.w.org\/{rel}","templated":true}]}}