{"id":75,"date":"2022-09-21T08:39:24","date_gmt":"2022-09-21T06:39:24","guid":{"rendered":"https:\/\/feuerwehr-vorau.at\/site\/?page_id=75"},"modified":"2025-09-01T11:21:59","modified_gmt":"2025-09-01T09:21:59","slug":"news","status":"publish","type":"page","link":"https:\/\/feuerwehr-vorau.at\/site\/news\/","title":{"rendered":"News"},"content":{"rendered":"<p>[et_pb_section fb_built=&#8220;1&#8243; custom_padding_last_edited=&#8220;on|tablet&#8220; _builder_version=&#8220;4.18.0&#8243; _module_preset=&#8220;default&#8220; background_color=&#8220;#f4f5f8&#8243; custom_padding=&#8220;5px||0px||false|false&#8220; custom_padding_tablet=&#8220;0px||||false|false&#8220; custom_padding_phone=&#8220;0px||||false|false&#8220; locked=&#8220;off&#8220; global_colors_info=&#8220;{}&#8220;][et_pb_row use_custom_gutter=&#8220;on&#8220; custom_padding_last_edited=&#8220;on|tablet&#8220; _builder_version=&#8220;4.18.0&#8243; _module_preset=&#8220;default&#8220; width_tablet=&#8220;100%&#8220; width_phone=&#8220;100%&#8220; width_last_edited=&#8220;on|phone&#8220; custom_padding=&#8220;||9px|||&#8220; custom_padding_tablet=&#8220;0px||9px||false|false&#8220; custom_padding_phone=&#8220;0px||9px||false|false&#8220; global_colors_info=&#8220;{}&#8220;][et_pb_column type=&#8220;4_4&#8243; _builder_version=&#8220;4.17.4&#8243; _module_preset=&#8220;default&#8220; global_colors_info=&#8220;{}&#8220;][et_pb_code _builder_version=&#8220;4.18.0&#8243; _dynamic_attributes=&#8220;background_image&#8220; _module_preset=&#8220;default&#8220; background_image=&#8220;@ET-DC@eyJkeW5hbWljIjp0cnVlLCJjb250ZW50IjoicG9zdF9mZWF0dXJlZF9pbWFnZSIsInNldHRpbmdzIjp7fX0=@&#8220; min_height=&#8220;470px&#8220; min_height_tablet=&#8220;300px&#8220; min_height_phone=&#8220;200px&#8220; min_height_last_edited=&#8220;on|tablet&#8220; custom_margin=&#8220;||20px||false|false&#8220; custom_padding=&#8220;||0px||false|false&#8220; global_colors_info=&#8220;{}&#8220;][\/et_pb_code][et_pb_text _builder_version=&#8220;4.18.0&#8243; _dynamic_attributes=&#8220;content&#8220; _module_preset=&#8220;default&#8220; header_font=&#8220;|600|||||||&#8220; header_text_align=&#8220;center&#8220; header_font_size=&#8220;35px&#8220; header_2_font=&#8220;|600|||||||&#8220; header_2_text_align=&#8220;center&#8220; header_2_font_size=&#8220;35px&#8220; custom_padding=&#8220;||5px||false|false&#8220; global_colors_info=&#8220;{}&#8220;]@ET-DC@eyJkeW5hbWljIjp0cnVlLCJjb250ZW50IjoicG9zdF90aXRsZSIsInNldHRpbmdzIjp7ImJlZm9yZSI6IjxoMT4iLCJhZnRlciI6IjwvaDE+In19@[\/et_pb_text][et_pb_text content_tablet=&#8220;<\/p>\n<h2>Freiwillige Feuerwehr Vorau<\/h2>\n<p>&#8220; content_phone=&#8220;<\/p>\n<h2>FF VORAU<\/h2>\n<p>&#8220; content_last_edited=&#8220;on|phone&#8220; _builder_version=&#8220;4.18.0&#8243; _module_preset=&#8220;default&#8220; header_2_font=&#8220;Montserrat|||on|||||&#8220; header_2_text_align=&#8220;center&#8220; header_2_text_color=&#8220;gcid-483c764e-6191-4fe0-975f-40f04e068945&#8243; header_2_font_size=&#8220;16px&#8220; header_2_letter_spacing=&#8220;2px&#8220; custom_padding=&#8220;||7px||false|false&#8220; global_colors_info=&#8220;{%22gcid-483c764e-6191-4fe0-975f-40f04e068945%22:%91%22header_2_text_color%22%93}&#8220;]<\/p>\n<h2>Freiwillige Feuerwehr Vorau<\/h2>\n<p>[\/et_pb_text][\/et_pb_column][\/et_pb_row][\/et_pb_section][et_pb_section fb_built=&#8220;1&#8243; _builder_version=&#8220;4.23&#8243; _module_preset=&#8220;default&#8220; custom_padding=&#8220;0px||0px||false|false&#8220; locked=&#8220;off&#8220; global_colors_info=&#8220;{}&#8220;][et_pb_row _builder_version=&#8220;4.27.4&#8243; _module_preset=&#8220;default&#8220; global_colors_info=&#8220;{}&#8220;][et_pb_column type=&#8220;4_4&#8243; _builder_version=&#8220;4.27.4&#8243; _module_preset=&#8220;default&#8220; hover_enabled=&#8220;0&#8243; custom_css_main_element=&#8220;display: flex;||justify-content: center;&#8220; global_colors_info=&#8220;{}&#8220; custom_css_main_element_last_edited=&#8220;on|desktop&#8220; custom_css_main_element_tablet=&#8220;display: flex;||justify-content: center;&#8220; custom_css_main_element_phone=&#8220;display: flex;||flex-direction: column;&#8220; sticky_enabled=&#8220;0&#8243;][et_pb_button button_text=&#8220;Alle Beitr\u00e4ge&#8220; button_alignment=&#8220;center&#8220; module_class=&#8220;df-button&#8220; _builder_version=&#8220;4.27.4&#8243; _module_preset=&#8220;default&#8220; custom_button=&#8220;on&#8220; button_text_size=&#8220;14px&#8220; button_text_color=&#8220;gcid-685173a9-c2bd-4a75-b48c-eafe66a8c288&#8243; button_bg_color=&#8220;RGBA(255,255,255,0)&#8220; button_border_width=&#8220;0px&#8220; button_border_radius=&#8220;0px&#8220; button_font=&#8220;|600||on|||||&#8220; button_use_icon=&#8220;off&#8220; custom_margin=&#8220;|5px||5px|false|true&#8220; hover_enabled=&#8220;0&#8243; custom_css_main_element=&#8220;width: 100%!important;&#8220; global_colors_info=&#8220;{%22gcid-685173a9-c2bd-4a75-b48c-eafe66a8c288%22:%91%22button_text_color%22%93,%22gcid-483c764e-6191-4fe0-975f-40f04e068945%22:%91%22button_text_color__hover%22%93}&#8220; button_bg_color__hover_enabled=&#8220;off|desktop&#8220; button_bg_color__hover=&#8220;rgba(208,6,6,0.58)&#8220; button_bg_enable_color__hover=&#8220;on&#8220; button_text_color__hover_enabled=&#8220;on|desktop&#8220; button_text_color__hover=&#8220;#d00606&#8243; custom_padding=&#8220;10px||10px||true|false&#8220; sticky_enabled=&#8220;0&#8243;][\/et_pb_button][et_pb_button button_text=&#8220;Eins\u00e4tze&#8220; button_alignment=&#8220;center&#8220; module_class=&#8220;df-button dfc-einsaetze&#8220; _builder_version=&#8220;4.27.4&#8243; _module_preset=&#8220;default&#8220; custom_button=&#8220;on&#8220; button_text_size=&#8220;14px&#8220; button_text_color=&#8220;gcid-685173a9-c2bd-4a75-b48c-eafe66a8c288&#8243; button_bg_color=&#8220;RGBA(255,255,255,0)&#8220; button_border_width=&#8220;0px&#8220; button_border_radius=&#8220;0px&#8220; button_font=&#8220;|600||on|||||&#8220; button_use_icon=&#8220;off&#8220; custom_margin=&#8220;|5px||5px|false|true&#8220; hover_enabled=&#8220;0&#8243; custom_css_main_element=&#8220;width: 100%!important;&#8220; locked=&#8220;off&#8220; button_bg_color__hover_enabled=&#8220;off|desktop&#8220; button_bg_color__hover=&#8220;rgba(208,6,6,0.58)&#8220; button_bg_enable_color__hover=&#8220;on&#8220; button_text_color__hover=&#8220;#d00606&#8243; button_text_color__hover_enabled=&#8220;on|desktop&#8220; sticky_enabled=&#8220;0&#8243; global_colors_info=&#8220;{%22gcid-685173a9-c2bd-4a75-b48c-eafe66a8c288%22:%91%22button_text_color%22,%22button_text_color%22%93,%22gcid-483c764e-6191-4fe0-975f-40f04e068945%22:%91%22button_text_color__hover%22,%22button_text_color__hover%22%93}&#8220; custom_padding=&#8220;10px||10px||true|false&#8220;][\/et_pb_button][et_pb_button button_text=&#8220;\u00dcbungen&#8220; button_alignment=&#8220;center&#8220; module_class=&#8220;df-button dfc-uebungen&#8220; _builder_version=&#8220;4.23&#8243; _module_preset=&#8220;default&#8220; custom_button=&#8220;on&#8220; button_text_size=&#8220;14px&#8220; button_text_color=&#8220;gcid-685173a9-c2bd-4a75-b48c-eafe66a8c288&#8243; button_bg_color=&#8220;RGBA(255,255,255,0)&#8220; button_border_width=&#8220;0px&#8220; button_border_radius=&#8220;0px&#8220; button_font=&#8220;|600||on|||||&#8220; button_use_icon=&#8220;off&#8220; custom_margin=&#8220;|5px||5px|false|true&#8220; custom_css_main_element=&#8220;width: 100%!important;&#8220; locked=&#8220;off&#8220; button_bg_color__hover_enabled=&#8220;off|desktop&#8220; button_bg_color__hover=&#8220;rgba(208,6,6,0.58)&#8220; button_bg_enable_color__hover=&#8220;on&#8220; button_text_color__hover=&#8220;#d00606&#8243; button_text_color__hover_enabled=&#8220;on|desktop&#8220; global_colors_info=&#8220;{%22gcid-685173a9-c2bd-4a75-b48c-eafe66a8c288%22:%91%22button_text_color%22,%22button_text_color%22%93,%22gcid-483c764e-6191-4fe0-975f-40f04e068945%22:%91%22button_text_color__hover%22,%22button_text_color__hover%22%93}&#8220; custom_padding=&#8220;10px||10px||true|false&#8220;][\/et_pb_button][et_pb_button button_text=&#8220;Sonstiges&#8220; button_alignment=&#8220;center&#8220; module_class=&#8220;df-button dfc-sonstiges&#8220; _builder_version=&#8220;4.23&#8243; _module_preset=&#8220;default&#8220; custom_button=&#8220;on&#8220; button_text_size=&#8220;14px&#8220; button_text_color=&#8220;gcid-685173a9-c2bd-4a75-b48c-eafe66a8c288&#8243; button_bg_color=&#8220;RGBA(255,255,255,0)&#8220; button_border_width=&#8220;0px&#8220; button_border_radius=&#8220;0px&#8220; button_font=&#8220;|600||on|||||&#8220; button_use_icon=&#8220;off&#8220; custom_margin=&#8220;|5px||5px|false|true&#8220; custom_css_main_element=&#8220;width: 100%!important;&#8220; locked=&#8220;off&#8220; button_bg_color__hover_enabled=&#8220;off|desktop&#8220; button_bg_color__hover=&#8220;rgba(208,6,6,0.58)&#8220; button_bg_enable_color__hover=&#8220;on&#8220; button_text_color__hover=&#8220;#d00606&#8243; button_text_color__hover_enabled=&#8220;on|desktop&#8220; global_colors_info=&#8220;{%22gcid-685173a9-c2bd-4a75-b48c-eafe66a8c288%22:%91%22button_text_color%22,%22button_text_color%22%93,%22gcid-483c764e-6191-4fe0-975f-40f04e068945%22:%91%22button_text_color__hover%22,%22button_text_color__hover%22%93}&#8220; custom_padding=&#8220;10px||10px||true|false&#8220;][\/et_pb_button][\/et_pb_column][\/et_pb_row][\/et_pb_section][et_pb_section fb_built=&#8220;1&#8243; module_class=&#8220;df-area df-post&#8220; _builder_version=&#8220;4.23&#8243; _module_preset=&#8220;default&#8220; custom_margin=&#8220;0px|||||&#8220; custom_padding=&#8220;0px||0px||false|false&#8220; locked=&#8220;off&#8220; global_colors_info=&#8220;{}&#8220;][et_pb_row use_custom_gutter=&#8220;on&#8220; gutter_width=&#8220;2&#8243; _builder_version=&#8220;4.27.4&#8243; _module_preset=&#8220;default&#8220; custom_padding=&#8220;0px||||false|false&#8220; hover_enabled=&#8220;0&#8243; global_colors_info=&#8220;{}&#8220; sticky_enabled=&#8220;0&#8243;][et_pb_column type=&#8220;4_4&#8243; _builder_version=&#8220;4.23&#8243; _module_preset=&#8220;default&#8220; global_colors_info=&#8220;{}&#8220;][et_pb_blog fullwidth=&#8220;off&#8220; posts_number=&#8220;9&#8243; include_categories=&#8220;all&#8220; meta_date=&#8220;j. F Y&#8220; excerpt_length=&#8220;120&#8243; show_more=&#8220;on&#8220; show_author=&#8220;off&#8220; show_pagination=&#8220;off&#8220; use_overlay=&#8220;on&#8220; overlay_icon_color=&#8220;RGBA(255,255,255,0)&#8220; hover_overlay_color=&#8220;rgba(208,6,6,0.58)&#8220; module_class=&#8220;pa-blog-equal-height pa-blog-image-16-9&#8243; _builder_version=&#8220;4.27.4&#8243; _module_preset=&#8220;default&#8220; hover_enabled=&#8220;0&#8243; global_colors_info=&#8220;{}&#8220; sticky_enabled=&#8220;0&#8243; custom_css_featured_image_last_edited=&#8220;on|phone&#8220; custom_css_featured_image_phone=&#8220;margin-top: 50px;&#8220;][\/et_pb_blog][\/et_pb_column][\/et_pb_row][\/et_pb_section][et_pb_section fb_built=&#8220;1&#8243; _builder_version=&#8220;4.23&#8243; _module_preset=&#8220;default&#8220; custom_padding=&#8220;30px||30px||true|false&#8220; global_colors_info=&#8220;{}&#8220;][et_pb_row _builder_version=&#8220;4.23&#8243; _module_preset=&#8220;default&#8220; custom_padding=&#8220;10px||10px||true|false&#8220; global_colors_info=&#8220;{}&#8220;][et_pb_column type=&#8220;4_4&#8243; _builder_version=&#8220;4.23&#8243; _module_preset=&#8220;default&#8220; global_colors_info=&#8220;{}&#8220;][et_pb_button button_url=&#8220;https:\/\/feuerwehr-vorau.at\/site\/beitragsarchiv\/&#8220; button_text=&#8220;Mehr Beitr\u00e4ge (Archiv)&#8220; button_alignment=&#8220;center&#8220; _builder_version=&#8220;4.24.2&#8243; _module_preset=&#8220;default&#8220; custom_button=&#8220;on&#8220; button_text_size=&#8220;16px&#8220; button_text_color=&#8220;#FFFFFF&#8220; button_bg_color=&#8220;gcid-483c764e-6191-4fe0-975f-40f04e068945&#8243; button_border_width=&#8220;0px&#8220; button_border_radius=&#8220;8px&#8220; button_use_icon=&#8220;off&#8220; global_colors_info=&#8220;{%22gcid-483c764e-6191-4fe0-975f-40f04e068945%22:%91%22button_bg_color%22%93}&#8220;][\/et_pb_button][\/et_pb_column][\/et_pb_row][\/et_pb_section][et_pb_section fb_built=&#8220;1&#8243; disabled_on=&#8220;on|on|on&#8220; module_id=&#8220;news&#8220; _builder_version=&#8220;4.23&#8243; _module_preset=&#8220;default&#8220; disabled=&#8220;on&#8220; global_colors_info=&#8220;{}&#8220;][et_pb_row use_custom_gutter=&#8220;on&#8220; gutter_width=&#8220;2&#8243; _builder_version=&#8220;4.18.0&#8243; _module_preset=&#8220;default&#8220; global_colors_info=&#8220;{}&#8220;][et_pb_column type=&#8220;4_4&#8243; _builder_version=&#8220;4.18.0&#8243; _module_preset=&#8220;default&#8220; global_colors_info=&#8220;{}&#8220;][et_pb_text _builder_version=&#8220;4.18.0&#8243; _module_preset=&#8220;default&#8220; global_colors_info=&#8220;{}&#8220;]\n<div class=\"vp-portfolio vp-uid-995abda6 vp-id-1060 \"\n\tdata-vp-layout=\"grid\" data-vp-content-source=\"post-based\" data-vp-items-style=\"default\" data-vp-items-click-action=\"url\" data-vp-items-gap=\"15\" data-vp-items-gap-vertical=\"\" data-vp-pagination=\"paged\" data-vp-next-page-url=\"https:\/\/feuerwehr-vorau.at\/site\/wp-json\/wp\/v2\/pages\/75?vp_page=2\" data-vp-grid-columns=\"3\" data-vp-grid-images-aspect-ratio=\"4:3\" >\n\t<div class=\"vp-portfolio__preloader-wrap\">\n\t\t<div class=\"vp-portfolio__preloader\">\n\t\t\t<img decoding=\"async\" loading=\"eager\" src=\"https:\/\/feuerwehr-vorau.at\/site\/wp-content\/plugins\/visual-portfolio\/assets\/images\/logo-dark.svg\" alt=\"Visual Portfolio, Posts &amp; Image Gallery for WordPress\" width=\"20\" height=\"20\" data-skip-lazy>\n\t\t<\/div>\n\t<\/div>\n\t\t<div class=\"vp-portfolio__layout-elements vp-portfolio__layout-elements-top vp-portfolio__layout-elements-align-center\">\n\t\t\t\t<div class=\"vp-portfolio__filter-wrap\">\n\t\t\n<div class=\"vp-filter vp-filter__style-minimal\">\n\t\t\t<div class=\"vp-filter__item vp-filter__item-active\">\n\t\t\t<a href=\"https:\/\/feuerwehr-vorau.at\/site\/wp-json\/wp\/v2\/pages\/75\" data-vp-filter=\"*\">\n\t\t\t\tAlle\n\t\t\t\t\t\t\t<\/a>\n\t\t<\/div>\n\t\t\t\t<div class=\"vp-filter__item\">\n\t\t\t<a href=\"https:\/\/feuerwehr-vorau.at\/site\/wp-json\/wp\/v2\/pages\/75?vp_filter=category%3Aeinsaetze\" data-vp-filter=\"einsaetze\">\n\t\t\t\tEins\u00e4tze\n\t\t\t\t\t\t\t<\/a>\n\t\t<\/div>\n\t\t\t\t<div class=\"vp-filter__item\">\n\t\t\t<a href=\"https:\/\/feuerwehr-vorau.at\/site\/wp-json\/wp\/v2\/pages\/75?vp_filter=category%3Auebungen\" data-vp-filter=\"uebungen\">\n\t\t\t\t\u00dcbungen\n\t\t\t\t\t\t\t<\/a>\n\t\t<\/div>\n\t\t\t\t<div class=\"vp-filter__item\">\n\t\t\t<a href=\"https:\/\/feuerwehr-vorau.at\/site\/wp-json\/wp\/v2\/pages\/75?vp_filter=category%3Asonstiges\" data-vp-filter=\"sonstiges\">\n\t\t\t\tSonstiges\n\t\t\t\t\t\t\t<\/a>\n\t\t<\/div>\n\t\t<\/div>\n\t\t<\/div>\n\t\t\t\t<\/div>\n\t\t\t\t<div class=\"vp-portfolio__items-wrap\">\n\t\t\t\n<div class=\"vp-portfolio__items vp-portfolio__items-style-default vp-portfolio__items-show-overlay-hover\">\n\n\t\t<article\t\tclass=\"vp-portfolio__item-wrap post-6085 post type-post status-publish format-standard has-post-thumbnail hentry category-einsaetze vp-portfolio__item-uid-db04318d\" data-vp-filter=\"einsaetze\" \t\t>\n\t\t\t\t\t\t\t\t\t<figure class=\"vp-portfolio__item\">\n\t\t\t\t\n<div class=\"vp-portfolio__item-img-wrap\">\n\t<div class=\"vp-portfolio__item-img\">\n\t\t\t<a\n\t\thref=\"https:\/\/feuerwehr-vorau.at\/site\/waldbrandeinsatz-in-eisbach-rein\/\"\n\t\taria-label=\"Waldbrandeinsatz in Eisbach-Rein\" \t>\n\t\n\t\t<noscript><img fetchpriority=\"high\" fetchpriority=\"high\" decoding=\"async\" width=\"1280\" height=\"1707\" data-skip-lazy src=\"https:\/\/feuerwehr-vorau.at\/site\/wp-content\/uploads\/2026\/04\/waldbrand_16_1280x.jpg\" class=\"wp-image-6104\" alt=\"\" srcset=\"https:\/\/feuerwehr-vorau.at\/site\/wp-content\/uploads\/2026\/04\/waldbrand_16_1280x.jpg 1280w, https:\/\/feuerwehr-vorau.at\/site\/wp-content\/uploads\/2026\/04\/waldbrand_16_1280x-980x1307.jpg 980w, https:\/\/feuerwehr-vorau.at\/site\/wp-content\/uploads\/2026\/04\/waldbrand_16_1280x-480x640.jpg 480w\" sizes=\"(min-width: 0px) and (max-width: 480px) 480px, (min-width: 481px) and (max-width: 980px) 980px, (min-width: 981px) 1280px, 100vw\" \/><\/noscript><img decoding=\"async\" width=\"1280\" height=\"1707\" src=\"https:\/\/feuerwehr-vorau.at\/site\/wp-content\/uploads\/2026\/04\/waldbrand_16_1280x.jpg\" class=\"wp-image-6104 vp-lazyload\" alt srcset=\"data:image\/svg+xml;base64,PHN2ZyB3aWR0aD0iMTI4MCIgaGVpZ2h0PSIxNzA3IiB2aWV3Qm94PSIwIDAgMTI4MCAxNzA3IiBmaWxsPSJub25lIiB4bWxucz0iaHR0cDovL3d3dy53My5vcmcvMjAwMC9zdmciPjwvc3ZnPg==\" data-src=\"https:\/\/feuerwehr-vorau.at\/site\/wp-content\/uploads\/2026\/04\/waldbrand_16_1280x.jpg\" data-srcset=\"https:\/\/feuerwehr-vorau.at\/site\/wp-content\/uploads\/2026\/04\/waldbrand_16_1280x.jpg 1280w, https:\/\/feuerwehr-vorau.at\/site\/wp-content\/uploads\/2026\/04\/waldbrand_16_1280x-980x1307.jpg 980w, https:\/\/feuerwehr-vorau.at\/site\/wp-content\/uploads\/2026\/04\/waldbrand_16_1280x-480x640.jpg 480w\" data-sizes=\"auto\" loading=\"eager\">\n\t\t<div class=\"vp-portfolio__item-overlay\">\n\t\t\t\t\t<\/div>\n\n\t\t<\/a>\t<\/div>\n<\/div>\n\n\t<figcaption class=\"vp-portfolio__item-caption vp-portfolio__item-caption-text-align-left\">\n\t\t<div class=\"vp-portfolio__item-meta\">\n\t\t\t\n\n<div class=\"vp-portfolio__item-meta-categories\">\n\t\t\t<div class=\"vp-portfolio__item-meta-category\">\n\t\t\t\t<a\n\t\thref=\"https:\/\/feuerwehr-vorau.at\/site\/wp-json\/wp\/v2\/pages\/75?vp_filter=category%3Aeinsaetze\"\n\t\t\t>\n\tEins\u00e4tze<\/a>\t\t<\/div>\n\t\t<\/div>\n\n\n<h2 class=\"vp-portfolio__item-meta-title\">\n\t\t<a\n\t\thref=\"https:\/\/feuerwehr-vorau.at\/site\/waldbrandeinsatz-in-eisbach-rein\/\"\n\t\t\t>\n\tWaldbrandeinsatz in Eisbach-Rein<\/a><\/h2>\n\n<div class=\"vp-portfolio__item-meta-inline\">\n\t\n\n<div class=\"vp-portfolio__item-meta-part vp-portfolio__item-meta-date\">\n\t<span class=\"vp-portfolio__item-meta-part-icon\">\n\t\t<span class=\"vp-screen-reader-text\">\n\t\t\tDate\t\t<\/span>\n\t\t\n<svg class=\"vp-svg-icon\" width=\"20\" height=\"20\" viewBox=\"0 0 20 20\" fill=\"none\" xmlns=\"http:\/\/www.w3.org\/2000\/svg\">\n\t<rect x=\"1\" y=\"3.5\" width=\"18\" height=\"15.5\" rx=\"3\" stroke=\"currentColor\" stroke-width=\"1.5\" fill=\"transparent\" \/>\n\t<path d=\"M6 5V1M14 5V1\" stroke=\"currentColor\" stroke-width=\"1.5\" stroke-linecap=\"round\" stroke-linejoin=\"round\" fill=\"transparent\" \/>\n\t<path d=\"M18.5 9H1.5\" stroke=\"currentColor\" stroke-width=\"1.5\" fill=\"transparent\" \/>\n<\/svg>\n\t<\/span>\n\t<span class=\"vp-portfolio__item-meta-part-text\">\n\t\t27. April 2026\t<\/span>\n<\/div>\n\n<\/div>\n\n<div class=\"vp-portfolio__item-meta-excerpt\">\n\t<div>\n\t\tSeit den fr\u00fchen Morgenstunden des Montag 27.04.2026, steht die Feuerwehr Vorau, als Teil des Waldbrandzuges...\t<\/div>\n<\/div>\n\n<a class=\"vp-portfolio__item-meta-read-more\" href=\"https:\/\/feuerwehr-vorau.at\/site\/waldbrandeinsatz-in-eisbach-rein\/\">\n\tMehr Lesen<\/a>\n\t\t<\/div>\n\t<\/figcaption>\n\t\t\t<\/figure>\n\t\t\t\t\t<\/article>\n\t\t\n\t\t<article\t\tclass=\"vp-portfolio__item-wrap post-6113 post type-post status-publish format-standard has-post-thumbnail hentry category-uebungen vp-portfolio__item-uid-e26745c6\" data-vp-filter=\"uebungen\" \t\t>\n\t\t\t\t\t\t\t\t\t<figure class=\"vp-portfolio__item\">\n\t\t\t\t\n<div class=\"vp-portfolio__item-img-wrap\">\n\t<div class=\"vp-portfolio__item-img\">\n\t\t\t<a\n\t\thref=\"https:\/\/feuerwehr-vorau.at\/site\/grundausbildung-gab-1-erfolgreich-abgeschlossen\/\"\n\t\taria-label=\"Grundausbildung (GAB-1) erfolgreich abgeschlossen\" \t>\n\t\n\t\t<noscript><img decoding=\"async\" width=\"1440\" height=\"1080\" data-skip-lazy src=\"https:\/\/feuerwehr-vorau.at\/site\/wp-content\/uploads\/2026\/04\/gab_08.jpg\" class=\"wp-image-6114\" alt=\"\" srcset=\"https:\/\/feuerwehr-vorau.at\/site\/wp-content\/uploads\/2026\/04\/gab_08.jpg 1440w, https:\/\/feuerwehr-vorau.at\/site\/wp-content\/uploads\/2026\/04\/gab_08-1280x960.jpg 1280w, https:\/\/feuerwehr-vorau.at\/site\/wp-content\/uploads\/2026\/04\/gab_08-980x735.jpg 980w, https:\/\/feuerwehr-vorau.at\/site\/wp-content\/uploads\/2026\/04\/gab_08-480x360.jpg 480w\" sizes=\"(min-width: 0px) and (max-width: 480px) 480px, (min-width: 481px) and (max-width: 980px) 980px, (min-width: 981px) and (max-width: 1280px) 1280px, (min-width: 1281px) 1440px, 100vw\" \/><\/noscript><img decoding=\"async\" width=\"1440\" height=\"1080\" src=\"https:\/\/feuerwehr-vorau.at\/site\/wp-content\/uploads\/2026\/04\/gab_08.jpg\" class=\"wp-image-6114 vp-lazyload\" alt srcset=\"data:image\/svg+xml;base64,PHN2ZyB3aWR0aD0iMTQ0MCIgaGVpZ2h0PSIxMDgwIiB2aWV3Qm94PSIwIDAgMTQ0MCAxMDgwIiBmaWxsPSJub25lIiB4bWxucz0iaHR0cDovL3d3dy53My5vcmcvMjAwMC9zdmciPjwvc3ZnPg==\" data-src=\"https:\/\/feuerwehr-vorau.at\/site\/wp-content\/uploads\/2026\/04\/gab_08.jpg\" data-srcset=\"https:\/\/feuerwehr-vorau.at\/site\/wp-content\/uploads\/2026\/04\/gab_08.jpg 1440w, https:\/\/feuerwehr-vorau.at\/site\/wp-content\/uploads\/2026\/04\/gab_08-1280x960.jpg 1280w, https:\/\/feuerwehr-vorau.at\/site\/wp-content\/uploads\/2026\/04\/gab_08-980x735.jpg 980w, https:\/\/feuerwehr-vorau.at\/site\/wp-content\/uploads\/2026\/04\/gab_08-480x360.jpg 480w\" data-sizes=\"auto\" loading=\"eager\">\n\t\t<div class=\"vp-portfolio__item-overlay\">\n\t\t\t\t\t<\/div>\n\n\t\t<\/a>\t<\/div>\n<\/div>\n\n\t<figcaption class=\"vp-portfolio__item-caption vp-portfolio__item-caption-text-align-left\">\n\t\t<div class=\"vp-portfolio__item-meta\">\n\t\t\t\n\n<div class=\"vp-portfolio__item-meta-categories\">\n\t\t\t<div class=\"vp-portfolio__item-meta-category\">\n\t\t\t\t<a\n\t\thref=\"https:\/\/feuerwehr-vorau.at\/site\/wp-json\/wp\/v2\/pages\/75?vp_filter=category%3Auebungen\"\n\t\t\t>\n\t\u00dcbungen<\/a>\t\t<\/div>\n\t\t<\/div>\n\n\n<h2 class=\"vp-portfolio__item-meta-title\">\n\t\t<a\n\t\thref=\"https:\/\/feuerwehr-vorau.at\/site\/grundausbildung-gab-1-erfolgreich-abgeschlossen\/\"\n\t\t\t>\n\tGrundausbildung (GAB-1) erfolgreich abgeschlossen<\/a><\/h2>\n\n<div class=\"vp-portfolio__item-meta-inline\">\n\t\n\n<div class=\"vp-portfolio__item-meta-part vp-portfolio__item-meta-date\">\n\t<span class=\"vp-portfolio__item-meta-part-icon\">\n\t\t<span class=\"vp-screen-reader-text\">\n\t\t\tDate\t\t<\/span>\n\t\t\n<svg class=\"vp-svg-icon\" width=\"20\" height=\"20\" viewBox=\"0 0 20 20\" fill=\"none\" xmlns=\"http:\/\/www.w3.org\/2000\/svg\">\n\t<rect x=\"1\" y=\"3.5\" width=\"18\" height=\"15.5\" rx=\"3\" stroke=\"currentColor\" stroke-width=\"1.5\" fill=\"transparent\" \/>\n\t<path d=\"M6 5V1M14 5V1\" stroke=\"currentColor\" stroke-width=\"1.5\" stroke-linecap=\"round\" stroke-linejoin=\"round\" fill=\"transparent\" \/>\n\t<path d=\"M18.5 9H1.5\" stroke=\"currentColor\" stroke-width=\"1.5\" fill=\"transparent\" \/>\n<\/svg>\n\t<\/span>\n\t<span class=\"vp-portfolio__item-meta-part-text\">\n\t\t25. April 2026\t<\/span>\n<\/div>\n\n<\/div>\n\n<div class=\"vp-portfolio__item-meta-excerpt\">\n\t<div>\n\t\tAm Samstag, dem 25.04.2026, fand in Wenigzell die Abschlusspr\u00fcfung f\u00fcr die Grundausbildung-1 statt. Der Start...\t<\/div>\n<\/div>\n\n<a class=\"vp-portfolio__item-meta-read-more\" href=\"https:\/\/feuerwehr-vorau.at\/site\/grundausbildung-gab-1-erfolgreich-abgeschlossen\/\">\n\tMehr Lesen<\/a>\n\t\t<\/div>\n\t<\/figcaption>\n\t\t\t<\/figure>\n\t\t\t\t\t<\/article>\n\t\t\n\t\t<article\t\tclass=\"vp-portfolio__item-wrap post-6072 post type-post status-publish format-standard has-post-thumbnail hentry category-uebungen vp-portfolio__item-uid-c2f8b8e1\" data-vp-filter=\"uebungen\" \t\t>\n\t\t\t\t\t\t\t\t\t<figure class=\"vp-portfolio__item\">\n\t\t\t\t\n<div class=\"vp-portfolio__item-img-wrap\">\n\t<div class=\"vp-portfolio__item-img\">\n\t\t\t<a\n\t\thref=\"https:\/\/feuerwehr-vorau.at\/site\/raeumungsuebung-bei-der-firma-spitzer-engineering\/\"\n\t\taria-label=\"R\u00e4umungs\u00fcbung bei der Firma Spitzer Engineering\" \t>\n\t\n\t\t<noscript><img decoding=\"async\" width=\"1480\" height=\"690\" data-skip-lazy src=\"https:\/\/feuerwehr-vorau.at\/site\/wp-content\/uploads\/2026\/04\/spitzer-uebung.jpg\" class=\"wp-image-6073\" alt=\"\" srcset=\"https:\/\/feuerwehr-vorau.at\/site\/wp-content\/uploads\/2026\/04\/spitzer-uebung.jpg 1480w, https:\/\/feuerwehr-vorau.at\/site\/wp-content\/uploads\/2026\/04\/spitzer-uebung-1280x597.jpg 1280w, https:\/\/feuerwehr-vorau.at\/site\/wp-content\/uploads\/2026\/04\/spitzer-uebung-980x457.jpg 980w, https:\/\/feuerwehr-vorau.at\/site\/wp-content\/uploads\/2026\/04\/spitzer-uebung-480x224.jpg 480w\" sizes=\"(min-width: 0px) and (max-width: 480px) 480px, (min-width: 481px) and (max-width: 980px) 980px, (min-width: 981px) and (max-width: 1280px) 1280px, (min-width: 1281px) 1480px, 100vw\" \/><\/noscript><img decoding=\"async\" width=\"1480\" height=\"690\" src=\"https:\/\/feuerwehr-vorau.at\/site\/wp-content\/uploads\/2026\/04\/spitzer-uebung.jpg\" class=\"wp-image-6073 vp-lazyload\" alt srcset=\"data:image\/svg+xml;base64,PHN2ZyB3aWR0aD0iMTQ4MCIgaGVpZ2h0PSI2OTAiIHZpZXdCb3g9IjAgMCAxNDgwIDY5MCIgZmlsbD0ibm9uZSIgeG1sbnM9Imh0dHA6Ly93d3cudzMub3JnLzIwMDAvc3ZnIj48L3N2Zz4=\" data-src=\"https:\/\/feuerwehr-vorau.at\/site\/wp-content\/uploads\/2026\/04\/spitzer-uebung.jpg\" data-srcset=\"https:\/\/feuerwehr-vorau.at\/site\/wp-content\/uploads\/2026\/04\/spitzer-uebung.jpg 1480w, https:\/\/feuerwehr-vorau.at\/site\/wp-content\/uploads\/2026\/04\/spitzer-uebung-1280x597.jpg 1280w, https:\/\/feuerwehr-vorau.at\/site\/wp-content\/uploads\/2026\/04\/spitzer-uebung-980x457.jpg 980w, https:\/\/feuerwehr-vorau.at\/site\/wp-content\/uploads\/2026\/04\/spitzer-uebung-480x224.jpg 480w\" data-sizes=\"auto\" loading=\"eager\">\n\t\t<div class=\"vp-portfolio__item-overlay\">\n\t\t\t\t\t<\/div>\n\n\t\t<\/a>\t<\/div>\n<\/div>\n\n\t<figcaption class=\"vp-portfolio__item-caption vp-portfolio__item-caption-text-align-left\">\n\t\t<div class=\"vp-portfolio__item-meta\">\n\t\t\t\n\n<div class=\"vp-portfolio__item-meta-categories\">\n\t\t\t<div class=\"vp-portfolio__item-meta-category\">\n\t\t\t\t<a\n\t\thref=\"https:\/\/feuerwehr-vorau.at\/site\/wp-json\/wp\/v2\/pages\/75?vp_filter=category%3Auebungen\"\n\t\t\t>\n\t\u00dcbungen<\/a>\t\t<\/div>\n\t\t<\/div>\n\n\n<h2 class=\"vp-portfolio__item-meta-title\">\n\t\t<a\n\t\thref=\"https:\/\/feuerwehr-vorau.at\/site\/raeumungsuebung-bei-der-firma-spitzer-engineering\/\"\n\t\t\t>\n\tR\u00e4umungs\u00fcbung bei der Firma Spitzer Engineering<\/a><\/h2>\n\n<div class=\"vp-portfolio__item-meta-inline\">\n\t\n\n<div class=\"vp-portfolio__item-meta-part vp-portfolio__item-meta-date\">\n\t<span class=\"vp-portfolio__item-meta-part-icon\">\n\t\t<span class=\"vp-screen-reader-text\">\n\t\t\tDate\t\t<\/span>\n\t\t\n<svg class=\"vp-svg-icon\" width=\"20\" height=\"20\" viewBox=\"0 0 20 20\" fill=\"none\" xmlns=\"http:\/\/www.w3.org\/2000\/svg\">\n\t<rect x=\"1\" y=\"3.5\" width=\"18\" height=\"15.5\" rx=\"3\" stroke=\"currentColor\" stroke-width=\"1.5\" fill=\"transparent\" \/>\n\t<path d=\"M6 5V1M14 5V1\" stroke=\"currentColor\" stroke-width=\"1.5\" stroke-linecap=\"round\" stroke-linejoin=\"round\" fill=\"transparent\" \/>\n\t<path d=\"M18.5 9H1.5\" stroke=\"currentColor\" stroke-width=\"1.5\" fill=\"transparent\" \/>\n<\/svg>\n\t<\/span>\n\t<span class=\"vp-portfolio__item-meta-part-text\">\n\t\t19. April 2026\t<\/span>\n<\/div>\n\n<\/div>\n\n<div class=\"vp-portfolio__item-meta-excerpt\">\n\t<div>\n\t\tAm Freitag, dem 17.04.2026 fand am Standort der Firma Spitzer Engineering, beim Impulszentrum in Vorau,...\t<\/div>\n<\/div>\n\n<a class=\"vp-portfolio__item-meta-read-more\" href=\"https:\/\/feuerwehr-vorau.at\/site\/raeumungsuebung-bei-der-firma-spitzer-engineering\/\">\n\tMehr Lesen<\/a>\n\t\t<\/div>\n\t<\/figcaption>\n\t\t\t<\/figure>\n\t\t\t\t\t<\/article>\n\t\t\n\t\t<article\t\tclass=\"vp-portfolio__item-wrap post-6060 post type-post status-publish format-standard has-post-thumbnail hentry category-uebungen vp-portfolio__item-uid-35ede88c\" data-vp-filter=\"uebungen\" \t\t>\n\t\t\t\t\t\t\t\t\t<figure class=\"vp-portfolio__item\">\n\t\t\t\t\n<div class=\"vp-portfolio__item-img-wrap\">\n\t<div class=\"vp-portfolio__item-img\">\n\t\t\t<a\n\t\thref=\"https:\/\/feuerwehr-vorau.at\/site\/zugsuebung-im-april\/\"\n\t\taria-label=\"Zugs\u00fcbung im April\" \t>\n\t\n\t\t<noscript><img loading=\"lazy\" loading=\"lazy\" decoding=\"async\" width=\"1280\" height=\"960\" data-skip-lazy src=\"https:\/\/feuerwehr-vorau.at\/site\/wp-content\/uploads\/2026\/04\/zugsuebung_06_1280x.jpg\" class=\"wp-image-6065\" alt=\"\" srcset=\"https:\/\/feuerwehr-vorau.at\/site\/wp-content\/uploads\/2026\/04\/zugsuebung_06_1280x.jpg 1280w, https:\/\/feuerwehr-vorau.at\/site\/wp-content\/uploads\/2026\/04\/zugsuebung_06_1280x-980x735.jpg 980w, https:\/\/feuerwehr-vorau.at\/site\/wp-content\/uploads\/2026\/04\/zugsuebung_06_1280x-480x360.jpg 480w\" sizes=\"(min-width: 0px) and (max-width: 480px) 480px, (min-width: 481px) and (max-width: 980px) 980px, (min-width: 981px) 1280px, 100vw\" \/><\/noscript><img decoding=\"async\" width=\"1280\" height=\"960\" src=\"https:\/\/feuerwehr-vorau.at\/site\/wp-content\/uploads\/2026\/04\/zugsuebung_06_1280x.jpg\" class=\"wp-image-6065 vp-lazyload\" alt srcset=\"data:image\/svg+xml;base64,PHN2ZyB3aWR0aD0iMTI4MCIgaGVpZ2h0PSI5NjAiIHZpZXdCb3g9IjAgMCAxMjgwIDk2MCIgZmlsbD0ibm9uZSIgeG1sbnM9Imh0dHA6Ly93d3cudzMub3JnLzIwMDAvc3ZnIj48L3N2Zz4=\" data-src=\"https:\/\/feuerwehr-vorau.at\/site\/wp-content\/uploads\/2026\/04\/zugsuebung_06_1280x.jpg\" data-srcset=\"https:\/\/feuerwehr-vorau.at\/site\/wp-content\/uploads\/2026\/04\/zugsuebung_06_1280x.jpg 1280w, https:\/\/feuerwehr-vorau.at\/site\/wp-content\/uploads\/2026\/04\/zugsuebung_06_1280x-980x735.jpg 980w, https:\/\/feuerwehr-vorau.at\/site\/wp-content\/uploads\/2026\/04\/zugsuebung_06_1280x-480x360.jpg 480w\" data-sizes=\"auto\" loading=\"eager\">\n\t\t<div class=\"vp-portfolio__item-overlay\">\n\t\t\t\t\t<\/div>\n\n\t\t<\/a>\t<\/div>\n<\/div>\n\n\t<figcaption class=\"vp-portfolio__item-caption vp-portfolio__item-caption-text-align-left\">\n\t\t<div class=\"vp-portfolio__item-meta\">\n\t\t\t\n\n<div class=\"vp-portfolio__item-meta-categories\">\n\t\t\t<div class=\"vp-portfolio__item-meta-category\">\n\t\t\t\t<a\n\t\thref=\"https:\/\/feuerwehr-vorau.at\/site\/wp-json\/wp\/v2\/pages\/75?vp_filter=category%3Auebungen\"\n\t\t\t>\n\t\u00dcbungen<\/a>\t\t<\/div>\n\t\t<\/div>\n\n\n<h2 class=\"vp-portfolio__item-meta-title\">\n\t\t<a\n\t\thref=\"https:\/\/feuerwehr-vorau.at\/site\/zugsuebung-im-april\/\"\n\t\t\t>\n\tZugs\u00fcbung im April<\/a><\/h2>\n\n<div class=\"vp-portfolio__item-meta-inline\">\n\t\n\n<div class=\"vp-portfolio__item-meta-part vp-portfolio__item-meta-date\">\n\t<span class=\"vp-portfolio__item-meta-part-icon\">\n\t\t<span class=\"vp-screen-reader-text\">\n\t\t\tDate\t\t<\/span>\n\t\t\n<svg class=\"vp-svg-icon\" width=\"20\" height=\"20\" viewBox=\"0 0 20 20\" fill=\"none\" xmlns=\"http:\/\/www.w3.org\/2000\/svg\">\n\t<rect x=\"1\" y=\"3.5\" width=\"18\" height=\"15.5\" rx=\"3\" stroke=\"currentColor\" stroke-width=\"1.5\" fill=\"transparent\" \/>\n\t<path d=\"M6 5V1M14 5V1\" stroke=\"currentColor\" stroke-width=\"1.5\" stroke-linecap=\"round\" stroke-linejoin=\"round\" fill=\"transparent\" \/>\n\t<path d=\"M18.5 9H1.5\" stroke=\"currentColor\" stroke-width=\"1.5\" fill=\"transparent\" \/>\n<\/svg>\n\t<\/span>\n\t<span class=\"vp-portfolio__item-meta-part-text\">\n\t\t19. April 2026\t<\/span>\n<\/div>\n\n<\/div>\n\n<div class=\"vp-portfolio__item-meta-excerpt\">\n\t<div>\n\t\tAm Samstag, dem 11.04.2026 fand unsere zweite Zugs\u00fcbung statt. Ge\u00fcbt wurde diesmal der technische Einsatz...\t<\/div>\n<\/div>\n\n<a class=\"vp-portfolio__item-meta-read-more\" href=\"https:\/\/feuerwehr-vorau.at\/site\/zugsuebung-im-april\/\">\n\tMehr Lesen<\/a>\n\t\t<\/div>\n\t<\/figcaption>\n\t\t\t<\/figure>\n\t\t\t\t\t<\/article>\n\t\t\n\t\t<article\t\tclass=\"vp-portfolio__item-wrap post-6051 post type-post status-publish format-standard has-post-thumbnail hentry category-einsaetze vp-portfolio__item-uid-69c78bd9\" data-vp-filter=\"einsaetze\" \t\t>\n\t\t\t\t\t\t\t\t\t<figure class=\"vp-portfolio__item\">\n\t\t\t\t\n<div class=\"vp-portfolio__item-img-wrap\">\n\t<div class=\"vp-portfolio__item-img\">\n\t\t\t<a\n\t\thref=\"https:\/\/feuerwehr-vorau.at\/site\/verkehrsunfall-auf-der-l405-6\/\"\n\t\taria-label=\"Verkehrsunfall auf der L405\" \t>\n\t\n\t\t<noscript><img loading=\"lazy\" loading=\"lazy\" decoding=\"async\" width=\"1600\" height=\"1204\" data-skip-lazy src=\"https:\/\/feuerwehr-vorau.at\/site\/wp-content\/uploads\/2026\/04\/Titel.jpeg\" class=\"wp-image-6052\" alt=\"\" srcset=\"https:\/\/feuerwehr-vorau.at\/site\/wp-content\/uploads\/2026\/04\/Titel.jpeg 1600w, https:\/\/feuerwehr-vorau.at\/site\/wp-content\/uploads\/2026\/04\/Titel-1280x963.jpeg 1280w, https:\/\/feuerwehr-vorau.at\/site\/wp-content\/uploads\/2026\/04\/Titel-980x737.jpeg 980w, https:\/\/feuerwehr-vorau.at\/site\/wp-content\/uploads\/2026\/04\/Titel-480x361.jpeg 480w\" sizes=\"(min-width: 0px) and (max-width: 480px) 480px, (min-width: 481px) and (max-width: 980px) 980px, (min-width: 981px) and (max-width: 1280px) 1280px, (min-width: 1281px) 1600px, 100vw\" \/><\/noscript><img decoding=\"async\" width=\"1600\" height=\"1204\" src=\"https:\/\/feuerwehr-vorau.at\/site\/wp-content\/uploads\/2026\/04\/Titel.jpeg\" class=\"wp-image-6052 vp-lazyload\" alt srcset=\"data:image\/svg+xml;base64,PHN2ZyB3aWR0aD0iMTYwMCIgaGVpZ2h0PSIxMjA0IiB2aWV3Qm94PSIwIDAgMTYwMCAxMjA0IiBmaWxsPSJub25lIiB4bWxucz0iaHR0cDovL3d3dy53My5vcmcvMjAwMC9zdmciPjwvc3ZnPg==\" data-src=\"https:\/\/feuerwehr-vorau.at\/site\/wp-content\/uploads\/2026\/04\/Titel.jpeg\" data-srcset=\"https:\/\/feuerwehr-vorau.at\/site\/wp-content\/uploads\/2026\/04\/Titel.jpeg 1600w, https:\/\/feuerwehr-vorau.at\/site\/wp-content\/uploads\/2026\/04\/Titel-1280x963.jpeg 1280w, https:\/\/feuerwehr-vorau.at\/site\/wp-content\/uploads\/2026\/04\/Titel-980x737.jpeg 980w, https:\/\/feuerwehr-vorau.at\/site\/wp-content\/uploads\/2026\/04\/Titel-480x361.jpeg 480w\" data-sizes=\"auto\" loading=\"eager\">\n\t\t<div class=\"vp-portfolio__item-overlay\">\n\t\t\t\t\t<\/div>\n\n\t\t<\/a>\t<\/div>\n<\/div>\n\n\t<figcaption class=\"vp-portfolio__item-caption vp-portfolio__item-caption-text-align-left\">\n\t\t<div class=\"vp-portfolio__item-meta\">\n\t\t\t\n\n<div class=\"vp-portfolio__item-meta-categories\">\n\t\t\t<div class=\"vp-portfolio__item-meta-category\">\n\t\t\t\t<a\n\t\thref=\"https:\/\/feuerwehr-vorau.at\/site\/wp-json\/wp\/v2\/pages\/75?vp_filter=category%3Aeinsaetze\"\n\t\t\t>\n\tEins\u00e4tze<\/a>\t\t<\/div>\n\t\t<\/div>\n\n\n<h2 class=\"vp-portfolio__item-meta-title\">\n\t\t<a\n\t\thref=\"https:\/\/feuerwehr-vorau.at\/site\/verkehrsunfall-auf-der-l405-6\/\"\n\t\t\t>\n\tVerkehrsunfall auf der L405<\/a><\/h2>\n\n<div class=\"vp-portfolio__item-meta-inline\">\n\t\n\n<div class=\"vp-portfolio__item-meta-part vp-portfolio__item-meta-date\">\n\t<span class=\"vp-portfolio__item-meta-part-icon\">\n\t\t<span class=\"vp-screen-reader-text\">\n\t\t\tDate\t\t<\/span>\n\t\t\n<svg class=\"vp-svg-icon\" width=\"20\" height=\"20\" viewBox=\"0 0 20 20\" fill=\"none\" xmlns=\"http:\/\/www.w3.org\/2000\/svg\">\n\t<rect x=\"1\" y=\"3.5\" width=\"18\" height=\"15.5\" rx=\"3\" stroke=\"currentColor\" stroke-width=\"1.5\" fill=\"transparent\" \/>\n\t<path d=\"M6 5V1M14 5V1\" stroke=\"currentColor\" stroke-width=\"1.5\" stroke-linecap=\"round\" stroke-linejoin=\"round\" fill=\"transparent\" \/>\n\t<path d=\"M18.5 9H1.5\" stroke=\"currentColor\" stroke-width=\"1.5\" fill=\"transparent\" \/>\n<\/svg>\n\t<\/span>\n\t<span class=\"vp-portfolio__item-meta-part-text\">\n\t\t11. April 2026\t<\/span>\n<\/div>\n\n<\/div>\n\n<div class=\"vp-portfolio__item-meta-excerpt\">\n\t<div>\n\t\tAm Freitag, dem 10.04.2026 wurden wir um 06:46Uhr mit stillem Alarm zu einem Verkehrsunfall auf...\t<\/div>\n<\/div>\n\n<a class=\"vp-portfolio__item-meta-read-more\" href=\"https:\/\/feuerwehr-vorau.at\/site\/verkehrsunfall-auf-der-l405-6\/\">\n\tMehr Lesen<\/a>\n\t\t<\/div>\n\t<\/figcaption>\n\t\t\t<\/figure>\n\t\t\t\t\t<\/article>\n\t\t\n\t\t<article\t\tclass=\"vp-portfolio__item-wrap post-6032 post type-post status-publish format-standard has-post-thumbnail hentry category-einsaetze vp-portfolio__item-uid-a6947de5\" data-vp-filter=\"einsaetze\" \t\t>\n\t\t\t\t\t\t\t\t\t<figure class=\"vp-portfolio__item\">\n\t\t\t\t\n<div class=\"vp-portfolio__item-img-wrap\">\n\t<div class=\"vp-portfolio__item-img\">\n\t\t\t<a\n\t\thref=\"https:\/\/feuerwehr-vorau.at\/site\/waldbrand-in-grafendorf\/\"\n\t\taria-label=\"Waldbrand in Grafendorf\" \t>\n\t\n\t\t<noscript><img loading=\"lazy\" loading=\"lazy\" decoding=\"async\" width=\"1024\" height=\"768\" data-skip-lazy src=\"https:\/\/feuerwehr-vorau.at\/site\/wp-content\/uploads\/2026\/03\/waldbrand_08_1024x.jpg\" class=\"wp-image-6041\" alt=\"\" srcset=\"https:\/\/feuerwehr-vorau.at\/site\/wp-content\/uploads\/2026\/03\/waldbrand_08_1024x.jpg 1024w, https:\/\/feuerwehr-vorau.at\/site\/wp-content\/uploads\/2026\/03\/waldbrand_08_1024x-980x735.jpg 980w, https:\/\/feuerwehr-vorau.at\/site\/wp-content\/uploads\/2026\/03\/waldbrand_08_1024x-480x360.jpg 480w\" sizes=\"(min-width: 0px) and (max-width: 480px) 480px, (min-width: 481px) and (max-width: 980px) 980px, (min-width: 981px) 1024px, 100vw\" \/><\/noscript><img decoding=\"async\" width=\"1024\" height=\"768\" src=\"https:\/\/feuerwehr-vorau.at\/site\/wp-content\/uploads\/2026\/03\/waldbrand_08_1024x.jpg\" class=\"wp-image-6041 vp-lazyload\" alt srcset=\"data:image\/svg+xml;base64,PHN2ZyB3aWR0aD0iMTAyNCIgaGVpZ2h0PSI3NjgiIHZpZXdCb3g9IjAgMCAxMDI0IDc2OCIgZmlsbD0ibm9uZSIgeG1sbnM9Imh0dHA6Ly93d3cudzMub3JnLzIwMDAvc3ZnIj48L3N2Zz4=\" data-src=\"https:\/\/feuerwehr-vorau.at\/site\/wp-content\/uploads\/2026\/03\/waldbrand_08_1024x.jpg\" data-srcset=\"https:\/\/feuerwehr-vorau.at\/site\/wp-content\/uploads\/2026\/03\/waldbrand_08_1024x.jpg 1024w, https:\/\/feuerwehr-vorau.at\/site\/wp-content\/uploads\/2026\/03\/waldbrand_08_1024x-980x735.jpg 980w, https:\/\/feuerwehr-vorau.at\/site\/wp-content\/uploads\/2026\/03\/waldbrand_08_1024x-480x360.jpg 480w\" data-sizes=\"auto\" loading=\"eager\">\n\t\t<div class=\"vp-portfolio__item-overlay\">\n\t\t\t\t\t<\/div>\n\n\t\t<\/a>\t<\/div>\n<\/div>\n\n\t<figcaption class=\"vp-portfolio__item-caption vp-portfolio__item-caption-text-align-left\">\n\t\t<div class=\"vp-portfolio__item-meta\">\n\t\t\t\n\n<div class=\"vp-portfolio__item-meta-categories\">\n\t\t\t<div class=\"vp-portfolio__item-meta-category\">\n\t\t\t\t<a\n\t\thref=\"https:\/\/feuerwehr-vorau.at\/site\/wp-json\/wp\/v2\/pages\/75?vp_filter=category%3Aeinsaetze\"\n\t\t\t>\n\tEins\u00e4tze<\/a>\t\t<\/div>\n\t\t<\/div>\n\n\n<h2 class=\"vp-portfolio__item-meta-title\">\n\t\t<a\n\t\thref=\"https:\/\/feuerwehr-vorau.at\/site\/waldbrand-in-grafendorf\/\"\n\t\t\t>\n\tWaldbrand in Grafendorf<\/a><\/h2>\n\n<div class=\"vp-portfolio__item-meta-inline\">\n\t\n\n<div class=\"vp-portfolio__item-meta-part vp-portfolio__item-meta-date\">\n\t<span class=\"vp-portfolio__item-meta-part-icon\">\n\t\t<span class=\"vp-screen-reader-text\">\n\t\t\tDate\t\t<\/span>\n\t\t\n<svg class=\"vp-svg-icon\" width=\"20\" height=\"20\" viewBox=\"0 0 20 20\" fill=\"none\" xmlns=\"http:\/\/www.w3.org\/2000\/svg\">\n\t<rect x=\"1\" y=\"3.5\" width=\"18\" height=\"15.5\" rx=\"3\" stroke=\"currentColor\" stroke-width=\"1.5\" fill=\"transparent\" \/>\n\t<path d=\"M6 5V1M14 5V1\" stroke=\"currentColor\" stroke-width=\"1.5\" stroke-linecap=\"round\" stroke-linejoin=\"round\" fill=\"transparent\" \/>\n\t<path d=\"M18.5 9H1.5\" stroke=\"currentColor\" stroke-width=\"1.5\" fill=\"transparent\" \/>\n<\/svg>\n\t<\/span>\n\t<span class=\"vp-portfolio__item-meta-part-text\">\n\t\t31. M\u00e4rz 2026\t<\/span>\n<\/div>\n\n<\/div>\n\n<div class=\"vp-portfolio__item-meta-excerpt\">\n\t<div>\n\t\tAm Dienstag, dem 31.03.2026 wurde die Feuerwehr Vorau um 13:21 Uhr mit Sirenenalarm zur Unterst\u00fctzung...\t<\/div>\n<\/div>\n\n<a class=\"vp-portfolio__item-meta-read-more\" href=\"https:\/\/feuerwehr-vorau.at\/site\/waldbrand-in-grafendorf\/\">\n\tMehr Lesen<\/a>\n\t\t<\/div>\n\t<\/figcaption>\n\t\t\t<\/figure>\n\t\t\t\t\t<\/article>\n\t\t\n\t\t<article\t\tclass=\"vp-portfolio__item-wrap post-6014 post type-post status-publish format-standard has-post-thumbnail hentry category-einsaetze vp-portfolio__item-uid-7dc1ba52\" data-vp-filter=\"einsaetze\" \t\t>\n\t\t\t\t\t\t\t\t\t<figure class=\"vp-portfolio__item\">\n\t\t\t\t\n<div class=\"vp-portfolio__item-img-wrap\">\n\t<div class=\"vp-portfolio__item-img\">\n\t\t\t<a\n\t\thref=\"https:\/\/feuerwehr-vorau.at\/site\/wirtschaftsgebaeudebrand-in-gschaid-bei-birkfeld\/\"\n\t\taria-label=\"Wirtschaftsgeb\u00e4udebrand in Gschaid bei Birkfeld\" \t>\n\t\n\t\t<noscript><img loading=\"lazy\" loading=\"lazy\" decoding=\"async\" width=\"1024\" height=\"768\" data-skip-lazy src=\"https:\/\/feuerwehr-vorau.at\/site\/wp-content\/uploads\/2026\/03\/brand_gschaid_09_1024x.jpg\" class=\"wp-image-6021\" alt=\"\" srcset=\"https:\/\/feuerwehr-vorau.at\/site\/wp-content\/uploads\/2026\/03\/brand_gschaid_09_1024x.jpg 1024w, https:\/\/feuerwehr-vorau.at\/site\/wp-content\/uploads\/2026\/03\/brand_gschaid_09_1024x-980x735.jpg 980w, https:\/\/feuerwehr-vorau.at\/site\/wp-content\/uploads\/2026\/03\/brand_gschaid_09_1024x-480x360.jpg 480w\" sizes=\"(min-width: 0px) and (max-width: 480px) 480px, (min-width: 481px) and (max-width: 980px) 980px, (min-width: 981px) 1024px, 100vw\" \/><\/noscript><img decoding=\"async\" width=\"1024\" height=\"768\" src=\"https:\/\/feuerwehr-vorau.at\/site\/wp-content\/uploads\/2026\/03\/brand_gschaid_09_1024x.jpg\" class=\"wp-image-6021 vp-lazyload\" alt srcset=\"data:image\/svg+xml;base64,PHN2ZyB3aWR0aD0iMTAyNCIgaGVpZ2h0PSI3NjgiIHZpZXdCb3g9IjAgMCAxMDI0IDc2OCIgZmlsbD0ibm9uZSIgeG1sbnM9Imh0dHA6Ly93d3cudzMub3JnLzIwMDAvc3ZnIj48L3N2Zz4=\" data-src=\"https:\/\/feuerwehr-vorau.at\/site\/wp-content\/uploads\/2026\/03\/brand_gschaid_09_1024x.jpg\" data-srcset=\"https:\/\/feuerwehr-vorau.at\/site\/wp-content\/uploads\/2026\/03\/brand_gschaid_09_1024x.jpg 1024w, https:\/\/feuerwehr-vorau.at\/site\/wp-content\/uploads\/2026\/03\/brand_gschaid_09_1024x-980x735.jpg 980w, https:\/\/feuerwehr-vorau.at\/site\/wp-content\/uploads\/2026\/03\/brand_gschaid_09_1024x-480x360.jpg 480w\" data-sizes=\"auto\" loading=\"eager\">\n\t\t<div class=\"vp-portfolio__item-overlay\">\n\t\t\t\t\t<\/div>\n\n\t\t<\/a>\t<\/div>\n<\/div>\n\n\t<figcaption class=\"vp-portfolio__item-caption vp-portfolio__item-caption-text-align-left\">\n\t\t<div class=\"vp-portfolio__item-meta\">\n\t\t\t\n\n<div class=\"vp-portfolio__item-meta-categories\">\n\t\t\t<div class=\"vp-portfolio__item-meta-category\">\n\t\t\t\t<a\n\t\thref=\"https:\/\/feuerwehr-vorau.at\/site\/wp-json\/wp\/v2\/pages\/75?vp_filter=category%3Aeinsaetze\"\n\t\t\t>\n\tEins\u00e4tze<\/a>\t\t<\/div>\n\t\t<\/div>\n\n\n<h2 class=\"vp-portfolio__item-meta-title\">\n\t\t<a\n\t\thref=\"https:\/\/feuerwehr-vorau.at\/site\/wirtschaftsgebaeudebrand-in-gschaid-bei-birkfeld\/\"\n\t\t\t>\n\tWirtschaftsgeb\u00e4udebrand in Gschaid bei Birkfeld<\/a><\/h2>\n\n<div class=\"vp-portfolio__item-meta-inline\">\n\t\n\n<div class=\"vp-portfolio__item-meta-part vp-portfolio__item-meta-date\">\n\t<span class=\"vp-portfolio__item-meta-part-icon\">\n\t\t<span class=\"vp-screen-reader-text\">\n\t\t\tDate\t\t<\/span>\n\t\t\n<svg class=\"vp-svg-icon\" width=\"20\" height=\"20\" viewBox=\"0 0 20 20\" fill=\"none\" xmlns=\"http:\/\/www.w3.org\/2000\/svg\">\n\t<rect x=\"1\" y=\"3.5\" width=\"18\" height=\"15.5\" rx=\"3\" stroke=\"currentColor\" stroke-width=\"1.5\" fill=\"transparent\" \/>\n\t<path d=\"M6 5V1M14 5V1\" stroke=\"currentColor\" stroke-width=\"1.5\" stroke-linecap=\"round\" stroke-linejoin=\"round\" fill=\"transparent\" \/>\n\t<path d=\"M18.5 9H1.5\" stroke=\"currentColor\" stroke-width=\"1.5\" fill=\"transparent\" \/>\n<\/svg>\n\t<\/span>\n\t<span class=\"vp-portfolio__item-meta-part-text\">\n\t\t29. M\u00e4rz 2026\t<\/span>\n<\/div>\n\n<\/div>\n\n<div class=\"vp-portfolio__item-meta-excerpt\">\n\t<div>\n\t\tAm Samstag, dem 28.03.2026 wurde die Feuerwehr Vorau um 19:17 Uhr mit Sirenenalarm zu einem...\t<\/div>\n<\/div>\n\n<a class=\"vp-portfolio__item-meta-read-more\" href=\"https:\/\/feuerwehr-vorau.at\/site\/wirtschaftsgebaeudebrand-in-gschaid-bei-birkfeld\/\">\n\tMehr Lesen<\/a>\n\t\t<\/div>\n\t<\/figcaption>\n\t\t\t<\/figure>\n\t\t\t\t\t<\/article>\n\t\t\n\t\t<article\t\tclass=\"vp-portfolio__item-wrap post-6003 post type-post status-publish format-standard has-post-thumbnail hentry category-uebungen vp-portfolio__item-uid-fabe1eb0\" data-vp-filter=\"uebungen\" \t\t>\n\t\t\t\t\t\t\t\t\t<figure class=\"vp-portfolio__item\">\n\t\t\t\t\n<div class=\"vp-portfolio__item-img-wrap\">\n\t<div class=\"vp-portfolio__item-img\">\n\t\t\t<a\n\t\thref=\"https:\/\/feuerwehr-vorau.at\/site\/atemschutzleistungspruefung-aslp-erfolgreich-abgelegt\/\"\n\t\taria-label=\"Atemschutzleistungspr\u00fcfung (ASLP) erfolgreich abgelegt\" \t>\n\t\n\t\t<noscript><img loading=\"lazy\" loading=\"lazy\" decoding=\"async\" width=\"1024\" height=\"768\" data-skip-lazy src=\"https:\/\/feuerwehr-vorau.at\/site\/wp-content\/uploads\/2026\/03\/aslp_08_1024x.jpg\" class=\"wp-image-6009\" alt=\"\" srcset=\"https:\/\/feuerwehr-vorau.at\/site\/wp-content\/uploads\/2026\/03\/aslp_08_1024x.jpg 1024w, https:\/\/feuerwehr-vorau.at\/site\/wp-content\/uploads\/2026\/03\/aslp_08_1024x-980x735.jpg 980w, https:\/\/feuerwehr-vorau.at\/site\/wp-content\/uploads\/2026\/03\/aslp_08_1024x-480x360.jpg 480w\" sizes=\"(min-width: 0px) and (max-width: 480px) 480px, (min-width: 481px) and (max-width: 980px) 980px, (min-width: 981px) 1024px, 100vw\" \/><\/noscript><img decoding=\"async\" width=\"1024\" height=\"768\" src=\"https:\/\/feuerwehr-vorau.at\/site\/wp-content\/uploads\/2026\/03\/aslp_08_1024x.jpg\" class=\"wp-image-6009 vp-lazyload\" alt srcset=\"data:image\/svg+xml;base64,PHN2ZyB3aWR0aD0iMTAyNCIgaGVpZ2h0PSI3NjgiIHZpZXdCb3g9IjAgMCAxMDI0IDc2OCIgZmlsbD0ibm9uZSIgeG1sbnM9Imh0dHA6Ly93d3cudzMub3JnLzIwMDAvc3ZnIj48L3N2Zz4=\" data-src=\"https:\/\/feuerwehr-vorau.at\/site\/wp-content\/uploads\/2026\/03\/aslp_08_1024x.jpg\" data-srcset=\"https:\/\/feuerwehr-vorau.at\/site\/wp-content\/uploads\/2026\/03\/aslp_08_1024x.jpg 1024w, https:\/\/feuerwehr-vorau.at\/site\/wp-content\/uploads\/2026\/03\/aslp_08_1024x-980x735.jpg 980w, https:\/\/feuerwehr-vorau.at\/site\/wp-content\/uploads\/2026\/03\/aslp_08_1024x-480x360.jpg 480w\" data-sizes=\"auto\" loading=\"eager\">\n\t\t<div class=\"vp-portfolio__item-overlay\">\n\t\t\t\t\t<\/div>\n\n\t\t<\/a>\t<\/div>\n<\/div>\n\n\t<figcaption class=\"vp-portfolio__item-caption vp-portfolio__item-caption-text-align-left\">\n\t\t<div class=\"vp-portfolio__item-meta\">\n\t\t\t\n\n<div class=\"vp-portfolio__item-meta-categories\">\n\t\t\t<div class=\"vp-portfolio__item-meta-category\">\n\t\t\t\t<a\n\t\thref=\"https:\/\/feuerwehr-vorau.at\/site\/wp-json\/wp\/v2\/pages\/75?vp_filter=category%3Auebungen\"\n\t\t\t>\n\t\u00dcbungen<\/a>\t\t<\/div>\n\t\t<\/div>\n\n\n<h2 class=\"vp-portfolio__item-meta-title\">\n\t\t<a\n\t\thref=\"https:\/\/feuerwehr-vorau.at\/site\/atemschutzleistungspruefung-aslp-erfolgreich-abgelegt\/\"\n\t\t\t>\n\tAtemschutzleistungspr\u00fcfung (ASLP) erfolgreich abgelegt<\/a><\/h2>\n\n<div class=\"vp-portfolio__item-meta-inline\">\n\t\n\n<div class=\"vp-portfolio__item-meta-part vp-portfolio__item-meta-date\">\n\t<span class=\"vp-portfolio__item-meta-part-icon\">\n\t\t<span class=\"vp-screen-reader-text\">\n\t\t\tDate\t\t<\/span>\n\t\t\n<svg class=\"vp-svg-icon\" width=\"20\" height=\"20\" viewBox=\"0 0 20 20\" fill=\"none\" xmlns=\"http:\/\/www.w3.org\/2000\/svg\">\n\t<rect x=\"1\" y=\"3.5\" width=\"18\" height=\"15.5\" rx=\"3\" stroke=\"currentColor\" stroke-width=\"1.5\" fill=\"transparent\" \/>\n\t<path d=\"M6 5V1M14 5V1\" stroke=\"currentColor\" stroke-width=\"1.5\" stroke-linecap=\"round\" stroke-linejoin=\"round\" fill=\"transparent\" \/>\n\t<path d=\"M18.5 9H1.5\" stroke=\"currentColor\" stroke-width=\"1.5\" fill=\"transparent\" \/>\n<\/svg>\n\t<\/span>\n\t<span class=\"vp-portfolio__item-meta-part-text\">\n\t\t29. M\u00e4rz 2026\t<\/span>\n<\/div>\n\n<\/div>\n\n<div class=\"vp-portfolio__item-meta-excerpt\">\n\t<div>\n\t\tAm Samstag, dem 29.03.2026 fand in Veitsch, im Bezirk Bruck-M\u00fcrzzuschlag die Atemschutzleistungspr\u00fcfung f\u00fcr den Feuerwehr-Bereich...\t<\/div>\n<\/div>\n\n<a class=\"vp-portfolio__item-meta-read-more\" href=\"https:\/\/feuerwehr-vorau.at\/site\/atemschutzleistungspruefung-aslp-erfolgreich-abgelegt\/\">\n\tMehr Lesen<\/a>\n\t\t<\/div>\n\t<\/figcaption>\n\t\t\t<\/figure>\n\t\t\t\t\t<\/article>\n\t\t\n\t\t<article\t\tclass=\"vp-portfolio__item-wrap post-5990 post type-post status-publish format-standard has-post-thumbnail hentry category-einsaetze vp-portfolio__item-uid-af116022\" data-vp-filter=\"einsaetze\" \t\t>\n\t\t\t\t\t\t\t\t\t<figure class=\"vp-portfolio__item\">\n\t\t\t\t\n<div class=\"vp-portfolio__item-img-wrap\">\n\t<div class=\"vp-portfolio__item-img\">\n\t\t\t<a\n\t\thref=\"https:\/\/feuerwehr-vorau.at\/site\/baum-auf-hausdach-in-riegersberg\/\"\n\t\taria-label=\"Baum auf Hausdach in Riegersberg\" \t>\n\t\n\t\t<noscript><img loading=\"lazy\" loading=\"lazy\" decoding=\"async\" width=\"1536\" height=\"2048\" data-skip-lazy src=\"https:\/\/feuerwehr-vorau.at\/site\/wp-content\/uploads\/2026\/03\/Titel-2.jpeg\" class=\"wp-image-5991\" alt=\"\" srcset=\"https:\/\/feuerwehr-vorau.at\/site\/wp-content\/uploads\/2026\/03\/Titel-2.jpeg 1536w, https:\/\/feuerwehr-vorau.at\/site\/wp-content\/uploads\/2026\/03\/Titel-2-1280x1707.jpeg 1280w, https:\/\/feuerwehr-vorau.at\/site\/wp-content\/uploads\/2026\/03\/Titel-2-980x1307.jpeg 980w, https:\/\/feuerwehr-vorau.at\/site\/wp-content\/uploads\/2026\/03\/Titel-2-480x640.jpeg 480w\" sizes=\"(min-width: 0px) and (max-width: 480px) 480px, (min-width: 481px) and (max-width: 980px) 980px, (min-width: 981px) and (max-width: 1280px) 1280px, (min-width: 1281px) 1536px, 100vw\" \/><\/noscript><img decoding=\"async\" width=\"1536\" height=\"2048\" src=\"https:\/\/feuerwehr-vorau.at\/site\/wp-content\/uploads\/2026\/03\/Titel-2.jpeg\" class=\"wp-image-5991 vp-lazyload\" alt srcset=\"data:image\/svg+xml;base64,PHN2ZyB3aWR0aD0iMTUzNiIgaGVpZ2h0PSIyMDQ4IiB2aWV3Qm94PSIwIDAgMTUzNiAyMDQ4IiBmaWxsPSJub25lIiB4bWxucz0iaHR0cDovL3d3dy53My5vcmcvMjAwMC9zdmciPjwvc3ZnPg==\" data-src=\"https:\/\/feuerwehr-vorau.at\/site\/wp-content\/uploads\/2026\/03\/Titel-2.jpeg\" data-srcset=\"https:\/\/feuerwehr-vorau.at\/site\/wp-content\/uploads\/2026\/03\/Titel-2.jpeg 1536w, https:\/\/feuerwehr-vorau.at\/site\/wp-content\/uploads\/2026\/03\/Titel-2-1280x1707.jpeg 1280w, https:\/\/feuerwehr-vorau.at\/site\/wp-content\/uploads\/2026\/03\/Titel-2-980x1307.jpeg 980w, https:\/\/feuerwehr-vorau.at\/site\/wp-content\/uploads\/2026\/03\/Titel-2-480x640.jpeg 480w\" data-sizes=\"auto\" loading=\"eager\">\n\t\t<div class=\"vp-portfolio__item-overlay\">\n\t\t\t\t\t<\/div>\n\n\t\t<\/a>\t<\/div>\n<\/div>\n\n\t<figcaption class=\"vp-portfolio__item-caption vp-portfolio__item-caption-text-align-left\">\n\t\t<div class=\"vp-portfolio__item-meta\">\n\t\t\t\n\n<div class=\"vp-portfolio__item-meta-categories\">\n\t\t\t<div class=\"vp-portfolio__item-meta-category\">\n\t\t\t\t<a\n\t\thref=\"https:\/\/feuerwehr-vorau.at\/site\/wp-json\/wp\/v2\/pages\/75?vp_filter=category%3Aeinsaetze\"\n\t\t\t>\n\tEins\u00e4tze<\/a>\t\t<\/div>\n\t\t<\/div>\n\n\n<h2 class=\"vp-portfolio__item-meta-title\">\n\t\t<a\n\t\thref=\"https:\/\/feuerwehr-vorau.at\/site\/baum-auf-hausdach-in-riegersberg\/\"\n\t\t\t>\n\tBaum auf Hausdach in Riegersberg<\/a><\/h2>\n\n<div class=\"vp-portfolio__item-meta-inline\">\n\t\n\n<div class=\"vp-portfolio__item-meta-part vp-portfolio__item-meta-date\">\n\t<span class=\"vp-portfolio__item-meta-part-icon\">\n\t\t<span class=\"vp-screen-reader-text\">\n\t\t\tDate\t\t<\/span>\n\t\t\n<svg class=\"vp-svg-icon\" width=\"20\" height=\"20\" viewBox=\"0 0 20 20\" fill=\"none\" xmlns=\"http:\/\/www.w3.org\/2000\/svg\">\n\t<rect x=\"1\" y=\"3.5\" width=\"18\" height=\"15.5\" rx=\"3\" stroke=\"currentColor\" stroke-width=\"1.5\" fill=\"transparent\" \/>\n\t<path d=\"M6 5V1M14 5V1\" stroke=\"currentColor\" stroke-width=\"1.5\" stroke-linecap=\"round\" stroke-linejoin=\"round\" fill=\"transparent\" \/>\n\t<path d=\"M18.5 9H1.5\" stroke=\"currentColor\" stroke-width=\"1.5\" fill=\"transparent\" \/>\n<\/svg>\n\t<\/span>\n\t<span class=\"vp-portfolio__item-meta-part-text\">\n\t\t28. M\u00e4rz 2026\t<\/span>\n<\/div>\n\n<\/div>\n\n<div class=\"vp-portfolio__item-meta-excerpt\">\n\t<div>\n\t\tAm Samstag, dem 28.03.2026 wurden wir um 07:14 Uhr mit stillem Alarm zu einem Sturmeinsatz...\t<\/div>\n<\/div>\n\n<a class=\"vp-portfolio__item-meta-read-more\" href=\"https:\/\/feuerwehr-vorau.at\/site\/baum-auf-hausdach-in-riegersberg\/\">\n\tMehr Lesen<\/a>\n\t\t<\/div>\n\t<\/figcaption>\n\t\t\t<\/figure>\n\t\t\t\t\t<\/article>\n\t\t\n<\/div>\n\t\t<\/div>\n\t\t\t\t<div class=\"vp-portfolio__layout-elements vp-portfolio__layout-elements-bottom vp-portfolio__layout-elements-align-center\">\n\t\t\t\t<div class=\"vp-portfolio__pagination-wrap\">\n\t\t\n<div class=\"vp-pagination vp-pagination__scroll-top vp-pagination__style-minimal\" data-vp-pagination-type=\"paged\">\n\t\t\t<div class=\"vp-pagination__item vp-pagination__item-active\">\n\t\t\t\t\t\t\t<span>1<\/span>\n\t\t\t\t\t<\/div>\n\t\t\t\t<div class=\"vp-pagination__item\">\n\t\t\t\t\t\t\t<a href=\"https:\/\/feuerwehr-vorau.at\/site\/wp-json\/wp\/v2\/pages\/75?vp_page=2\">\n\t\t\t\t\t2\t\t\t\t<\/a>\n\t\t\t\t\t<\/div>\n\t\t\t\t<div class=\"vp-pagination__item\">\n\t\t\t\t\t\t\t<a href=\"https:\/\/feuerwehr-vorau.at\/site\/wp-json\/wp\/v2\/pages\/75?vp_page=3\">\n\t\t\t\t\t3\t\t\t\t<\/a>\n\t\t\t\t\t<\/div>\n\t\t\t\t<div class=\"vp-pagination__item vp-pagination__item-dots\">\n\t\t\t\t\t\t\t<span>&hellip;<\/span>\n\t\t\t\t\t<\/div>\n\t\t\t\t<div class=\"vp-pagination__item\">\n\t\t\t\t\t\t\t<a href=\"https:\/\/feuerwehr-vorau.at\/site\/wp-json\/wp\/v2\/pages\/75?vp_page=38\">\n\t\t\t\t\t38\t\t\t\t<\/a>\n\t\t\t\t\t<\/div>\n\t\t\t\t<div class=\"vp-pagination__item vp-pagination__item-next\">\n\t\t\t\t\t\t\t<a href=\"https:\/\/feuerwehr-vorau.at\/site\/wp-json\/wp\/v2\/pages\/75?vp_page=2\">\n\t\t\t\t\t\n<svg class=\"vp-svg-icon\" width=\"20\" height=\"20\" viewBox=\"0 0 20 20\" fill=\"none\" xmlns=\"http:\/\/www.w3.org\/2000\/svg\">\n\t<path d=\"M3 10H17\" stroke=\"currentColor\" stroke-width=\"1.5\" stroke-linecap=\"round\" stroke-linejoin=\"round\" fill=\"transparent\" \/>\n\t<path d=\"M11 4L17 10L11 16\" stroke=\"currentColor\" stroke-width=\"1.5\" stroke-linecap=\"round\" stroke-linejoin=\"round\" fill=\"transparent\" \/>\n<\/svg>\n\t\t\t\t<\/a>\n\t\t\t\t\t<\/div>\n\t\t<\/div>\n\t\t<\/div>\n\t\t\t\t<\/div>\n\t\t\n<\/div>\n[\/et_pb_text][\/et_pb_column][\/et_pb_row][\/et_pb_section][et_pb_section fb_built=&#8220;1&#8243; _builder_version=&#8220;4.18.0&#8243; _module_preset=&#8220;default&#8220; background_color=&#8220;#f4f5f8&#8243; custom_padding=&#8220;0px||0px||false|false&#8220; global_module=&#8220;437&#8243; saved_tabs=&#8220;all&#8220; locked=&#8220;off&#8220; global_colors_info=&#8220;{}&#8220;][et_pb_row column_structure=&#8220;2_5,3_5&#8243; use_custom_gutter=&#8220;on&#8220; make_equal=&#8220;on&#8220; _builder_version=&#8220;4.18.0&#8243; _module_preset=&#8220;default&#8220; width=&#8220;100%&#8220; max_width=&#8220;100%&#8220; custom_padding=&#8220;0px||0px||true|false&#8220; global_colors_info=&#8220;{}&#8220;][et_pb_column type=&#8220;2_5&#8243; _builder_version=&#8220;4.18.0&#8243; _module_preset=&#8220;default&#8220; custom_padding=&#8220;200px|100px|200px|10vw|true|false&#8220; custom_padding_tablet=&#8220;100px||100px||false|false&#8220; custom_padding_phone=&#8220;100px|20px|100px|20px|false|false&#8220; custom_padding_last_edited=&#8220;on|tablet&#8220; global_colors_info=&#8220;{}&#8220;][et_pb_text _builder_version=&#8220;4.18.0&#8243; _module_preset=&#8220;default&#8220; header_2_font=&#8220;|600|||||||&#8220; header_2_text_align=&#8220;left&#8220; header_2_font_size=&#8220;35px&#8220; custom_padding=&#8220;||5px||false|false&#8220; header_2_text_align_tablet=&#8220;&#8220; header_2_text_align_phone=&#8220;center&#8220; header_2_text_align_last_edited=&#8220;on|phone&#8220; text_orientation_tablet=&#8220;&#8220; text_orientation_phone=&#8220;center&#8220; text_orientation_last_edited=&#8220;on|phone&#8220; global_colors_info=&#8220;{}&#8220;]<\/p>\n<h2>Bist du bereit?<\/h2>\n<p>[\/et_pb_text][et_pb_text _builder_version=&#8220;4.18.0&#8243; _module_preset=&#8220;default&#8220; header_2_font=&#8220;Montserrat|||on|||||&#8220; header_2_text_align=&#8220;left&#8220; header_2_text_color=&#8220;gcid-483c764e-6191-4fe0-975f-40f04e068945&#8243; header_2_font_size=&#8220;16px&#8220; header_2_letter_spacing=&#8220;2px&#8220; header_2_line_height=&#8220;1.3em&#8220; custom_padding=&#8220;||7px||false|false&#8220; header_2_text_align_tablet=&#8220;&#8220; header_2_text_align_phone=&#8220;center&#8220; header_2_text_align_last_edited=&#8220;on|phone&#8220; global_colors_info=&#8220;{%22gcid-483c764e-6191-4fe0-975f-40f04e068945%22:%91%22header_2_text_color%22%93}&#8220;]<\/p>\n<h2>Kameradschaft &amp; Hilfsbereitschaft<\/h2>\n<p>[\/et_pb_text][et_pb_text _builder_version=&#8220;4.18.0&#8243; _module_preset=&#8220;default&#8220; text_font_size=&#8220;16px&#8220; width=&#8220;80%&#8220; module_alignment=&#8220;left&#8220; custom_padding=&#8220;||15px||false|false&#8220; text_font_size_tablet=&#8220;&#8220; text_font_size_phone=&#8220;&#8220; text_font_size_last_edited=&#8220;on|phone&#8220; text_orientation_tablet=&#8220;&#8220; text_orientation_phone=&#8220;center&#8220; text_orientation_last_edited=&#8220;on|phone&#8220; module_alignment_tablet=&#8220;&#8220; module_alignment_phone=&#8220;center&#8220; module_alignment_last_edited=&#8220;on|phone&#8220; global_colors_info=&#8220;{}&#8220;]<\/p>\n<p>Werde jetzt Mitglied bei der freiwilligen Feuerwehr Vorau! Trag deinen Teil zur Gemeinschaft bei! Wir bieten Abwechslung, Ausbildung und mehr!<\/p>\n<p>[\/et_pb_text][et_pb_button button_url=&#8220;@ET-DC@eyJkeW5hbWljIjp0cnVlLCJjb250ZW50IjoicG9zdF9saW5rX3VybF9wYWdlIiwic2V0dGluZ3MiOnsicG9zdF9pZCI6IjYxIn19@&#8220; button_text=&#8220;Mitglied werden&#8220; button_alignment=&#8220;left&#8220; button_alignment_tablet=&#8220;&#8220; button_alignment_phone=&#8220;center&#8220; button_alignment_last_edited=&#8220;on|phone&#8220; _builder_version=&#8220;4.18.0&#8243; _dynamic_attributes=&#8220;button_url&#8220; _module_preset=&#8220;default&#8220; custom_button=&#8220;on&#8220; button_text_size=&#8220;16px&#8220; button_text_color=&#8220;#FFFFFF&#8220; button_bg_color=&#8220;gcid-483c764e-6191-4fe0-975f-40f04e068945&#8243; button_border_width=&#8220;0px&#8220; button_icon=&#8220;&#x24;||divi||400&#8243; box_shadow_style=&#8220;preset3&#8243; box_shadow_color=&#8220;rgba(0,0,0,0.2)&#8220; locked=&#8220;off&#8220; global_colors_info=&#8220;{%22gcid-483c764e-6191-4fe0-975f-40f04e068945%22:%91%22button_bg_color%22%93}&#8220;][\/et_pb_button][\/et_pb_column][et_pb_column type=&#8220;3_5&#8243; _builder_version=&#8220;4.18.0&#8243; _module_preset=&#8220;default&#8220; global_colors_info=&#8220;{}&#8220;][et_pb_code _builder_version=&#8220;4.18.0&#8243; _module_preset=&#8220;default&#8220; background_image=&#8220;https:\/\/feuerwehr-vorau.at\/site\/wp-content\/uploads\/2022\/09\/Feuerwehr-Vorau-Jetzt-Mitglied-Werden.jpg&#8220; background_position=&#8220;top_left&#8220; background_horizontal_offset=&#8220;43%&#8220; min_height=&#8220;100%&#8220; min_height_tablet=&#8220;300px&#8220; min_height_phone=&#8220;160px&#8220; min_height_last_edited=&#8220;on|tablet&#8220; global_colors_info=&#8220;{}&#8220;][\/et_pb_code][\/et_pb_column][\/et_pb_row][\/et_pb_section]<\/p>\n","protected":false},"excerpt":{"rendered":"<p>[et_pb_section fb_built=&#8220;1&#8243; custom_padding_last_edited=&#8220;on|tablet&#8220; _builder_version=&#8220;4.18.0&#8243; _module_preset=&#8220;default&#8220; background_color=&#8220;#f4f5f8&#8243; custom_padding=&#8220;5px||0px||false|false&#8220; custom_padding_tablet=&#8220;0px||||false|false&#8220; custom_padding_phone=&#8220;0px||||false|false&#8220; locked=&#8220;off&#8220; global_colors_info=&#8220;{}&#8220;][et_pb_row use_custom_gutter=&#8220;on&#8220; custom_padding_last_edited=&#8220;on|tablet&#8220; _builder_version=&#8220;4.18.0&#8243; _module_preset=&#8220;default&#8220; width_tablet=&#8220;100%&#8220; width_phone=&#8220;100%&#8220; width_last_edited=&#8220;on|phone&#8220; custom_padding=&#8220;||9px|||&#8220; custom_padding_tablet=&#8220;0px||9px||false|false&#8220; custom_padding_phone=&#8220;0px||9px||false|false&#8220; global_colors_info=&#8220;{}&#8220;][et_pb_column type=&#8220;4_4&#8243; _builder_version=&#8220;4.17.4&#8243; _module_preset=&#8220;default&#8220; global_colors_info=&#8220;{}&#8220;][et_pb_code _builder_version=&#8220;4.18.0&#8243; _dynamic_attributes=&#8220;background_image&#8220; _module_preset=&#8220;default&#8220; background_image=&#8220;@ET-DC@eyJkeW5hbWljIjp0cnVlLCJjb250ZW50IjoicG9zdF9mZWF0dXJlZF9pbWFnZSIsInNldHRpbmdzIjp7fX0=@&#8220; min_height=&#8220;470px&#8220; min_height_tablet=&#8220;300px&#8220; min_height_phone=&#8220;200px&#8220; min_height_last_edited=&#8220;on|tablet&#8220; custom_margin=&#8220;||20px||false|false&#8220; custom_padding=&#8220;||0px||false|false&#8220; global_colors_info=&#8220;{}&#8220;][\/et_pb_code][et_pb_text _builder_version=&#8220;4.18.0&#8243; _dynamic_attributes=&#8220;content&#8220; _module_preset=&#8220;default&#8220; header_font=&#8220;|600|||||||&#8220; header_text_align=&#8220;center&#8220; header_font_size=&#8220;35px&#8220; header_2_font=&#8220;|600|||||||&#8220; header_2_text_align=&#8220;center&#8220; header_2_font_size=&#8220;35px&#8220; custom_padding=&#8220;||5px||false|false&#8220; global_colors_info=&#8220;{}&#8220;]@ET-DC@eyJkeW5hbWljIjp0cnVlLCJjb250ZW50IjoicG9zdF90aXRsZSIsInNldHRpbmdzIjp7ImJlZm9yZSI6IjxoMT4iLCJhZnRlciI6IjwvaDE+In19@[\/et_pb_text][et_pb_text content_tablet=&#8220; Freiwillige Feuerwehr Vorau &#8220; content_phone=&#8220; FF [&hellip;]<\/p>\n","protected":false},"author":1,"featured_media":15,"parent":0,"menu_order":2,"comment_status":"closed","ping_status":"closed","template":"","meta":{"_et_pb_use_builder":"on","_et_pb_old_content":"","_et_gb_content_width":"","inline_featured_image":false,"_vp_format_video_url":"","_vp_image_focal_point":[],"footnotes":""},"class_list":["post-75","page","type-page","status-publish","has-post-thumbnail","hentry"],"_links":{"self":[{"href":"https:\/\/feuerwehr-vorau.at\/site\/wp-json\/wp\/v2\/pages\/75","targetHints":{"allow":["GET"]}}],"collection":[{"href":"https:\/\/feuerwehr-vorau.at\/site\/wp-json\/wp\/v2\/pages"}],"about":[{"href":"https:\/\/feuerwehr-vorau.at\/site\/wp-json\/wp\/v2\/types\/page"}],"author":[{"embeddable":true,"href":"https:\/\/feuerwehr-vorau.at\/site\/wp-json\/wp\/v2\/users\/1"}],"replies":[{"embeddable":true,"href":"https:\/\/feuerwehr-vorau.at\/site\/wp-json\/wp\/v2\/comments?post=75"}],"version-history":[{"count":4,"href":"https:\/\/feuerwehr-vorau.at\/site\/wp-json\/wp\/v2\/pages\/75\/revisions"}],"predecessor-version":[{"id":5219,"href":"https:\/\/feuerwehr-vorau.at\/site\/wp-json\/wp\/v2\/pages\/75\/revisions\/5219"}],"wp:featuredmedia":[{"embeddable":true,"href":"https:\/\/feuerwehr-vorau.at\/site\/wp-json\/wp\/v2\/media\/15"}],"wp:attachment":[{"href":"https:\/\/feuerwehr-vorau.at\/site\/wp-json\/wp\/v2\/media?parent=75"}],"curies":[{"name":"wp","href":"https:\/\/api.w.org\/{rel}","templated":true}]}}