{"id":73,"date":"2022-09-21T08:38:46","date_gmt":"2022-09-21T06:38:46","guid":{"rendered":"https:\/\/feuerwehr-vorau.at\/site\/?page_id=73"},"modified":"2022-10-27T18:08:00","modified_gmt":"2022-10-27T16:08:00","slug":"schutzausruestung","status":"publish","type":"page","link":"https:\/\/feuerwehr-vorau.at\/site\/ausruestung\/schutzausruestung\/","title":{"rendered":"Schutzausr\u00fcstung"},"content":{"rendered":"<p>[et_pb_section fb_built=&#8220;1&#8243; _builder_version=&#8220;4.18.0&#8243; _module_preset=&#8220;default&#8220; background_color=&#8220;#f4f5f8&#8243; custom_padding=&#8220;5px||0px||false|false&#8220; hover_enabled=&#8220;0&#8243; locked=&#8220;off&#8220; global_colors_info=&#8220;{}&#8220; custom_padding_last_edited=&#8220;on|tablet&#8220; custom_padding_tablet=&#8220;0px||0px||false|false&#8220; sticky_enabled=&#8220;0&#8243; custom_padding_phone=&#8220;0px||0px||false|false&#8220;][et_pb_row use_custom_gutter=&#8220;on&#8220; _builder_version=&#8220;4.18.0&#8243; _module_preset=&#8220;default&#8220; custom_padding=&#8220;||9px|||&#8220; hover_enabled=&#8220;0&#8243; global_colors_info=&#8220;{}&#8220; width_last_edited=&#8220;on|phone&#8220; width_tablet=&#8220;100%&#8220; sticky_enabled=&#8220;0&#8243; custom_padding_last_edited=&#8220;on|phone&#8220; custom_padding_phone=&#8220;0px||9px||false|false&#8220; custom_padding_tablet=&#8220;0px||||false|false&#8220; width_phone=&#8220;100%&#8220;][et_pb_column type=&#8220;4_4&#8243; _builder_version=&#8220;4.17.4&#8243; _module_preset=&#8220;default&#8220; global_colors_info=&#8220;{}&#8220;][et_pb_code _builder_version=&#8220;4.18.0&#8243; _dynamic_attributes=&#8220;background_image&#8220; _module_preset=&#8220;default&#8220; background_image=&#8220;@ET-DC@eyJkeW5hbWljIjp0cnVlLCJjb250ZW50IjoicG9zdF9mZWF0dXJlZF9pbWFnZSIsInNldHRpbmdzIjp7fX0=@&#8220; background_position=&#8220;top_center&#8220; min_height=&#8220;460px&#8220; min_height_tablet=&#8220;300px&#8220; min_height_phone=&#8220;200px&#8220; min_height_last_edited=&#8220;on|tablet&#8220; custom_margin=&#8220;||20px||false|false&#8220; custom_padding=&#8220;||0px||false|false&#8220; global_colors_info=&#8220;{}&#8220;][\/et_pb_code][et_pb_text _builder_version=&#8220;4.18.0&#8243; _dynamic_attributes=&#8220;content&#8220; _module_preset=&#8220;default&#8220; header_font=&#8220;|600|||||||&#8220; header_text_align=&#8220;center&#8220; header_font_size=&#8220;35px&#8220; header_2_font=&#8220;|600|||||||&#8220; header_2_text_align=&#8220;center&#8220; header_2_font_size=&#8220;35px&#8220; custom_padding=&#8220;||5px||false|false&#8220; global_colors_info=&#8220;{}&#8220;]@ET-DC@eyJkeW5hbWljIjp0cnVlLCJjb250ZW50IjoicG9zdF90aXRsZSIsInNldHRpbmdzIjp7ImJlZm9yZSI6IjxoMT4iLCJhZnRlciI6IjwvaDE+In19@[\/et_pb_text][et_pb_text content_tablet=&#8220;<\/p>\n<h2>Freiwillige Feuerwehr Vorau<\/h2>\n<p>&#8220; content_phone=&#8220;<\/p>\n<h2>FF VORAU<\/h2>\n<p>&#8220; content_last_edited=&#8220;on|tablet&#8220; _builder_version=&#8220;4.18.0&#8243; _module_preset=&#8220;default&#8220; header_2_font=&#8220;Montserrat|||on|||||&#8220; header_2_text_align=&#8220;center&#8220; header_2_text_color=&#8220;gcid-483c764e-6191-4fe0-975f-40f04e068945&#8243; header_2_font_size=&#8220;16px&#8220; header_2_letter_spacing=&#8220;2px&#8220; custom_padding=&#8220;||7px||false|false&#8220; global_colors_info=&#8220;{%22gcid-483c764e-6191-4fe0-975f-40f04e068945%22:%91%22header_2_text_color%22%93}&#8220;]<\/p>\n<h2>Freiwillige Feuerwehr Vorau<\/h2>\n<p>[\/et_pb_text][\/et_pb_column][\/et_pb_row][\/et_pb_section][et_pb_section fb_built=&#8220;1&#8243; _builder_version=&#8220;4.18.0&#8243; _module_preset=&#8220;default&#8220; locked=&#8220;off&#8220; global_colors_info=&#8220;{}&#8220;][et_pb_row column_structure=&#8220;1_2,1_2&#8243; use_custom_gutter=&#8220;on&#8220; make_equal=&#8220;on&#8220; _builder_version=&#8220;4.18.0&#8243; _module_preset=&#8220;default&#8220; border_width_bottom=&#8220;1px&#8220; border_color_bottom=&#8220;rgba(0,0,0,0.1)&#8220; global_colors_info=&#8220;{}&#8220;][et_pb_column type=&#8220;1_2&#8243; _builder_version=&#8220;4.18.0&#8243; _module_preset=&#8220;default&#8220; custom_padding=&#8220;|50px|||false|false&#8220; global_colors_info=&#8220;{}&#8220;][et_pb_text _builder_version=&#8220;4.18.0&#8243; _module_preset=&#8220;default&#8220; header_2_font=&#8220;|600|||||||&#8220; header_2_font_size=&#8220;30px&#8220; custom_padding=&#8220;||15px||false|false&#8220; global_colors_info=&#8220;{}&#8220;]<\/p>\n<h2>Schutzjacke und -hose<\/h2>\n<p>[\/et_pb_text][et_pb_divider color=&#8220;gcid-483c764e-6191-4fe0-975f-40f04e068945&#8243; divider_weight=&#8220;2px&#8220; _builder_version=&#8220;4.18.0&#8243; _module_preset=&#8220;default&#8220; width=&#8220;250px&#8220; width_tablet=&#8220;249px&#8220; width_phone=&#8220;249px&#8220; width_last_edited=&#8220;on|tablet&#8220; global_colors_info=&#8220;{%22gcid-483c764e-6191-4fe0-975f-40f04e068945%22:%91%22color%22%93}&#8220;][\/et_pb_divider][et_pb_text _builder_version=&#8220;4.18.0&#8243; _module_preset=&#8220;default&#8220; custom_padding=&#8220;||20px||false|false&#8220; global_colors_info=&#8220;{}&#8220;]<\/p>\n<p>Schutzanzug der Marke TEXPORT\u00ae, Model Fire KS04 (Steiermark).<\/p>\n<p>Bestehend aus Schutzjacke und Hose, aus flammhemmendem Material.<\/p>\n<p>Dunkelblau mit Reflexstreifen Silber und Gelb zur besseren Erkennbarkeit.<\/p>\n<p>Zertifiziert nach EN 1149-5:2008 und EN 469:2005+A1:2006 xf2 xr2 y2 z2.<\/p>\n<p><span class=\"content\">\u00a0<\/span><\/p>\n<p>[\/et_pb_text][\/et_pb_column][et_pb_column type=&#8220;1_2&#8243; _builder_version=&#8220;4.18.0&#8243; _module_preset=&#8220;default&#8220; custom_padding=&#8220;||||false|false&#8220; global_colors_info=&#8220;{}&#8220;][et_pb_image src=&#8220;https:\/\/feuerwehr-vorau.at\/site\/wp-content\/uploads\/2022\/10\/Schutzjacke-und-Hose.jpg&#8220; title_text=&#8220;Schutzjacke-und-Hose&#8220; show_in_lightbox=&#8220;on&#8220; _builder_version=&#8220;4.18.0&#8243; _module_preset=&#8220;default&#8220; global_colors_info=&#8220;{}&#8220;][\/et_pb_image][\/et_pb_column][\/et_pb_row][et_pb_row column_structure=&#8220;1_2,1_2&#8243; use_custom_gutter=&#8220;on&#8220; make_equal=&#8220;on&#8220; _builder_version=&#8220;4.18.0&#8243; _module_preset=&#8220;default&#8220; border_width_bottom=&#8220;1px&#8220; border_color_bottom=&#8220;rgba(0,0,0,0.1)&#8220; global_colors_info=&#8220;{}&#8220;][et_pb_column type=&#8220;1_2&#8243; _builder_version=&#8220;4.18.0&#8243; _module_preset=&#8220;default&#8220; custom_padding=&#8220;|50px|||false|false&#8220; global_colors_info=&#8220;{}&#8220;][et_pb_text _builder_version=&#8220;4.18.0&#8243; _module_preset=&#8220;default&#8220; header_2_font=&#8220;|600|||||||&#8220; header_2_font_size=&#8220;30px&#8220; custom_padding=&#8220;||15px||false|false&#8220; global_colors_info=&#8220;{}&#8220;]<\/p>\n<h2>Helm<\/h2>\n<p>[\/et_pb_text][et_pb_divider color=&#8220;gcid-483c764e-6191-4fe0-975f-40f04e068945&#8243; divider_weight=&#8220;2px&#8220; _builder_version=&#8220;4.18.0&#8243; _module_preset=&#8220;default&#8220; width=&#8220;250px&#8220; width_tablet=&#8220;249px&#8220; width_phone=&#8220;249px&#8220; width_last_edited=&#8220;on|tablet&#8220; global_colors_info=&#8220;{%22gcid-483c764e-6191-4fe0-975f-40f04e068945%22:%91%22color%22,%22color%22,%22color%22%93}&#8220;][\/et_pb_divider][et_pb_text _builder_version=&#8220;4.18.0&#8243; _module_preset=&#8220;default&#8220; custom_padding=&#8220;||20px||false|false&#8220; global_colors_info=&#8220;{}&#8220;]<\/p>\n<p>Feuerwehrhelm der Marke Rosenbauer, Type HEROS Titan.<\/p>\n<p>Widerstandsf\u00e4hig gegen Strahlungshitze und Flammber\u00fchrung.<\/p>\n<p>Erf\u00fcllt die Normen und Zertifizierungen f\u00fcr Feuerwehrhelme: EN 443:2008, EN 16471, EN 16473 und ISO 16073:2011.<\/p>\n<p><span class=\"content\">\u00a0<\/span><\/p>\n<p>[\/et_pb_text][\/et_pb_column][et_pb_column type=&#8220;1_2&#8243; _builder_version=&#8220;4.18.0&#8243; _module_preset=&#8220;default&#8220; custom_padding=&#8220;||||false|false&#8220; global_colors_info=&#8220;{}&#8220;][et_pb_image src=&#8220;https:\/\/feuerwehr-vorau.at\/site\/wp-content\/uploads\/2022\/10\/helm_.jpg&#8220; title_text=&#8220;helm_&#8220; show_in_lightbox=&#8220;on&#8220; align=&#8220;right&#8220; align_tablet=&#8220;center&#8220; align_phone=&#8220;center&#8220; align_last_edited=&#8220;on|tablet&#8220; _builder_version=&#8220;4.18.0&#8243; _module_preset=&#8220;default&#8220; width_tablet=&#8220;40%&#8220; width_phone=&#8220;100%&#8220; width_last_edited=&#8220;on|tablet&#8220; module_alignment_tablet=&#8220;left&#8220; module_alignment_phone=&#8220;left&#8220; module_alignment_last_edited=&#8220;on|tablet&#8220; global_colors_info=&#8220;{}&#8220;][\/et_pb_image][\/et_pb_column][\/et_pb_row][et_pb_row column_structure=&#8220;1_2,1_2&#8243; make_equal=&#8220;on&#8220; _builder_version=&#8220;4.18.0&#8243; _module_preset=&#8220;default&#8220; border_color_bottom=&#8220;rgba(0,0,0,0.1)&#8220; global_colors_info=&#8220;{}&#8220;][et_pb_column type=&#8220;1_2&#8243; _builder_version=&#8220;4.18.0&#8243; _module_preset=&#8220;default&#8220; custom_padding=&#8220;|50px|||false|false&#8220; global_colors_info=&#8220;{}&#8220;][et_pb_text _builder_version=&#8220;4.18.0&#8243; _module_preset=&#8220;default&#8220; header_2_font=&#8220;|600|||||||&#8220; header_2_font_size=&#8220;30px&#8220; custom_padding=&#8220;||15px||false|false&#8220; global_colors_info=&#8220;{}&#8220;]<\/p>\n<h2>Einsatzstiefel<\/h2>\n<p>[\/et_pb_text][et_pb_divider color=&#8220;gcid-483c764e-6191-4fe0-975f-40f04e068945&#8243; divider_weight=&#8220;2px&#8220; _builder_version=&#8220;4.18.0&#8243; _module_preset=&#8220;default&#8220; width=&#8220;250px&#8220; width_tablet=&#8220;249px&#8220; width_phone=&#8220;249px&#8220; width_last_edited=&#8220;on|tablet&#8220; global_colors_info=&#8220;{%22gcid-483c764e-6191-4fe0-975f-40f04e068945%22:%91%22color%22,%22color%22%93}&#8220;][\/et_pb_divider][et_pb_text _builder_version=&#8220;4.18.0&#8243; _module_preset=&#8220;default&#8220; custom_padding=&#8220;||20px||false|false&#8220; global_colors_info=&#8220;{}&#8220;]<\/p>\n<p>Einsatzstiefel der Marke HAIX, Type Fire Eagle High, aus Leder mit Stahlkappe und durchtrittsicherer Sohle.<\/p>\n<p><span class=\"content\">\u00a0<\/span><\/p>\n<p>[\/et_pb_text][\/et_pb_column][et_pb_column type=&#8220;1_2&#8243; _builder_version=&#8220;4.18.0&#8243; _module_preset=&#8220;default&#8220; custom_padding=&#8220;||||false|false&#8220; global_colors_info=&#8220;{}&#8220;][et_pb_image src=&#8220;https:\/\/feuerwehr-vorau.at\/site\/wp-content\/uploads\/2022\/10\/Ausruestung_Stiefel-1.webp&#8220; title_text=&#8220;Ausr\u00fcstung_Stiefel&#8220; show_in_lightbox=&#8220;on&#8220; align=&#8220;right&#8220; align_tablet=&#8220;left&#8220; align_phone=&#8220;left&#8220; align_last_edited=&#8220;on|tablet&#8220; _builder_version=&#8220;4.18.0&#8243; _module_preset=&#8220;default&#8220; width_tablet=&#8220;40%&#8220; width_phone=&#8220;100%&#8220; width_last_edited=&#8220;on|tablet&#8220; global_colors_info=&#8220;{}&#8220;][\/et_pb_image][\/et_pb_column][\/et_pb_row][et_pb_row column_structure=&#8220;2_3,1_3&#8243; make_equal=&#8220;on&#8220; disabled_on=&#8220;on|on|on&#8220; _builder_version=&#8220;4.18.0&#8243; _module_preset=&#8220;default&#8220; border_width_bottom=&#8220;1px&#8220; border_color_bottom=&#8220;rgba(0,0,0,0.1)&#8220; disabled=&#8220;on&#8220; global_colors_info=&#8220;{}&#8220;][et_pb_column type=&#8220;2_3&#8243; _builder_version=&#8220;4.18.0&#8243; _module_preset=&#8220;default&#8220; custom_padding=&#8220;|50px|||false|false&#8220; global_colors_info=&#8220;{}&#8220;][et_pb_text _builder_version=&#8220;4.18.0&#8243; _module_preset=&#8220;default&#8220; header_2_font=&#8220;|600|||||||&#8220; header_2_font_size=&#8220;30px&#8220; custom_padding=&#8220;||15px||false|false&#8220; global_colors_info=&#8220;{}&#8220;]<\/p>\n<h2>Handschuhe<\/h2>\n<p>[\/et_pb_text][et_pb_divider color=&#8220;gcid-483c764e-6191-4fe0-975f-40f04e068945&#8243; divider_weight=&#8220;2px&#8220; _builder_version=&#8220;4.18.0&#8243; _module_preset=&#8220;default&#8220; width=&#8220;250px&#8220; width_tablet=&#8220;249px&#8220; width_phone=&#8220;249px&#8220; width_last_edited=&#8220;on|tablet&#8220; global_colors_info=&#8220;{%22gcid-483c764e-6191-4fe0-975f-40f04e068945%22:%91%22color%22,%22color%22%93}&#8220;][\/et_pb_divider][et_pb_text _builder_version=&#8220;4.18.0&#8243; _module_preset=&#8220;default&#8220; custom_padding=&#8220;||20px||false|false&#8220; global_colors_info=&#8220;{}&#8220;]<\/p>\n<p><span class=\"content\">Schutzhandschuhe aus Leder, mit Reflexstreifen am Handr\u00fccken.<br \/>Entsprechen der Norm: EN659:2003<\/span><\/p>\n<p>[\/et_pb_text][\/et_pb_column][et_pb_column type=&#8220;1_3&#8243; _builder_version=&#8220;4.18.0&#8243; _module_preset=&#8220;default&#8220; custom_padding=&#8220;||||false|false&#8220; global_colors_info=&#8220;{}&#8220;][et_pb_image src=&#8220;https:\/\/feuerwehr-vorau.at\/site\/wp-content\/uploads\/2022\/09\/Handschuhe.jpg&#8220; title_text=&#8220;Handschuhe&#8220; show_in_lightbox=&#8220;on&#8220; align=&#8220;right&#8220; align_tablet=&#8220;left&#8220; align_phone=&#8220;left&#8220; align_last_edited=&#8220;on|tablet&#8220; _builder_version=&#8220;4.18.0&#8243; _module_preset=&#8220;default&#8220; width_tablet=&#8220;40%&#8220; width_phone=&#8220;100%&#8220; width_last_edited=&#8220;on|tablet&#8220; global_colors_info=&#8220;{}&#8220;][\/et_pb_image][\/et_pb_column][\/et_pb_row][\/et_pb_section]<\/p>\n","protected":false},"excerpt":{"rendered":"<p>Freiwillige Feuerwehr VorauSchutzjacke und -hoseSchutzanzug der Marke TEXPORT\u00ae, Model Fire KS04 (Steiermark). Bestehend aus Schutzjacke und Hose, aus flammhemmendem Material. Dunkelblau mit Reflexstreifen Silber und Gelb zur besseren Erkennbarkeit. Zertifiziert nach EN 1149-5:2008 und EN 469:2005+A1:2006 xf2 xr2 y2 z2. \u00a0HelmFeuerwehrhelm der Marke Rosenbauer, Type HEROS Titan. Widerstandsf\u00e4hig gegen Strahlungshitze und Flammber\u00fchrung. Erf\u00fcllt die Normen [&hellip;]<\/p>\n","protected":false},"author":1,"featured_media":1083,"parent":69,"menu_order":0,"comment_status":"closed","ping_status":"closed","template":"","meta":{"_et_pb_use_builder":"on","_et_pb_old_content":"","_et_gb_content_width":"","inline_featured_image":false,"_vp_format_video_url":"","_vp_image_focal_point":[],"footnotes":""},"class_list":["post-73","page","type-page","status-publish","has-post-thumbnail","hentry"],"_links":{"self":[{"href":"https:\/\/feuerwehr-vorau.at\/site\/wp-json\/wp\/v2\/pages\/73","targetHints":{"allow":["GET"]}}],"collection":[{"href":"https:\/\/feuerwehr-vorau.at\/site\/wp-json\/wp\/v2\/pages"}],"about":[{"href":"https:\/\/feuerwehr-vorau.at\/site\/wp-json\/wp\/v2\/types\/page"}],"author":[{"embeddable":true,"href":"https:\/\/feuerwehr-vorau.at\/site\/wp-json\/wp\/v2\/users\/1"}],"replies":[{"embeddable":true,"href":"https:\/\/feuerwehr-vorau.at\/site\/wp-json\/wp\/v2\/comments?post=73"}],"version-history":[{"count":0,"href":"https:\/\/feuerwehr-vorau.at\/site\/wp-json\/wp\/v2\/pages\/73\/revisions"}],"up":[{"embeddable":true,"href":"https:\/\/feuerwehr-vorau.at\/site\/wp-json\/wp\/v2\/pages\/69"}],"wp:featuredmedia":[{"embeddable":true,"href":"https:\/\/feuerwehr-vorau.at\/site\/wp-json\/wp\/v2\/media\/1083"}],"wp:attachment":[{"href":"https:\/\/feuerwehr-vorau.at\/site\/wp-json\/wp\/v2\/media?parent=73"}],"curies":[{"name":"wp","href":"https:\/\/api.w.org\/{rel}","templated":true}]}}