{"id":65,"date":"2022-09-21T08:36:27","date_gmt":"2022-09-21T06:36:27","guid":{"rendered":"https:\/\/feuerwehr-vorau.at\/site\/?page_id=65"},"modified":"2026-01-10T12:04:06","modified_gmt":"2026-01-10T11:04:06","slug":"ausschuss","status":"publish","type":"page","link":"https:\/\/feuerwehr-vorau.at\/site\/organisation\/ausschuss\/","title":{"rendered":"Ausschuss"},"content":{"rendered":"<p>[et_pb_section fb_built=&#8220;1&#8243; custom_padding_last_edited=&#8220;on|tablet&#8220; _builder_version=&#8220;4.18.0&#8243; _module_preset=&#8220;default&#8220; background_color=&#8220;#f4f5f8&#8243; custom_padding=&#8220;5px||0px||false|false&#8220; custom_padding_tablet=&#8220;0px||||false|false&#8220; custom_padding_phone=&#8220;0px||||false|false&#8220; locked=&#8220;off&#8220; global_colors_info=&#8220;{}&#8220;][et_pb_row use_custom_gutter=&#8220;on&#8220; custom_padding_last_edited=&#8220;on|tablet&#8220; _builder_version=&#8220;4.18.0&#8243; _module_preset=&#8220;default&#8220; width_tablet=&#8220;100%&#8220; width_phone=&#8220;100%&#8220; width_last_edited=&#8220;on|phone&#8220; custom_padding=&#8220;||9px|||&#8220; custom_padding_tablet=&#8220;0px||||false|false&#8220; custom_padding_phone=&#8220;0px||||false|false&#8220; global_colors_info=&#8220;{}&#8220;][et_pb_column type=&#8220;4_4&#8243; _builder_version=&#8220;4.17.4&#8243; _module_preset=&#8220;default&#8220; global_colors_info=&#8220;{}&#8220;][et_pb_image src=&#8220;https:\/\/feuerwehr-vorau.at\/site\/wp-content\/uploads\/2026\/01\/ausschuss_02-scaled.jpg&#8220; title_text=&#8220;ausschuss_02&#8243; align=&#8220;center&#8220; force_fullwidth=&#8220;on&#8220; _builder_version=&#8220;4.27.5&#8243; _module_preset=&#8220;default&#8220; custom_padding=&#8220;||9px||false|false&#8220; hover_enabled=&#8220;0&#8243; global_colors_info=&#8220;{}&#8220; sticky_enabled=&#8220;0&#8243;][\/et_pb_image][et_pb_text _builder_version=&#8220;4.18.0&#8243; _dynamic_attributes=&#8220;content&#8220; _module_preset=&#8220;default&#8220; header_font=&#8220;|600|||||||&#8220; header_text_align=&#8220;center&#8220; header_font_size=&#8220;35px&#8220; header_2_font=&#8220;|600|||||||&#8220; header_2_text_align=&#8220;center&#8220; header_2_font_size=&#8220;35px&#8220; custom_padding=&#8220;||5px||false|false&#8220; global_colors_info=&#8220;{}&#8220;]@ET-DC@eyJkeW5hbWljIjp0cnVlLCJjb250ZW50IjoicG9zdF90aXRsZSIsInNldHRpbmdzIjp7ImJlZm9yZSI6IjxoMT4iLCJhZnRlciI6IjwvaDE+In19@[\/et_pb_text][et_pb_text content_tablet=&#8220;<\/p>\n<h2>Freiwillige Feuerwehr Vorau<\/h2>\n<p>&#8220; content_phone=&#8220;<\/p>\n<h2>FF VORAU<\/h2>\n<p>&#8220; content_last_edited=&#8220;on|tablet&#8220; _builder_version=&#8220;4.18.0&#8243; _module_preset=&#8220;default&#8220; header_2_font=&#8220;Montserrat|||on|||||&#8220; header_2_text_align=&#8220;center&#8220; header_2_text_color=&#8220;gcid-483c764e-6191-4fe0-975f-40f04e068945&#8243; header_2_font_size=&#8220;16px&#8220; header_2_letter_spacing=&#8220;2px&#8220; custom_padding=&#8220;||7px||false|false&#8220; global_colors_info=&#8220;{%22gcid-483c764e-6191-4fe0-975f-40f04e068945%22:%91%22header_2_text_color%22%93}&#8220;]<\/p>\n<h2>Freiwillige Feuerwehr Vorau<\/h2>\n<p>[\/et_pb_text][\/et_pb_column][\/et_pb_row][\/et_pb_section][et_pb_section fb_built=&#8220;1&#8243; _builder_version=&#8220;4.18.0&#8243; _module_preset=&#8220;default&#8220; global_colors_info=&#8220;{}&#8220;][et_pb_row _builder_version=&#8220;4.18.0&#8243; _module_preset=&#8220;default&#8220; custom_padding=&#8220;0px||0px||true|false&#8220; global_colors_info=&#8220;{}&#8220;][et_pb_column type=&#8220;4_4&#8243; _builder_version=&#8220;4.18.0&#8243; _module_preset=&#8220;default&#8220; global_colors_info=&#8220;{}&#8220;][et_pb_text _builder_version=&#8220;4.18.0&#8243; _module_preset=&#8220;default&#8220; custom_padding=&#8220;||10px||false|false&#8220; global_colors_info=&#8220;{}&#8220;]<\/p>\n<h2>Zugskommandanten<\/h2>\n<p>[\/et_pb_text][et_pb_divider color=&#8220;gcid-483c764e-6191-4fe0-975f-40f04e068945&#8243; divider_weight=&#8220;3px&#8220; _builder_version=&#8220;4.18.0&#8243; _module_preset=&#8220;default&#8220; width=&#8220;100px&#8220; width_tablet=&#8220;99px&#8220; width_phone=&#8220;98px&#8220; width_last_edited=&#8220;on|phone&#8220; module_alignment=&#8220;left&#8220; global_colors_info=&#8220;{%22gcid-483c764e-6191-4fe0-975f-40f04e068945%22:%91%22color%22%93}&#8220;][\/et_pb_divider][\/et_pb_column][\/et_pb_row][et_pb_row column_structure=&#8220;1_3,1_3,1_3&#8243; _builder_version=&#8220;4.18.0&#8243; _module_preset=&#8220;default&#8220; global_colors_info=&#8220;{}&#8220;][et_pb_column type=&#8220;1_3&#8243; _builder_version=&#8220;4.18.0&#8243; _module_preset=&#8220;default&#8220; global_colors_info=&#8220;{}&#8220;][et_pb_blurb title=&#8220;Hannes Kern&#8220; image=&#8220;https:\/\/feuerwehr-vorau.at\/site\/wp-content\/uploads\/2022\/09\/abi_50x50.jpg&#8220; icon_alignment=&#8220;left&#8220; _builder_version=&#8220;4.18.0&#8243; _module_preset=&#8220;default&#8220; header_font_size=&#8220;24px&#8220; header_line_height=&#8220;1.3em&#8220; custom_padding_tablet=&#8220;||50px||false|false&#8220; custom_padding_phone=&#8220;||50px||false|false&#8220; custom_padding_last_edited=&#8220;on|tablet&#8220; global_colors_info=&#8220;{}&#8220;]<\/p>\n<p><strong>Dienstgrad:<\/strong> ABI<\/p>\n<p><span class=\"content\"><strong>Funktion:<\/strong> Zugs-Kommandant<br \/>Beauftragter f\u00fcr die Ausbildung <\/span><\/p>\n<p>[\/et_pb_blurb][\/et_pb_column][et_pb_column type=&#8220;1_3&#8243; _builder_version=&#8220;4.18.0&#8243; _module_preset=&#8220;default&#8220; global_colors_info=&#8220;{}&#8220;][et_pb_blurb title=&#8220;Christian Putz&#8220; image=&#8220;https:\/\/feuerwehr-vorau.at\/site\/wp-content\/uploads\/2025\/02\/Putzii.jpg&#8220; image_icon_width=&#8220;38%&#8220; icon_alignment=&#8220;left&#8220; _builder_version=&#8220;4.27.4&#8243; _module_preset=&#8220;default&#8220; header_font_size=&#8220;24px&#8220; header_line_height=&#8220;1.3em&#8220; width=&#8220;100%&#8220; custom_padding_tablet=&#8220;||50px||false|false&#8220; custom_padding_phone=&#8220;||50px||false|false&#8220; custom_padding_last_edited=&#8220;on|tablet&#8220; locked=&#8220;off&#8220; global_colors_info=&#8220;{}&#8220;]<\/p>\n<p><strong>Dienstgrad:<\/strong> OBM<\/p>\n<p><span class=\"content\"><strong>Funktion:<\/strong> Zugs-Kommandant<br \/><\/span><span class=\"content\">Ger\u00e4temeister<br \/><\/span><\/p>\n<p>[\/et_pb_blurb][\/et_pb_column][et_pb_column type=&#8220;1_3&#8243; _builder_version=&#8220;4.18.0&#8243; _module_preset=&#8220;default&#8220; global_colors_info=&#8220;{}&#8220;][et_pb_blurb title=&#8220;Markus Knapp&#8220; image=&#8220;https:\/\/feuerwehr-vorau.at\/site\/wp-content\/uploads\/2022\/09\/bm_50x50.jpg&#8220; icon_alignment=&#8220;left&#8220; _builder_version=&#8220;4.18.0&#8243; _module_preset=&#8220;default&#8220; header_font_size=&#8220;24px&#8220; header_line_height=&#8220;1.3em&#8220; custom_padding_tablet=&#8220;||50px||false|false&#8220; custom_padding_phone=&#8220;||50px||false|false&#8220; custom_padding_last_edited=&#8220;on|tablet&#8220; locked=&#8220;off&#8220; global_colors_info=&#8220;{}&#8220;]<\/p>\n<p><strong>Dienstgrad:<\/strong> BM<\/p>\n<p><span class=\"content\"><strong>Funktion:<\/strong> Zugs-Kommandant<br \/>Beauftragter f\u00fcr das R\u00fcsthaus <br \/><\/span><\/p>\n<p>[\/et_pb_blurb][\/et_pb_column][\/et_pb_row][\/et_pb_section][et_pb_section fb_built=&#8220;1&#8243; custom_padding_last_edited=&#8220;on|tablet&#8220; _builder_version=&#8220;4.18.0&#8243; _module_preset=&#8220;default&#8220; background_color=&#8220;RGBA(255,255,255,0)&#8220; custom_padding=&#8220;47px||39px|||&#8220; custom_padding_tablet=&#8220;0px||0px||false|false&#8220; custom_padding_phone=&#8220;0px||0px||false|false&#8220; global_colors_info=&#8220;{}&#8220;][et_pb_row _builder_version=&#8220;4.18.0&#8243; _module_preset=&#8220;default&#8220; custom_padding=&#8220;0px||0px||true|false&#8220; global_colors_info=&#8220;{}&#8220;][et_pb_column type=&#8220;4_4&#8243; _builder_version=&#8220;4.18.0&#8243; _module_preset=&#8220;default&#8220; global_colors_info=&#8220;{}&#8220;][et_pb_text _builder_version=&#8220;4.18.0&#8243; _module_preset=&#8220;default&#8220; custom_padding=&#8220;||10px||false|false&#8220; global_colors_info=&#8220;{}&#8220;]<\/p>\n<h2>Verwaltung<\/h2>\n<p>[\/et_pb_text][et_pb_divider color=&#8220;gcid-483c764e-6191-4fe0-975f-40f04e068945&#8243; divider_weight=&#8220;3px&#8220; _builder_version=&#8220;4.18.0&#8243; _module_preset=&#8220;default&#8220; width=&#8220;100px&#8220; width_tablet=&#8220;99px&#8220; width_phone=&#8220;98px&#8220; width_last_edited=&#8220;on|phone&#8220; module_alignment=&#8220;left&#8220; global_colors_info=&#8220;{%22gcid-483c764e-6191-4fe0-975f-40f04e068945%22:%91%22color%22,%22color%22%93}&#8220;][\/et_pb_divider][\/et_pb_column][\/et_pb_row][et_pb_row column_structure=&#8220;1_3,1_3,1_3&#8243; _builder_version=&#8220;4.18.0&#8243; _module_preset=&#8220;default&#8220; global_colors_info=&#8220;{}&#8220;][et_pb_column type=&#8220;1_3&#8243; _builder_version=&#8220;4.18.0&#8243; _module_preset=&#8220;default&#8220; global_colors_info=&#8220;{}&#8220;][et_pb_blurb title=&#8220;Johannes Putz&#8220; image=&#8220;https:\/\/feuerwehr-vorau.at\/site\/wp-content\/uploads\/2025\/01\/bmvkassier.jpg&#8220; icon_alignment=&#8220;left&#8220; _builder_version=&#8220;4.27.4&#8243; _module_preset=&#8220;default&#8220; header_font_size=&#8220;24px&#8220; header_line_height=&#8220;1.3em&#8220; custom_padding_tablet=&#8220;||50px||false|false&#8220; custom_padding_phone=&#8220;||50px||false|false&#8220; custom_padding_last_edited=&#8220;on|tablet&#8220; global_colors_info=&#8220;{}&#8220;]<\/p>\n<p><strong>Dienstgrad:<\/strong> BM der Verwaltung<\/p>\n<p><span class=\"content\"><strong>Funktion:<\/strong> Kassier<\/span><\/p>\n<p>[\/et_pb_blurb][\/et_pb_column][et_pb_column type=&#8220;1_3&#8243; _builder_version=&#8220;4.18.0&#8243; _module_preset=&#8220;default&#8220; global_colors_info=&#8220;{}&#8220;][et_pb_blurb title=&#8220;Stefan Geier&#8220; image=&#8220;https:\/\/feuerwehr-vorau.at\/site\/wp-content\/uploads\/2025\/01\/lmvschriftfuehrer.webp&#8220; icon_alignment=&#8220;left&#8220; _builder_version=&#8220;4.27.4&#8243; _module_preset=&#8220;default&#8220; header_font_size=&#8220;24px&#8220; header_line_height=&#8220;1.3em&#8220; locked=&#8220;off&#8220; global_colors_info=&#8220;{}&#8220;]<\/p>\n<p><strong>Dienstgrad:<\/strong> OLM der Verwaltung<\/p>\n<p><span class=\"content\"><strong>Funktion: <\/strong>Schriftf\u00fchrer<\/span><span class=\"content\"><br \/><\/span><\/p>\n<p>[\/et_pb_blurb][\/et_pb_column][et_pb_column type=&#8220;1_3&#8243; _builder_version=&#8220;4.18.0&#8243; _module_preset=&#8220;default&#8220; global_colors_info=&#8220;{}&#8220;][\/et_pb_column][\/et_pb_row][\/et_pb_section][et_pb_section fb_built=&#8220;1&#8243; _builder_version=&#8220;4.18.0&#8243; _module_preset=&#8220;default&#8220; global_colors_info=&#8220;{}&#8220;][et_pb_row _builder_version=&#8220;4.18.0&#8243; _module_preset=&#8220;default&#8220; custom_padding=&#8220;0px||0px||true|false&#8220; global_colors_info=&#8220;{}&#8220;][et_pb_column type=&#8220;4_4&#8243; _builder_version=&#8220;4.18.0&#8243; _module_preset=&#8220;default&#8220; global_colors_info=&#8220;{}&#8220;][et_pb_text _builder_version=&#8220;4.18.0&#8243; _module_preset=&#8220;default&#8220; custom_padding=&#8220;||10px||false|false&#8220; global_colors_info=&#8220;{}&#8220;]<\/p>\n<h2>Gruppenkommandanten<\/h2>\n<p>[\/et_pb_text][et_pb_divider color=&#8220;gcid-483c764e-6191-4fe0-975f-40f04e068945&#8243; divider_weight=&#8220;3px&#8220; _builder_version=&#8220;4.18.0&#8243; _module_preset=&#8220;default&#8220; width=&#8220;100px&#8220; width_tablet=&#8220;99px&#8220; width_phone=&#8220;98px&#8220; width_last_edited=&#8220;on|phone&#8220; module_alignment=&#8220;left&#8220; global_colors_info=&#8220;{%22gcid-483c764e-6191-4fe0-975f-40f04e068945%22:%91%22color%22,%22color%22%93}&#8220;][\/et_pb_divider][\/et_pb_column][\/et_pb_row][et_pb_row column_structure=&#8220;1_3,1_3,1_3&#8243; _builder_version=&#8220;4.18.0&#8243; _module_preset=&#8220;default&#8220; global_colors_info=&#8220;{}&#8220;][et_pb_column type=&#8220;1_3&#8243; _builder_version=&#8220;4.18.0&#8243; _module_preset=&#8220;default&#8220; global_colors_info=&#8220;{}&#8220;][et_pb_blurb title=&#8220;Alfred Gerngro\u00df&#8220; image=&#8220;https:\/\/feuerwehr-vorau.at\/site\/wp-content\/uploads\/2026\/01\/bm_funk.jpg&#8220; icon_alignment=&#8220;left&#8220; _builder_version=&#8220;4.27.5&#8243; _module_preset=&#8220;default&#8220; header_font_size=&#8220;24px&#8220; header_line_height=&#8220;1.3em&#8220; custom_padding_tablet=&#8220;||50px||false|false&#8220; custom_padding_phone=&#8220;||50px||false|false&#8220; custom_padding_last_edited=&#8220;on|tablet&#8220; global_colors_info=&#8220;{}&#8220;]<\/p>\n<p><strong>Dienstgrad:<\/strong> BM<\/p>\n<p><span class=\"content\"><strong>Funktion:<\/strong> Gruppenkommandant<br \/>Beauftragter f\u00fcr Funk<br \/><\/span><\/p>\n<p>[\/et_pb_blurb][\/et_pb_column][et_pb_column type=&#8220;1_3&#8243; _builder_version=&#8220;4.18.0&#8243; _module_preset=&#8220;default&#8220; global_colors_info=&#8220;{}&#8220;][et_pb_blurb title=&#8220;Christoph Ogris&#8220; image=&#8220;https:\/\/feuerwehr-vorau.at\/site\/wp-content\/uploads\/2024\/01\/hlm.jpg&#8220; icon_alignment=&#8220;left&#8220; _builder_version=&#8220;4.23.4&#8243; _module_preset=&#8220;default&#8220; header_font_size=&#8220;24px&#8220; header_line_height=&#8220;1.3em&#8220; custom_padding_tablet=&#8220;||50px||false|false&#8220; custom_padding_phone=&#8220;||50px||false|false&#8220; custom_padding_last_edited=&#8220;on|tablet&#8220; locked=&#8220;off&#8220; global_colors_info=&#8220;{}&#8220;]<\/p>\n<p><strong>Dienstgrad:<\/strong> HLM<\/p>\n<p><span class=\"content\"><strong>Funktion:<\/strong> <\/span><span class=\"content\">Gruppenkommandant<br \/>Beauftragter f\u00fcr Menschenrettung<br \/>und Absturzsicherung (MRAS) <\/span><\/p>\n<p>[\/et_pb_blurb][\/et_pb_column][et_pb_column type=&#8220;1_3&#8243; _builder_version=&#8220;4.18.0&#8243; _module_preset=&#8220;default&#8220; global_colors_info=&#8220;{}&#8220;][et_pb_blurb title=&#8220;Florian Fellinger&#8220; image=&#8220;https:\/\/feuerwehr-vorau.at\/site\/wp-content\/uploads\/2024\/01\/olmmaschinenmeister.jpg&#8220; icon_alignment=&#8220;left&#8220; _builder_version=&#8220;4.23.4&#8243; _module_preset=&#8220;default&#8220; header_font_size=&#8220;24px&#8220; header_line_height=&#8220;1.3em&#8220; custom_padding_tablet=&#8220;||20px||false|false&#8220; custom_padding_phone=&#8220;||50px||false|false&#8220; custom_padding_last_edited=&#8220;on|tablet&#8220; locked=&#8220;off&#8220; global_colors_info=&#8220;{}&#8220;]<\/p>\n<p><strong>Dienstgrad:<\/strong> OLM<\/p>\n<p><span class=\"content\"><strong>Funktion:<\/strong> Gruppenkommandant<br \/>Maschinenmeister<br \/><\/span><\/p>\n<p>[\/et_pb_blurb][\/et_pb_column][\/et_pb_row][et_pb_row column_structure=&#8220;1_4,1_4,1_4,1_4&#8243; custom_padding_last_edited=&#8220;on|tablet&#8220; _builder_version=&#8220;4.18.0&#8243; _module_preset=&#8220;default&#8220; custom_padding_tablet=&#8220;0px||0px||true|false&#8220; custom_padding_phone=&#8220;0px||0px||true|false&#8220; global_colors_info=&#8220;{}&#8220;][et_pb_column type=&#8220;1_4&#8243; _builder_version=&#8220;4.27.4&#8243; _module_preset=&#8220;default&#8220; global_colors_info=&#8220;{}&#8220;][et_pb_blurb title=&#8220;Veronika Kerschbaumer&#8220; image=&#8220;https:\/\/feuerwehr-vorau.at\/site\/wp-content\/uploads\/2024\/01\/olmsan.jpg&#8220; icon_alignment=&#8220;left&#8220; _builder_version=&#8220;4.23.4&#8243; _module_preset=&#8220;default&#8220; header_font_size=&#8220;24px&#8220; header_line_height=&#8220;1.3em&#8220; custom_padding_tablet=&#8220;||50px||false|false&#8220; custom_padding_phone=&#8220;||50px||false|false&#8220; custom_padding_last_edited=&#8220;on|tablet&#8220; locked=&#8220;off&#8220; global_colors_info=&#8220;{}&#8220;]<\/p>\n<p><strong>Dienstgrad:<\/strong> OLM<\/p>\n<p><span class=\"content\"><strong>Funktion: <\/strong>Gruppenkommandantin<br \/>Beauftragte f\u00fcr Sanit\u00e4t (SAN)<br \/><\/span><\/p>\n<p>[\/et_pb_blurb][\/et_pb_column][et_pb_column type=&#8220;1_4&#8243; _builder_version=&#8220;4.18.0&#8243; _module_preset=&#8220;default&#8220; global_colors_info=&#8220;{}&#8220;][\/et_pb_column][et_pb_column type=&#8220;1_4&#8243; _builder_version=&#8220;4.18.0&#8243; _module_preset=&#8220;default&#8220; global_colors_info=&#8220;{}&#8220;][et_pb_blurb title=&#8220;Alexandra Holzer&#8220; image=&#8220;https:\/\/feuerwehr-vorau.at\/site\/wp-content\/uploads\/2022\/10\/lm_50x50.jpg&#8220; icon_alignment=&#8220;left&#8220; _builder_version=&#8220;4.27.4&#8243; _module_preset=&#8220;default&#8220; header_font_size=&#8220;24px&#8220; header_line_height=&#8220;1.3em&#8220; custom_padding_tablet=&#8220;||50px||false|false&#8220; custom_padding_phone=&#8220;||50px||false|false&#8220; custom_padding_last_edited=&#8220;on|tablet&#8220; locked=&#8220;off&#8220; global_colors_info=&#8220;{}&#8220;]<\/p>\n<p><strong>Dienstgrad:<\/strong> LM<\/p>\n<p><span class=\"content\"><strong>Funktion:<\/strong> <\/span><span class=\"content\">Gruppenkommandantin<br \/><\/span><\/p>\n<p>[\/et_pb_blurb][\/et_pb_column][et_pb_column type=&#8220;1_4&#8243; _builder_version=&#8220;4.18.0&#8243; _module_preset=&#8220;default&#8220; global_colors_info=&#8220;{}&#8220;][\/et_pb_column][\/et_pb_row][\/et_pb_section][et_pb_section fb_built=&#8220;1&#8243; _builder_version=&#8220;4.18.0&#8243; _module_preset=&#8220;default&#8220; background_enable_color=&#8220;off&#8220; custom_margin=&#8220;||50px||false|false&#8220; global_colors_info=&#8220;{}&#8220;][et_pb_row _builder_version=&#8220;4.18.0&#8243; _module_preset=&#8220;default&#8220; custom_padding=&#8220;0px||0px||true|false&#8220; global_colors_info=&#8220;{}&#8220;][et_pb_column type=&#8220;4_4&#8243; _builder_version=&#8220;4.18.0&#8243; _module_preset=&#8220;default&#8220; global_colors_info=&#8220;{}&#8220;][et_pb_text _builder_version=&#8220;4.18.0&#8243; _module_preset=&#8220;default&#8220; custom_padding=&#8220;||10px||false|false&#8220; global_colors_info=&#8220;{}&#8220;]<\/p>\n<h2>Beauftragte<\/h2>\n<p>[\/et_pb_text][et_pb_divider color=&#8220;gcid-483c764e-6191-4fe0-975f-40f04e068945&#8243; divider_weight=&#8220;3px&#8220; _builder_version=&#8220;4.18.0&#8243; _module_preset=&#8220;default&#8220; width=&#8220;100px&#8220; width_tablet=&#8220;99px&#8220; width_phone=&#8220;98px&#8220; width_last_edited=&#8220;on|phone&#8220; module_alignment=&#8220;left&#8220; global_colors_info=&#8220;{%22gcid-483c764e-6191-4fe0-975f-40f04e068945%22:%91%22color%22,%22color%22%93}&#8220;][\/et_pb_divider][\/et_pb_column][\/et_pb_row][et_pb_row column_structure=&#8220;1_3,1_3,1_3&#8243; _builder_version=&#8220;4.18.0&#8243; _module_preset=&#8220;default&#8220; global_colors_info=&#8220;{}&#8220;][et_pb_column type=&#8220;1_3&#8243; _builder_version=&#8220;4.18.0&#8243; _module_preset=&#8220;default&#8220; global_colors_info=&#8220;{}&#8220;][et_pb_blurb title=&#8220;Josef Hier&#8220; image=&#8220;https:\/\/feuerwehr-vorau.at\/site\/wp-content\/uploads\/2026\/01\/hbmv_50x50.jpg&#8220; icon_alignment=&#8220;left&#8220; _builder_version=&#8220;4.27.5&#8243; _module_preset=&#8220;default&#8220; header_font_size=&#8220;24px&#8220; header_line_height=&#8220;1.3em&#8220; custom_padding_tablet=&#8220;||50px||false|false&#8220; custom_padding_phone=&#8220;||50px||false|false&#8220; custom_padding_last_edited=&#8220;on|tablet&#8220; global_colors_info=&#8220;{}&#8220;]<\/p>\n<p><strong>Dienstgrad:<\/strong> HBM der Verwaltung<\/p>\n<p><span class=\"content\"><strong>Funktion:<\/strong> Beauftragter f\u00fcr Kommunikation<br \/><\/span><\/p>\n<p>[\/et_pb_blurb][\/et_pb_column][et_pb_column type=&#8220;1_3&#8243; _builder_version=&#8220;4.18.0&#8243; _module_preset=&#8220;default&#8220; global_colors_info=&#8220;{}&#8220;][et_pb_blurb title=&#8220;Philipp Neussl&#8220; image=&#8220;https:\/\/feuerwehr-vorau.at\/site\/wp-content\/uploads\/2022\/09\/lmfatemschutz.jpg&#8220; icon_alignment=&#8220;left&#8220; _builder_version=&#8220;4.27.4&#8243; _module_preset=&#8220;default&#8220; header_font_size=&#8220;24px&#8220; header_line_height=&#8220;1.3em&#8220; custom_padding_tablet=&#8220;||50px||false|false&#8220; custom_padding_phone=&#8220;||50px||false|false&#8220; custom_padding_last_edited=&#8220;on|tablet&#8220; locked=&#8220;off&#8220; global_colors_info=&#8220;{}&#8220;]<\/p>\n<p><strong>Dienstgrad:<\/strong> LM des Fachdienstes<\/p>\n<p><span class=\"content\"><strong>Funktion: <\/strong>Beauftragter f\u00fcr Atemschutz (ATS) <\/span><span class=\"content\"><br \/><\/span><\/p>\n<p>[\/et_pb_blurb][\/et_pb_column][et_pb_column type=&#8220;1_3&#8243; _builder_version=&#8220;4.18.0&#8243; _module_preset=&#8220;default&#8220; global_colors_info=&#8220;{}&#8220;][et_pb_blurb title=&#8220;Markus Gruber&#8220; image=&#8220;https:\/\/feuerwehr-vorau.at\/site\/wp-content\/uploads\/2022\/09\/lm-pr.jpg&#8220; icon_alignment=&#8220;left&#8220; _builder_version=&#8220;4.18.0&#8243; _module_preset=&#8220;default&#8220; header_font_size=&#8220;24px&#8220; header_line_height=&#8220;1.3em&#8220; custom_padding_tablet=&#8220;||0px||false|false&#8220; custom_padding_phone=&#8220;||50px||false|false&#8220; custom_padding_last_edited=&#8220;on|tablet&#8220; locked=&#8220;off&#8220; global_colors_info=&#8220;{}&#8220;]<\/p>\n<p><strong>Dienstgrad:<\/strong> LM der Verwaltung<\/p>\n<p><span class=\"content\"><strong>Funktion: <\/strong>Beauftragter f\u00fcr \u00d6ffentlichkeitsarbeit<\/span><span class=\"content\"><br \/><\/span><\/p>\n<p>[\/et_pb_blurb][\/et_pb_column][\/et_pb_row][et_pb_row column_structure=&#8220;1_3,1_3,1_3&#8243; _builder_version=&#8220;4.18.0&#8243; _module_preset=&#8220;default&#8220; global_colors_info=&#8220;{}&#8220;][et_pb_column type=&#8220;1_3&#8243; _builder_version=&#8220;4.18.0&#8243; _module_preset=&#8220;default&#8220; global_colors_info=&#8220;{}&#8220;][et_pb_blurb title=&#8220;Herbert Zingl&#8220; image=&#8220;https:\/\/feuerwehr-vorau.at\/site\/wp-content\/uploads\/2024\/01\/olmats.jpg&#8220; icon_alignment=&#8220;left&#8220; _builder_version=&#8220;4.23.4&#8243; _module_preset=&#8220;default&#8220; header_font_size=&#8220;24px&#8220; header_line_height=&#8220;1.3em&#8220; custom_padding_tablet=&#8220;||50px||false|false&#8220; custom_padding_phone=&#8220;||50px||false|false&#8220; custom_padding_last_edited=&#8220;on|tablet&#8220; locked=&#8220;off&#8220; global_colors_info=&#8220;{}&#8220;]<\/p>\n<p><strong>Dienstgrad:<\/strong> OLM des Fachdienstes<\/p>\n<p><span class=\"content\"><strong>Funktion: <\/strong>Stellvertretender Beauftragter f\u00fcr Atemschutz<\/span><span class=\"content\"><br \/><\/span><\/p>\n<p>[\/et_pb_blurb][\/et_pb_column][et_pb_column type=&#8220;1_3&#8243; _builder_version=&#8220;4.18.0&#8243; _module_preset=&#8220;default&#8220; global_colors_info=&#8220;{}&#8220;][et_pb_blurb title=&#8220;Sabine Putz&#8220; image=&#8220;https:\/\/feuerwehr-vorau.at\/site\/wp-content\/uploads\/2022\/09\/lmf_50x50.jpg&#8220; icon_alignment=&#8220;left&#8220; _builder_version=&#8220;4.18.0&#8243; _module_preset=&#8220;default&#8220; header_font_size=&#8220;24px&#8220; header_line_height=&#8220;1.3em&#8220; custom_padding_tablet=&#8220;||50px||false|false&#8220; custom_padding_phone=&#8220;||50px||false|false&#8220; custom_padding_last_edited=&#8220;on|tablet&#8220; locked=&#8220;off&#8220; global_colors_info=&#8220;{}&#8220;]<\/p>\n<p><strong>Dienstgrad:<\/strong> LM des Fachdienstes<\/p>\n<p><span class=\"content\"><strong>Funktion: <\/strong>Jugendbeauftragte<\/span><span class=\"content\"><br \/><\/span><\/p>\n<p>[\/et_pb_blurb][\/et_pb_column][et_pb_column type=&#8220;1_3&#8243; _builder_version=&#8220;4.18.0&#8243; _module_preset=&#8220;default&#8220; global_colors_info=&#8220;{}&#8220;][et_pb_blurb title=&#8220;Roland Lechner&#8220; image=&#8220;https:\/\/feuerwehr-vorau.at\/site\/wp-content\/uploads\/2022\/09\/lmf_50x50.jpg&#8220; icon_alignment=&#8220;left&#8220; _builder_version=&#8220;4.27.4&#8243; _module_preset=&#8220;default&#8220; header_font_size=&#8220;24px&#8220; header_line_height=&#8220;1.3em&#8220; custom_padding_tablet=&#8220;||50px||false|false&#8220; custom_padding_phone=&#8220;||50px||false|false&#8220; custom_padding_last_edited=&#8220;on|tablet&#8220; locked=&#8220;off&#8220; global_colors_info=&#8220;{}&#8220;]<\/p>\n<p><strong>Dienstgrad:<\/strong> LM des Fachdienstes<\/p>\n<p><span class=\"content\"><strong>Funktion: <\/strong>Stellvertretender Maschinenmeister<\/span><span class=\"content\"><br \/><\/span><\/p>\n<p>[\/et_pb_blurb][\/et_pb_column][\/et_pb_row][et_pb_row column_structure=&#8220;1_3,1_3,1_3&#8243; _builder_version=&#8220;4.27.4&#8243; _module_preset=&#8220;default&#8220; global_colors_info=&#8220;{}&#8220;][et_pb_column type=&#8220;1_3&#8243; _builder_version=&#8220;4.27.4&#8243; _module_preset=&#8220;default&#8220; global_colors_info=&#8220;{}&#8220;][et_pb_blurb title=&#8220;Johann Schweighofer&#8220; image=&#8220;https:\/\/feuerwehr-vorau.at\/site\/wp-content\/uploads\/2026\/01\/lmv_50x50.jpg&#8220; icon_alignment=&#8220;left&#8220; _builder_version=&#8220;4.27.5&#8243; _module_preset=&#8220;default&#8220; header_font_size=&#8220;24px&#8220; header_line_height=&#8220;1.3em&#8220; custom_padding_tablet=&#8220;||0px||false|false&#8220; custom_padding_phone=&#8220;||50px||false|false&#8220; custom_padding_last_edited=&#8220;on|tablet&#8220; locked=&#8220;off&#8220; global_colors_info=&#8220;{}&#8220;]<\/p>\n<p><strong>Dienstgrad:<\/strong> LM der Verwaltung<\/p>\n<p><span class=\"content\"><strong>Funktion: <\/strong>Beauftragter f\u00fcr Archiv\/Chronik<\/span><span class=\"content\"><br \/><\/span><\/p>\n<p>[\/et_pb_blurb][\/et_pb_column][et_pb_column type=&#8220;1_3&#8243; _builder_version=&#8220;4.27.4&#8243; _module_preset=&#8220;default&#8220; global_colors_info=&#8220;{}&#8220;][\/et_pb_column][et_pb_column type=&#8220;1_3&#8243; _builder_version=&#8220;4.27.4&#8243; _module_preset=&#8220;default&#8220; global_colors_info=&#8220;{}&#8220;][\/et_pb_column][\/et_pb_row][\/et_pb_section]<\/p>\n","protected":false},"excerpt":{"rendered":"<p>Freiwillige Feuerwehr VorauZugskommandantenDienstgrad: ABI Funktion: Zugs-KommandantBeauftragter f\u00fcr die Ausbildung Dienstgrad: OBM Funktion: Zugs-KommandantGer\u00e4temeisterDienstgrad: BM Funktion: Zugs-KommandantBeauftragter f\u00fcr das R\u00fcsthaus VerwaltungDienstgrad: BM der Verwaltung Funktion: KassierDienstgrad: OLM der Verwaltung Funktion: Schriftf\u00fchrerGruppenkommandantenDienstgrad: BM Funktion: GruppenkommandantBeauftragter f\u00fcr FunkDienstgrad: HLM Funktion: GruppenkommandantBeauftragter f\u00fcr Menschenrettungund Absturzsicherung (MRAS) Dienstgrad: OLM Funktion: GruppenkommandantMaschinenmeisterDienstgrad: OLM Funktion: GruppenkommandantinBeauftragte f\u00fcr Sanit\u00e4t (SAN)Dienstgrad: LM Funktion: GruppenkommandantinBeauftragteDienstgrad: [&hellip;]<\/p>\n","protected":false},"author":1,"featured_media":119,"parent":63,"menu_order":2,"comment_status":"closed","ping_status":"closed","template":"","meta":{"_et_pb_use_builder":"on","_et_pb_old_content":"","_et_gb_content_width":"","inline_featured_image":false,"_vp_format_video_url":"","_vp_image_focal_point":[],"footnotes":""},"class_list":["post-65","page","type-page","status-publish","has-post-thumbnail","hentry"],"_links":{"self":[{"href":"https:\/\/feuerwehr-vorau.at\/site\/wp-json\/wp\/v2\/pages\/65","targetHints":{"allow":["GET"]}}],"collection":[{"href":"https:\/\/feuerwehr-vorau.at\/site\/wp-json\/wp\/v2\/pages"}],"about":[{"href":"https:\/\/feuerwehr-vorau.at\/site\/wp-json\/wp\/v2\/types\/page"}],"author":[{"embeddable":true,"href":"https:\/\/feuerwehr-vorau.at\/site\/wp-json\/wp\/v2\/users\/1"}],"replies":[{"embeddable":true,"href":"https:\/\/feuerwehr-vorau.at\/site\/wp-json\/wp\/v2\/comments?post=65"}],"version-history":[{"count":10,"href":"https:\/\/feuerwehr-vorau.at\/site\/wp-json\/wp\/v2\/pages\/65\/revisions"}],"predecessor-version":[{"id":5718,"href":"https:\/\/feuerwehr-vorau.at\/site\/wp-json\/wp\/v2\/pages\/65\/revisions\/5718"}],"up":[{"embeddable":true,"href":"https:\/\/feuerwehr-vorau.at\/site\/wp-json\/wp\/v2\/pages\/63"}],"wp:featuredmedia":[{"embeddable":true,"href":"https:\/\/feuerwehr-vorau.at\/site\/wp-json\/wp\/v2\/media\/119"}],"wp:attachment":[{"href":"https:\/\/feuerwehr-vorau.at\/site\/wp-json\/wp\/v2\/media?parent=65"}],"curies":[{"name":"wp","href":"https:\/\/api.w.org\/{rel}","templated":true}]}}