{"id":3512,"date":"2024-03-12T10:59:46","date_gmt":"2024-03-12T09:59:46","guid":{"rendered":"https:\/\/feuerwehr-vorau.at\/site\/?page_id=3512"},"modified":"2024-03-28T14:42:14","modified_gmt":"2024-03-28T13:42:14","slug":"beitragsarchiv","status":"publish","type":"page","link":"https:\/\/feuerwehr-vorau.at\/site\/beitragsarchiv\/","title":{"rendered":"Beitragsarchiv"},"content":{"rendered":"\t\t<div data-elementor-type=\"wp-page\" data-elementor-id=\"3512\" class=\"elementor elementor-3512\" data-elementor-post-type=\"page\">\n\t\t\t\t<div class=\"elementor-element elementor-element-f5ae7aa e-flex e-con-boxed e-con e-parent\" data-id=\"f5ae7aa\" data-element_type=\"container\" data-e-type=\"container\" data-settings=\"{&quot;background_background&quot;:&quot;classic&quot;}\">\n\t\t\t\t\t<div class=\"e-con-inner\">\n\t\t<div class=\"elementor-element elementor-element-d3b1a64 e-con-full e-flex e-con e-child\" data-id=\"d3b1a64\" data-element_type=\"container\" data-e-type=\"container\" data-settings=\"{&quot;background_background&quot;:&quot;classic&quot;}\">\n\t\t\t\t<\/div>\n\t\t<div class=\"elementor-element elementor-element-0ec3845 e-flex e-con-boxed e-con e-child\" data-id=\"0ec3845\" data-element_type=\"container\" data-e-type=\"container\" data-settings=\"{&quot;background_background&quot;:&quot;classic&quot;}\">\n\t\t\t\t\t<div class=\"e-con-inner\">\n\t\t\t\t<div class=\"elementor-element elementor-element-1253c52 elementor-widget__width-inherit elementor-widget elementor-widget-text-editor\" data-id=\"1253c52\" data-element_type=\"widget\" data-e-type=\"widget\" data-widget_type=\"text-editor.default\">\n\t\t\t\t<div class=\"elementor-widget-container\">\n\t\t\t\t\t\t\t\t\t<p>ZUM NAVIGIEREN IM ARCHIV DEN GEW\u00dcNSCHTEN MONAT AUSW\u00c4HLEN<\/p>\t\t\t\t\t\t\t\t<\/div>\n\t\t\t\t<\/div>\n\t\t\t\t\t<\/div>\n\t\t\t\t<\/div>\n\t\t\t\t\t<\/div>\n\t\t\t\t<\/div>\n\t\t<div class=\"elementor-element elementor-element-744cdd0 e-grid e-con-boxed e-con e-parent\" data-id=\"744cdd0\" data-element_type=\"container\" data-e-type=\"container\">\n\t\t\t\t\t<div class=\"e-con-inner\">\n\t\t\t\t<div class=\"elementor-element elementor-element-771e219 elementor-button-info elementor-widget elementor-widget-button\" data-id=\"771e219\" data-element_type=\"widget\" data-e-type=\"widget\" data-widget_type=\"button.default\">\n\t\t\t\t<div class=\"elementor-widget-container\">\n\t\t\t\t\t\t\t\t\t<div class=\"elementor-button-wrapper\">\n\t\t\t\t\t<a class=\"elementor-button elementor-button-link elementor-size-sm elementor-animation-grow\" href=\"https:\/\/feuerwehr-vorau.at\/site\/beitragsarchiv\/\">\n\t\t\t\t\t\t<span class=\"elementor-button-content-wrapper\">\n\t\t\t\t\t\t\t\t\t<span class=\"elementor-button-text\">Alle Beitr\u00e4ge<\/span>\n\t\t\t\t\t<\/span>\n\t\t\t\t\t<\/a>\n\t\t\t\t<\/div>\n\t\t\t\t\t\t\t\t<\/div>\n\t\t\t\t<\/div>\n\t\t\t\t<div class=\"elementor-element elementor-element-73ad4ce elementor-widget__width-initial elementor-widget elementor-widget-sidebar\" data-id=\"73ad4ce\" data-element_type=\"widget\" data-e-type=\"widget\" data-widget_type=\"sidebar.default\">\n\t\t\t\t<div class=\"elementor-widget-container\">\n\t\t\t\t\t<div id=\"block-7\" class=\"et_pb_widget widget_block widget_archive\"><div style=\"font-style:normal;font-weight:700\" class=\"wp-block-archives-dropdown wp-block-archives has-medium-font-size\"><label for=\"wp-block-archives-1\" class=\"wp-block-archives__label screen-reader-text\">Archiv<\/label>\n\t\t<select id=\"wp-block-archives-1\" name=\"archive-dropdown\">\n\t\t<option value=\"\">Monat ausw\u00e4hlen<\/option>\t<option value='https:\/\/feuerwehr-vorau.at\/site\/2026\/08\/'> August 2026 <\/option>\n\t<option value='https:\/\/feuerwehr-vorau.at\/site\/2026\/07\/'> Juli 2026 <\/option>\n\t<option value='https:\/\/feuerwehr-vorau.at\/site\/2026\/06\/'> Juni 2026 <\/option>\n\t<option value='https:\/\/feuerwehr-vorau.at\/site\/2026\/05\/'> Mai 2026 <\/option>\n\t<option value='https:\/\/feuerwehr-vorau.at\/site\/2026\/04\/'> April 2026 <\/option>\n\t<option value='https:\/\/feuerwehr-vorau.at\/site\/2026\/03\/'> M\u00e4rz 2026 <\/option>\n\t<option value='https:\/\/feuerwehr-vorau.at\/site\/2026\/02\/'> Februar 2026 <\/option>\n\t<option value='https:\/\/feuerwehr-vorau.at\/site\/2026\/01\/'> Januar 2026 <\/option>\n\t<option value='https:\/\/feuerwehr-vorau.at\/site\/2025\/12\/'> Dezember 2025 <\/option>\n\t<option value='https:\/\/feuerwehr-vorau.at\/site\/2025\/11\/'> November 2025 <\/option>\n\t<option value='https:\/\/feuerwehr-vorau.at\/site\/2025\/10\/'> Oktober 2025 <\/option>\n\t<option value='https:\/\/feuerwehr-vorau.at\/site\/2025\/09\/'> September 2025 <\/option>\n\t<option value='https:\/\/feuerwehr-vorau.at\/site\/2025\/08\/'> August 2025 <\/option>\n\t<option value='https:\/\/feuerwehr-vorau.at\/site\/2025\/07\/'> Juli 2025 <\/option>\n\t<option value='https:\/\/feuerwehr-vorau.at\/site\/2025\/06\/'> Juni 2025 <\/option>\n\t<option value='https:\/\/feuerwehr-vorau.at\/site\/2025\/05\/'> Mai 2025 <\/option>\n\t<option value='https:\/\/feuerwehr-vorau.at\/site\/2025\/04\/'> April 2025 <\/option>\n\t<option value='https:\/\/feuerwehr-vorau.at\/site\/2025\/03\/'> M\u00e4rz 2025 <\/option>\n\t<option value='https:\/\/feuerwehr-vorau.at\/site\/2025\/02\/'> Februar 2025 <\/option>\n\t<option value='https:\/\/feuerwehr-vorau.at\/site\/2025\/01\/'> Januar 2025 <\/option>\n\t<option value='https:\/\/feuerwehr-vorau.at\/site\/2024\/12\/'> Dezember 2024 <\/option>\n\t<option value='https:\/\/feuerwehr-vorau.at\/site\/2024\/11\/'> November 2024 <\/option>\n\t<option value='https:\/\/feuerwehr-vorau.at\/site\/2024\/10\/'> Oktober 2024 <\/option>\n\t<option value='https:\/\/feuerwehr-vorau.at\/site\/2024\/09\/'> September 2024 <\/option>\n\t<option value='https:\/\/feuerwehr-vorau.at\/site\/2024\/08\/'> August 2024 <\/option>\n\t<option value='https:\/\/feuerwehr-vorau.at\/site\/2024\/07\/'> Juli 2024 <\/option>\n\t<option value='https:\/\/feuerwehr-vorau.at\/site\/2024\/06\/'> Juni 2024 <\/option>\n\t<option value='https:\/\/feuerwehr-vorau.at\/site\/2024\/05\/'> Mai 2024 <\/option>\n\t<option value='https:\/\/feuerwehr-vorau.at\/site\/2024\/04\/'> April 2024 <\/option>\n\t<option value='https:\/\/feuerwehr-vorau.at\/site\/2024\/03\/'> M\u00e4rz 2024 <\/option>\n\t<option value='https:\/\/feuerwehr-vorau.at\/site\/2024\/02\/'> Februar 2024 <\/option>\n\t<option value='https:\/\/feuerwehr-vorau.at\/site\/2024\/01\/'> Januar 2024 <\/option>\n\t<option value='https:\/\/feuerwehr-vorau.at\/site\/2023\/12\/'> Dezember 2023 <\/option>\n\t<option value='https:\/\/feuerwehr-vorau.at\/site\/2023\/11\/'> November 2023 <\/option>\n\t<option value='https:\/\/feuerwehr-vorau.at\/site\/2023\/10\/'> Oktober 2023 <\/option>\n\t<option value='https:\/\/feuerwehr-vorau.at\/site\/2023\/09\/'> September 2023 <\/option>\n\t<option value='https:\/\/feuerwehr-vorau.at\/site\/2023\/08\/'> August 2023 <\/option>\n\t<option value='https:\/\/feuerwehr-vorau.at\/site\/2023\/07\/'> Juli 2023 <\/option>\n\t<option value='https:\/\/feuerwehr-vorau.at\/site\/2023\/06\/'> Juni 2023 <\/option>\n\t<option value='https:\/\/feuerwehr-vorau.at\/site\/2023\/05\/'> Mai 2023 <\/option>\n\t<option value='https:\/\/feuerwehr-vorau.at\/site\/2023\/04\/'> April 2023 <\/option>\n\t<option value='https:\/\/feuerwehr-vorau.at\/site\/2023\/03\/'> M\u00e4rz 2023 <\/option>\n\t<option value='https:\/\/feuerwehr-vorau.at\/site\/2023\/02\/'> Februar 2023 <\/option>\n\t<option value='https:\/\/feuerwehr-vorau.at\/site\/2023\/01\/'> Januar 2023 <\/option>\n\t<option value='https:\/\/feuerwehr-vorau.at\/site\/2022\/12\/'> Dezember 2022 <\/option>\n\t<option value='https:\/\/feuerwehr-vorau.at\/site\/2022\/11\/'> November 2022 <\/option>\n\t<option value='https:\/\/feuerwehr-vorau.at\/site\/2022\/10\/'> Oktober 2022 <\/option>\n\t<option value='https:\/\/feuerwehr-vorau.at\/site\/2022\/09\/'> September 2022 <\/option>\n\t<option value='https:\/\/feuerwehr-vorau.at\/site\/2022\/08\/'> August 2022 <\/option>\n\t<option value='https:\/\/feuerwehr-vorau.at\/site\/2022\/07\/'> Juli 2022 <\/option>\n<\/select><script>\n( ( [ dropdownId, homeUrl ] ) => {\n\t\tconst dropdown = document.getElementById( dropdownId );\n\t\tfunction onSelectChange() {\n\t\t\tsetTimeout( () => {\n\t\t\t\tif ( 'escape' === dropdown.dataset.lastkey ) {\n\t\t\t\t\treturn;\n\t\t\t\t}\n\t\t\t\tif ( dropdown.value ) {\n\t\t\t\t\tlocation.href = dropdown.value;\n\t\t\t\t}\n\t\t\t}, 250 );\n\t\t}\n\t\tfunction onKeyUp( event ) {\n\t\t\tif ( 'Escape' === event.key ) {\n\t\t\t\tdropdown.dataset.lastkey = 'escape';\n\t\t\t} else {\n\t\t\t\tdelete dropdown.dataset.lastkey;\n\t\t\t}\n\t\t}\n\t\tfunction onClick() {\n\t\t\tdelete dropdown.dataset.lastkey;\n\t\t}\n\t\tdropdown.addEventListener( 'keyup', onKeyUp );\n\t\tdropdown.addEventListener( 'click', onClick );\n\t\tdropdown.addEventListener( 'change', onSelectChange );\n\t} )( [\"wp-block-archives-1\",\"https:\/\/feuerwehr-vorau.at\/site\"] );\n\/\/# sourceURL=block_core_archives_build_dropdown_script\n<\/script>\n<\/div><\/div>\t\t\t\t<\/div>\n\t\t\t\t<\/div>\n\t\t<div class=\"elementor-element elementor-element-cbbb719 e-con-full e-flex e-con e-child\" data-id=\"cbbb719\" data-element_type=\"container\" data-e-type=\"container\">\n\t\t\t\t<div class=\"elementor-element elementor-element-7311719 elementor-widget elementor-widget-sidebar\" data-id=\"7311719\" data-element_type=\"widget\" data-e-type=\"widget\" data-widget_type=\"sidebar.default\">\n\t\t\t\t<div class=\"elementor-widget-container\">\n\t\t\t\t\t<div id=\"is_widget-2\" class=\"et_pb_widget widget_is_search widget_search\"><form  class=\"is-search-form is-form-style is-form-style-3 is-form-id-3660 \" action=\"https:\/\/feuerwehr-vorau.at\/site\/\" method=\"get\" role=\"search\" ><label for=\"is-search-input-3660\"><span class=\"is-screen-reader-text\">Search for:<\/span><input  type=\"search\" id=\"is-search-input-3660\" name=\"s\" value=\"\" class=\"is-search-input\" placeholder=\"Hier Suchen...\" autocomplete=off \/><\/label><button type=\"submit\" class=\"is-search-submit\"><span class=\"is-screen-reader-text\">Search Button<\/span><span class=\"is-search-icon\"><svg focusable=\"false\" aria-label=\"Search\" xmlns=\"http:\/\/www.w3.org\/2000\/svg\" viewBox=\"0 0 24 24\" width=\"24px\"><path d=\"M15.5 14h-.79l-.28-.27C15.41 12.59 16 11.11 16 9.5 16 5.91 13.09 3 9.5 3S3 5.91 3 9.5 5.91 16 9.5 16c1.61 0 3.09-.59 4.23-1.57l.27.28v.79l5 4.99L20.49 19l-4.99-5zm-6 0C7.01 14 5 11.99 5 9.5S7.01 5 9.5 5 14 7.01 14 9.5 11.99 14 9.5 14z\"><\/path><\/svg><\/span><\/button><input type=\"hidden\" name=\"id\" value=\"3660\" \/><input type=\"hidden\" name=\"post_type\" value=\"post\" \/><\/form><\/div>\t\t\t\t<\/div>\n\t\t\t\t<\/div>\n\t\t\t\t<\/div>\n\t\t\t\t\t<\/div>\n\t\t\t\t<\/div>\n\t\t<div class=\"elementor-element elementor-element-adf358b e-flex e-con-boxed e-con e-parent\" data-id=\"adf358b\" data-element_type=\"container\" data-e-type=\"container\">\n\t\t\t\t\t<div class=\"e-con-inner\">\n\t\t\t\t<div class=\"elementor-element elementor-element-3be1382 elementor-posts--align-left elementor-widget__width-initial elementor-grid-3 elementor-grid-tablet-2 elementor-grid-mobile-1 elementor-posts--thumbnail-top elementor-posts__hover-gradient elementor-widget elementor-widget-posts\" data-id=\"3be1382\" data-element_type=\"widget\" data-e-type=\"widget\" data-settings=\"{&quot;cards_row_gap&quot;:{&quot;unit&quot;:&quot;px&quot;,&quot;size&quot;:80,&quot;sizes&quot;:[]},&quot;cards_row_gap_tablet&quot;:{&quot;unit&quot;:&quot;px&quot;,&quot;size&quot;:71,&quot;sizes&quot;:[]},&quot;cards_row_gap_mobile&quot;:{&quot;unit&quot;:&quot;px&quot;,&quot;size&quot;:30,&quot;sizes&quot;:[]},&quot;pagination_type&quot;:&quot;numbers&quot;,&quot;cards_columns&quot;:&quot;3&quot;,&quot;cards_columns_tablet&quot;:&quot;2&quot;,&quot;cards_columns_mobile&quot;:&quot;1&quot;}\" data-widget_type=\"posts.cards\">\n\t\t\t\t<div class=\"elementor-widget-container\">\n\t\t\t\t\t\t\t<div class=\"elementor-posts-container elementor-posts elementor-posts--skin-cards elementor-grid\" role=\"list\">\n\t\t\t\t<article class=\"elementor-post elementor-grid-item post-6510 post type-post status-publish format-standard has-post-thumbnail hentry category-uebungen\" role=\"listitem\">\n\t\t\t<div class=\"elementor-post__card\">\n\t\t\t\t<a class=\"elementor-post__thumbnail__link\" href=\"https:\/\/feuerwehr-vorau.at\/site\/waldbrand-basisausbildung\/\" tabindex=\"-1\" ><div class=\"elementor-post__thumbnail\"><img fetchpriority=\"high\" fetchpriority=\"high\" decoding=\"async\" width=\"1280\" height=\"960\" src=\"https:\/\/feuerwehr-vorau.at\/site\/wp-content\/uploads\/2026\/08\/waldbrand_basis_03_1280x.jpg\" class=\"attachment-full size-full wp-image-6511\" alt=\"\" srcset=\"https:\/\/feuerwehr-vorau.at\/site\/wp-content\/uploads\/2026\/08\/waldbrand_basis_03_1280x-1280x720.jpg 1280w, https:\/\/feuerwehr-vorau.at\/site\/wp-content\/uploads\/2026\/08\/waldbrand_basis_03_1280x-980x551.jpg 980w, https:\/\/feuerwehr-vorau.at\/site\/wp-content\/uploads\/2026\/08\/waldbrand_basis_03_1280x-480x270.jpg 480w\" sizes=\"(min-width: 0px) and (max-width: 480px) 480px, (min-width: 481px) and (max-width: 980px) 980px, (min-width: 981px) and (max-width: 1280px) 1280px, 100vw\" \/><\/div><\/a>\n\t\t\t\t<div class=\"elementor-post__badge\">\u00dcbungen<\/div>\n\t\t\t\t<div class=\"elementor-post__text\">\n\t\t\t\t<h4 class=\"elementor-post__title\">\n\t\t\t<a href=\"https:\/\/feuerwehr-vorau.at\/site\/waldbrand-basisausbildung\/\" >\n\t\t\t\tWaldbrand Basisausbildung\t\t\t<\/a>\n\t\t<\/h4>\n\t\t\t\t<div class=\"elementor-post__excerpt\">\n\t\t\t<p>Am Samstag dem 29. August fand die zweite Waldbrand-Basisausbildung 2026 f\u00fcr die Feuerwehren des Abschnitts 5 statt. Die Ausbildung ist<\/p>\n\t\t<\/div>\n\t\t\t\t\t<div class=\"elementor-post__read-more-wrapper\">\n\t\t\n\t\t<a class=\"elementor-post__read-more\" href=\"https:\/\/feuerwehr-vorau.at\/site\/waldbrand-basisausbildung\/\" aria-label=\"Mehr \u00fcber Waldbrand Basisausbildung\" tabindex=\"-1\" >\n\t\t\tMehr Lesen\t\t<\/a>\n\n\t\t\t\t\t<\/div>\n\t\t\t\t<\/div>\n\t\t\t\t<div class=\"elementor-post__meta-data\">\n\t\t\t\t\t<span class=\"elementor-post-date\">\n\t\t\t30. August 2026\t\t<\/span>\n\t\t\t\t<\/div>\n\t\t\t\t\t<\/div>\n\t\t<\/article>\n\t\t\t\t<article class=\"elementor-post elementor-grid-item post-6502 post type-post status-publish format-standard has-post-thumbnail hentry category-einsaetze\" role=\"listitem\">\n\t\t\t<div class=\"elementor-post__card\">\n\t\t\t\t<a class=\"elementor-post__thumbnail__link\" href=\"https:\/\/feuerwehr-vorau.at\/site\/fahrzeugbergung-in-riegersberg-11\/\" tabindex=\"-1\" ><div class=\"elementor-post__thumbnail\"><img decoding=\"async\" width=\"1280\" height=\"960\" src=\"https:\/\/feuerwehr-vorau.at\/site\/wp-content\/uploads\/2026\/08\/vu_riegersberg_01_1280x.jpg\" class=\"attachment-full size-full wp-image-6504\" alt=\"\" srcset=\"https:\/\/feuerwehr-vorau.at\/site\/wp-content\/uploads\/2026\/08\/vu_riegersberg_01_1280x-1280x720.jpg 1280w, https:\/\/feuerwehr-vorau.at\/site\/wp-content\/uploads\/2026\/08\/vu_riegersberg_01_1280x-980x551.jpg 980w, https:\/\/feuerwehr-vorau.at\/site\/wp-content\/uploads\/2026\/08\/vu_riegersberg_01_1280x-480x270.jpg 480w\" sizes=\"(min-width: 0px) and (max-width: 480px) 480px, (min-width: 481px) and (max-width: 980px) 980px, (min-width: 981px) and (max-width: 1280px) 1280px, 100vw\" \/><\/div><\/a>\n\t\t\t\t<div class=\"elementor-post__badge\">Eins\u00e4tze<\/div>\n\t\t\t\t<div class=\"elementor-post__text\">\n\t\t\t\t<h4 class=\"elementor-post__title\">\n\t\t\t<a href=\"https:\/\/feuerwehr-vorau.at\/site\/fahrzeugbergung-in-riegersberg-11\/\" >\n\t\t\t\tFahrzeugbergung in Riegersberg\t\t\t<\/a>\n\t\t<\/h4>\n\t\t\t\t<div class=\"elementor-post__excerpt\">\n\t\t\t<p>Am Mittwoch, dem 21.08.2026 wurde die Feuerwehr Vorau um 18:21 Uhr mit stillem Alarm zu einer Fahrzeugbergung im Ortsteil Riegersberg,<\/p>\n\t\t<\/div>\n\t\t\t\t\t<div class=\"elementor-post__read-more-wrapper\">\n\t\t\n\t\t<a class=\"elementor-post__read-more\" href=\"https:\/\/feuerwehr-vorau.at\/site\/fahrzeugbergung-in-riegersberg-11\/\" aria-label=\"Mehr \u00fcber Fahrzeugbergung in Riegersberg\" tabindex=\"-1\" >\n\t\t\tMehr Lesen\t\t<\/a>\n\n\t\t\t\t\t<\/div>\n\t\t\t\t<\/div>\n\t\t\t\t<div class=\"elementor-post__meta-data\">\n\t\t\t\t\t<span class=\"elementor-post-date\">\n\t\t\t28. August 2026\t\t<\/span>\n\t\t\t\t<\/div>\n\t\t\t\t\t<\/div>\n\t\t<\/article>\n\t\t\t\t<article class=\"elementor-post elementor-grid-item post-6493 post type-post status-publish format-standard has-post-thumbnail hentry category-einsaetze\" role=\"listitem\">\n\t\t\t<div class=\"elementor-post__card\">\n\t\t\t\t<a class=\"elementor-post__thumbnail__link\" href=\"https:\/\/feuerwehr-vorau.at\/site\/verkehrsunfall-auf-der-l405-7\/\" tabindex=\"-1\" ><div class=\"elementor-post__thumbnail\"><img decoding=\"async\" width=\"1600\" height=\"1200\" src=\"https:\/\/feuerwehr-vorau.at\/site\/wp-content\/uploads\/2026\/08\/Titel.jpeg\" class=\"attachment-full size-full wp-image-6497\" alt=\"\" srcset=\"https:\/\/feuerwehr-vorau.at\/site\/wp-content\/uploads\/2026\/08\/Titel.jpeg 1600w, https:\/\/feuerwehr-vorau.at\/site\/wp-content\/uploads\/2026\/08\/Titel-1280x960.jpeg 1280w, https:\/\/feuerwehr-vorau.at\/site\/wp-content\/uploads\/2026\/08\/Titel-980x735.jpeg 980w, https:\/\/feuerwehr-vorau.at\/site\/wp-content\/uploads\/2026\/08\/Titel-480x360.jpeg 480w\" sizes=\"(min-width: 0px) and (max-width: 480px) 480px, (min-width: 481px) and (max-width: 980px) 980px, (min-width: 981px) and (max-width: 1280px) 1280px, (min-width: 1281px) 1600px, 100vw\" \/><\/div><\/a>\n\t\t\t\t<div class=\"elementor-post__badge\">Eins\u00e4tze<\/div>\n\t\t\t\t<div class=\"elementor-post__text\">\n\t\t\t\t<h4 class=\"elementor-post__title\">\n\t\t\t<a href=\"https:\/\/feuerwehr-vorau.at\/site\/verkehrsunfall-auf-der-l405-7\/\" >\n\t\t\t\tVerkehrsunfall auf der L405\t\t\t<\/a>\n\t\t<\/h4>\n\t\t\t\t<div class=\"elementor-post__excerpt\">\n\t\t\t<p>Am Sonntag, dem 23.08.2026 wurden wir um 15:10 Uhr mit stillem Alarm zu einem Verkehrsunfall auf der L405 in Vornholz<\/p>\n\t\t<\/div>\n\t\t\t\t\t<div class=\"elementor-post__read-more-wrapper\">\n\t\t\n\t\t<a class=\"elementor-post__read-more\" href=\"https:\/\/feuerwehr-vorau.at\/site\/verkehrsunfall-auf-der-l405-7\/\" aria-label=\"Mehr \u00fcber Verkehrsunfall auf der L405\" tabindex=\"-1\" >\n\t\t\tMehr Lesen\t\t<\/a>\n\n\t\t\t\t\t<\/div>\n\t\t\t\t<\/div>\n\t\t\t\t<div class=\"elementor-post__meta-data\">\n\t\t\t\t\t<span class=\"elementor-post-date\">\n\t\t\t23. August 2026\t\t<\/span>\n\t\t\t\t<\/div>\n\t\t\t\t\t<\/div>\n\t\t<\/article>\n\t\t\t\t<article class=\"elementor-post elementor-grid-item post-6486 post type-post status-publish format-standard has-post-thumbnail hentry category-einsaetze\" role=\"listitem\">\n\t\t\t<div class=\"elementor-post__card\">\n\t\t\t\t<a class=\"elementor-post__thumbnail__link\" href=\"https:\/\/feuerwehr-vorau.at\/site\/rauchentwicklung-im-umspannwerk-schachen\/\" tabindex=\"-1\" ><div class=\"elementor-post__thumbnail\"><img loading=\"lazy\" loading=\"lazy\" decoding=\"async\" width=\"1280\" height=\"960\" src=\"https:\/\/feuerwehr-vorau.at\/site\/wp-content\/uploads\/2026\/08\/bma_01.jpg\" class=\"attachment-full size-full wp-image-6489\" alt=\"\" srcset=\"https:\/\/feuerwehr-vorau.at\/site\/wp-content\/uploads\/2026\/08\/bma_01.jpg 1280w, https:\/\/feuerwehr-vorau.at\/site\/wp-content\/uploads\/2026\/08\/bma_01-980x735.jpg 980w, https:\/\/feuerwehr-vorau.at\/site\/wp-content\/uploads\/2026\/08\/bma_01-480x360.jpg 480w\" sizes=\"(min-width: 0px) and (max-width: 480px) 480px, (min-width: 481px) and (max-width: 980px) 980px, (min-width: 981px) 1280px, 100vw\" \/><\/div><\/a>\n\t\t\t\t<div class=\"elementor-post__badge\">Eins\u00e4tze<\/div>\n\t\t\t\t<div class=\"elementor-post__text\">\n\t\t\t\t<h4 class=\"elementor-post__title\">\n\t\t\t<a href=\"https:\/\/feuerwehr-vorau.at\/site\/rauchentwicklung-im-umspannwerk-schachen\/\" >\n\t\t\t\tRauchentwicklung im Umspannwerk Schachen\t\t\t<\/a>\n\t\t<\/h4>\n\t\t\t\t<div class=\"elementor-post__excerpt\">\n\t\t\t<p>Am Mittwoch, dem 19.08.2026 wurde die Feuerwehr Vorau um 19:28 Uhr mit Sirenenalarm zu einem Brandmeldealarm im Umspannwerk Schachen, im<\/p>\n\t\t<\/div>\n\t\t\t\t\t<div class=\"elementor-post__read-more-wrapper\">\n\t\t\n\t\t<a class=\"elementor-post__read-more\" href=\"https:\/\/feuerwehr-vorau.at\/site\/rauchentwicklung-im-umspannwerk-schachen\/\" aria-label=\"Mehr \u00fcber Rauchentwicklung im Umspannwerk Schachen\" tabindex=\"-1\" >\n\t\t\tMehr Lesen\t\t<\/a>\n\n\t\t\t\t\t<\/div>\n\t\t\t\t<\/div>\n\t\t\t\t<div class=\"elementor-post__meta-data\">\n\t\t\t\t\t<span class=\"elementor-post-date\">\n\t\t\t20. August 2026\t\t<\/span>\n\t\t\t\t<\/div>\n\t\t\t\t\t<\/div>\n\t\t<\/article>\n\t\t\t\t<article class=\"elementor-post elementor-grid-item post-6474 post type-post status-publish format-standard has-post-thumbnail hentry category-sonstiges\" role=\"listitem\">\n\t\t\t<div class=\"elementor-post__card\">\n\t\t\t\t<a class=\"elementor-post__thumbnail__link\" href=\"https:\/\/feuerwehr-vorau.at\/site\/gemeinsame-geburtstagsfeier-4\/\" tabindex=\"-1\" ><div class=\"elementor-post__thumbnail\"><img loading=\"lazy\" loading=\"lazy\" decoding=\"async\" width=\"1024\" height=\"771\" src=\"https:\/\/feuerwehr-vorau.at\/site\/wp-content\/uploads\/2026\/08\/geburtstage_08_1024x.jpg\" class=\"attachment-full size-full wp-image-6481\" alt=\"\" srcset=\"https:\/\/feuerwehr-vorau.at\/site\/wp-content\/uploads\/2026\/08\/geburtstage_08_1024x.jpg 1024w, https:\/\/feuerwehr-vorau.at\/site\/wp-content\/uploads\/2026\/08\/geburtstage_08_1024x-980x738.jpg 980w, https:\/\/feuerwehr-vorau.at\/site\/wp-content\/uploads\/2026\/08\/geburtstage_08_1024x-480x361.jpg 480w\" sizes=\"(min-width: 0px) and (max-width: 480px) 480px, (min-width: 481px) and (max-width: 980px) 980px, (min-width: 981px) 1024px, 100vw\" \/><\/div><\/a>\n\t\t\t\t<div class=\"elementor-post__badge\">Sonstiges<\/div>\n\t\t\t\t<div class=\"elementor-post__text\">\n\t\t\t\t<h4 class=\"elementor-post__title\">\n\t\t\t<a href=\"https:\/\/feuerwehr-vorau.at\/site\/gemeinsame-geburtstagsfeier-4\/\" >\n\t\t\t\tGemeinsame Geburtstagsfeier\t\t\t<\/a>\n\t\t<\/h4>\n\t\t\t\t<div class=\"elementor-post__excerpt\">\n\t\t\t<p>Traditionell am 14. August fand wieder unsere diesj\u00e4hrige Geburtstagsfeier f\u00fcr alle runden Jubilare der Feuerwehr Vorau statt.Im heurigen Jahr durften<\/p>\n\t\t<\/div>\n\t\t\t\t\t<div class=\"elementor-post__read-more-wrapper\">\n\t\t\n\t\t<a class=\"elementor-post__read-more\" href=\"https:\/\/feuerwehr-vorau.at\/site\/gemeinsame-geburtstagsfeier-4\/\" aria-label=\"Mehr \u00fcber Gemeinsame Geburtstagsfeier\" tabindex=\"-1\" >\n\t\t\tMehr Lesen\t\t<\/a>\n\n\t\t\t\t\t<\/div>\n\t\t\t\t<\/div>\n\t\t\t\t<div class=\"elementor-post__meta-data\">\n\t\t\t\t\t<span class=\"elementor-post-date\">\n\t\t\t17. August 2026\t\t<\/span>\n\t\t\t\t<\/div>\n\t\t\t\t\t<\/div>\n\t\t<\/article>\n\t\t\t\t<article class=\"elementor-post elementor-grid-item post-6468 post type-post status-publish format-standard has-post-thumbnail hentry category-sonstiges\" role=\"listitem\">\n\t\t\t<div class=\"elementor-post__card\">\n\t\t\t\t<a class=\"elementor-post__thumbnail__link\" href=\"https:\/\/feuerwehr-vorau.at\/site\/hfm-markus-kernbauer-ist-30\/\" tabindex=\"-1\" ><div class=\"elementor-post__thumbnail\"><img loading=\"lazy\" loading=\"lazy\" decoding=\"async\" width=\"1600\" height=\"1200\" src=\"https:\/\/feuerwehr-vorau.at\/site\/wp-content\/uploads\/2026\/08\/WhatsApp-Image-2026-08-10-at-07.06.00.jpeg\" class=\"attachment-full size-full wp-image-6469\" alt=\"\" srcset=\"https:\/\/feuerwehr-vorau.at\/site\/wp-content\/uploads\/2026\/08\/WhatsApp-Image-2026-08-10-at-07.06.00.jpeg 1600w, https:\/\/feuerwehr-vorau.at\/site\/wp-content\/uploads\/2026\/08\/WhatsApp-Image-2026-08-10-at-07.06.00-1280x960.jpeg 1280w, https:\/\/feuerwehr-vorau.at\/site\/wp-content\/uploads\/2026\/08\/WhatsApp-Image-2026-08-10-at-07.06.00-980x735.jpeg 980w, https:\/\/feuerwehr-vorau.at\/site\/wp-content\/uploads\/2026\/08\/WhatsApp-Image-2026-08-10-at-07.06.00-480x360.jpeg 480w\" sizes=\"(min-width: 0px) and (max-width: 480px) 480px, (min-width: 481px) and (max-width: 980px) 980px, (min-width: 981px) and (max-width: 1280px) 1280px, (min-width: 1281px) 1600px, 100vw\" \/><\/div><\/a>\n\t\t\t\t<div class=\"elementor-post__badge\">Sonstiges<\/div>\n\t\t\t\t<div class=\"elementor-post__text\">\n\t\t\t\t<h4 class=\"elementor-post__title\">\n\t\t\t<a href=\"https:\/\/feuerwehr-vorau.at\/site\/hfm-markus-kernbauer-ist-30\/\" >\n\t\t\t\tHFM Markus Kernbauer ist 30\t\t\t<\/a>\n\t\t<\/h4>\n\t\t\t\t<div class=\"elementor-post__excerpt\">\n\t\t\t<p>Am Sonntag, dem 09.08.2026 feierte unser Kamerad HFM Markus Kernbauer seinen 30. Geburtstag. Aus diesem Anlass durften wir ihm unseren<\/p>\n\t\t<\/div>\n\t\t\t\t\t<div class=\"elementor-post__read-more-wrapper\">\n\t\t\n\t\t<a class=\"elementor-post__read-more\" href=\"https:\/\/feuerwehr-vorau.at\/site\/hfm-markus-kernbauer-ist-30\/\" aria-label=\"Mehr \u00fcber HFM Markus Kernbauer ist 30\" tabindex=\"-1\" >\n\t\t\tMehr Lesen\t\t<\/a>\n\n\t\t\t\t\t<\/div>\n\t\t\t\t<\/div>\n\t\t\t\t<div class=\"elementor-post__meta-data\">\n\t\t\t\t\t<span class=\"elementor-post-date\">\n\t\t\t10. August 2026\t\t<\/span>\n\t\t\t\t<\/div>\n\t\t\t\t\t<\/div>\n\t\t<\/article>\n\t\t\t\t<\/div>\n\t\t\n\t\t\t\t<div class=\"e-load-more-anchor\" data-page=\"1\" data-max-page=\"63\" data-next-page=\"https:\/\/feuerwehr-vorau.at\/site\/wp-json\/wp\/v2\/pages\/3512\/page\/2\/\"><\/div>\n\t\t\t\t<nav class=\"elementor-pagination\" aria-label=\"Seitennummerierung\">\n\t\t\t<span aria-current=\"page\" class=\"page-numbers current\"><span class=\"elementor-screen-only\">Seite<\/span>1<\/span>\n<a class=\"page-numbers\" href=\"https:\/\/feuerwehr-vorau.at\/site\/wp-json\/wp\/v2\/pages\/3512\/page\/2\/\"><span class=\"elementor-screen-only\">Seite<\/span>2<\/a>\n<a class=\"page-numbers\" href=\"https:\/\/feuerwehr-vorau.at\/site\/wp-json\/wp\/v2\/pages\/3512\/page\/3\/\"><span class=\"elementor-screen-only\">Seite<\/span>3<\/a>\n<a class=\"page-numbers\" href=\"https:\/\/feuerwehr-vorau.at\/site\/wp-json\/wp\/v2\/pages\/3512\/page\/4\/\"><span class=\"elementor-screen-only\">Seite<\/span>4<\/a>\n<a class=\"page-numbers\" href=\"https:\/\/feuerwehr-vorau.at\/site\/wp-json\/wp\/v2\/pages\/3512\/page\/5\/\"><span class=\"elementor-screen-only\">Seite<\/span>5<\/a>\t\t<\/nav>\n\t\t\t\t\t\t<\/div>\n\t\t\t\t<\/div>\n\t\t\t\t\t<\/div>\n\t\t\t\t<\/div>\n\t\t\t\t<\/div>\n\t\t","protected":false},"excerpt":{"rendered":"<p>ZUM NAVIGIEREN IM ARCHIV DEN GEW\u00dcNSCHTEN MONAT AUSW\u00c4HLEN Alle Beitr\u00e4ge<\/p>\n","protected":false},"author":2,"featured_media":2787,"parent":0,"menu_order":0,"comment_status":"closed","ping_status":"closed","template":"","meta":{"_et_pb_use_builder":"on","_et_pb_old_content":"<!-- wp:latest-posts {\"displayPostContent\":true,\"displayPostDate\":true,\"postLayout\":\"grid\",\"displayFeaturedImage\":true,\"addLinkToFeaturedImage\":true} \/-->","_et_gb_content_width":"","inline_featured_image":false,"_vp_format_video_url":"","_vp_image_focal_point":{"x":0.63000000000000000444089209850062616169452667236328125,"y":0.60999999999999998667732370449812151491641998291015625},"footnotes":""},"class_list":["post-3512","page","type-page","status-publish","has-post-thumbnail","hentry"],"_links":{"self":[{"href":"https:\/\/feuerwehr-vorau.at\/site\/wp-json\/wp\/v2\/pages\/3512","targetHints":{"allow":["GET"]}}],"collection":[{"href":"https:\/\/feuerwehr-vorau.at\/site\/wp-json\/wp\/v2\/pages"}],"about":[{"href":"https:\/\/feuerwehr-vorau.at\/site\/wp-json\/wp\/v2\/types\/page"}],"author":[{"embeddable":true,"href":"https:\/\/feuerwehr-vorau.at\/site\/wp-json\/wp\/v2\/users\/2"}],"replies":[{"embeddable":true,"href":"https:\/\/feuerwehr-vorau.at\/site\/wp-json\/wp\/v2\/comments?post=3512"}],"version-history":[{"count":0,"href":"https:\/\/feuerwehr-vorau.at\/site\/wp-json\/wp\/v2\/pages\/3512\/revisions"}],"wp:featuredmedia":[{"embeddable":true,"href":"https:\/\/feuerwehr-vorau.at\/site\/wp-json\/wp\/v2\/media\/2787"}],"wp:attachment":[{"href":"https:\/\/feuerwehr-vorau.at\/site\/wp-json\/wp\/v2\/media?parent=3512"}],"curies":[{"name":"wp","href":"https:\/\/api.w.org\/{rel}","templated":true}]}}